{"id":9660,"date":"2023-02-26T20:33:40","date_gmt":"2023-02-26T19:33:40","guid":{"rendered":"https:\/\/br.tereos.com\/?page_id=9660"},"modified":"2023-04-03T15:15:52","modified_gmt":"2023-04-03T13:15:52","slug":"relatorio-de-sustentabilidade-2021-22","status":"publish","type":"page","link":"https:\/\/br.tereos.com\/pt-pt\/sustentabilidade\/relatorio-de-sustentabilidade-2021-22\/","title":{"rendered":"Relat\u00f3rio de Sustentabilidade 2021\/22"},"content":{"rendered":"","protected":false},"excerpt":{"rendered":"","protected":false},"author":278,"featured_media":9668,"parent":9114,"menu_order":0,"comment_status":"closed","ping_status":"closed","template":"page-editorial.php","meta":{"_acf_changed":false,"footnotes":""},"class_list":["post-9660","page","type-page","status-publish","has-post-thumbnail","hentry"],"acf":{"is_story":false,"is_testimonial":false,"cover_mode":"hero","cover_image":9668,"cover_video_clone":{"cover_mode":"hero","cover_image":9668},"subtitle":"","subtitle_clone":{"subtitle":""},"headline":"","headline_clone":{"headline":""},"has_anchors":false,"sections":[{"acf_fc_layout":"title_text","anchor_title":"","title":"Comprometida com a transpar\u00eancia, a Tereos A\u00e7\u00facar &amp; Energia Brasil lan\u00e7a o Relat\u00f3rio de Sustentabilidade da Safra 2021\/2022.","text":"<p>O documento, elaborado conforme as normas da Global Reporting Initiative (GRI), re\u00fane nossos principais resultados durante o per\u00edodo, assim como avan\u00e7os em importantes indicadores ESG.<\/p>\n<p>No Brasil h\u00e1 22 anos, a Tereos investe no processamento de cana-de-a\u00e7\u00facar para produ\u00e7\u00e3o de a\u00e7\u00facar, etanol, bioenergia e coprodutos diversos.<\/p>\n<p>Por meio de um modelo virtuoso de economia circular, aproveitamos ao m\u00e1ximo a mat\u00e9ria-prima agr\u00edcola para desenvolver produtos de alta qualidade e atrelados a uma cadeia produtiva sustent\u00e1vel e respons\u00e1vel de ponta a ponta.<\/p>\n<p>Confira, abaixo, alguns destaques do relat\u00f3rio. Para acessar o documento completo, clique no link abaixo. Boa leitura!<\/p>\n<p><a href=\"https:\/\/tereos.com\/app\/uploads\/sites\/7\/2022\/12\/relatorio-de-sustentabilidade-21-22-tseb.pdf\" target=\"_blank\" rel=\"noopener\"><img loading=\"lazy\" decoding=\"async\" class=\"aligncenter wp-image-9847 size-full\" src=\"https:\/\/tereos.com\/app\/uploads\/sites\/7\/2023\/04\/link-pt-12.png\" alt=\"\" width=\"1921\" height=\"416\" srcset=\"https:\/\/www.tereos.com\/app\/uploads\/sites\/7\/2023\/04\/link-pt-12.png 1921w, https:\/\/www.tereos.com\/app\/uploads\/sites\/7\/2023\/04\/link-pt-12-300x65.png 300w, https:\/\/www.tereos.com\/app\/uploads\/sites\/7\/2023\/04\/link-pt-12-1536x333.png 1536w\" sizes=\"(max-width: 1921px) 100vw, 1921px\" \/><\/a> <a href=\"https:\/\/tereos.com\/app\/uploads\/sites\/7\/2023\/02\/tereos-rs2021-en-20230213.pdf\" target=\"_blank\" rel=\"noopener\"><img loading=\"lazy\" decoding=\"async\" class=\"aligncenter wp-image-9848 size-full\" src=\"https:\/\/tereos.com\/app\/uploads\/sites\/7\/2023\/04\/link-ingles-12.png\" alt=\"\" width=\"1921\" height=\"416\" srcset=\"https:\/\/www.tereos.com\/app\/uploads\/sites\/7\/2023\/04\/link-ingles-12.png 1921w, https:\/\/www.tereos.com\/app\/uploads\/sites\/7\/2023\/04\/link-ingles-12-300x65.png 300w, https:\/\/www.tereos.com\/app\/uploads\/sites\/7\/2023\/04\/link-ingles-12-1536x333.png 1536w\" sizes=\"(max-width: 1921px) 100vw, 1921px\" \/><\/a><\/p>\n"},{"acf_fc_layout":"media","anchor_title":"","type":"image","video":"","image":9831,"caption":"","is_downloadable":false,"items":false},{"acf_fc_layout":"rich_text","anchor_title":"","text":"<p>&nbsp;<\/p>\n<p><img loading=\"lazy\" decoding=\"async\" class=\"aligncenter size-full wp-image-9696\" src=\"https:\/\/tereos.com\/app\/uploads\/sites\/7\/2023\/02\/ativo-3-8.png\" alt=\"\" width=\"1701\" height=\"141\" srcset=\"https:\/\/www.tereos.com\/app\/uploads\/sites\/7\/2023\/02\/ativo-3-8.png 1701w, https:\/\/www.tereos.com\/app\/uploads\/sites\/7\/2023\/02\/ativo-3-8-300x25.png 300w, https:\/\/www.tereos.com\/app\/uploads\/sites\/7\/2023\/02\/ativo-3-8-1536x127.png 1536w\" sizes=\"(max-width: 1701px) 100vw, 1701px\" \/><\/p>\n<table class=\"table\" class=\"aligncenter\" style=\"width: 90.879%;border-collapse: collapse;border-style: hidden\" border=\"1\">\n<tbody>\n<tr style=\"height: 24px\">\n<td style=\"width: 222.875px;height: 24px\"><strong>A\u00e7\u00facar<\/strong><\/td>\n<td style=\"width: 446.25px;height: 24px\">Alimento rico em energia para o Brasil e o mundo<\/td>\n<\/tr>\n<tr style=\"height: 24px\">\n<td style=\"width: 222.875px;height: 24px\"><strong>Etanol<\/strong><\/td>\n<td style=\"width: 446.25px;height: 24px\">Biocombust\u00edvel renov\u00e1vel e menos poluente<\/td>\n<\/tr>\n<tr style=\"height: 24px\">\n<td style=\"width: 222.875px;height: 24px\"><strong>Energia el\u00e9trica renov\u00e1vel<\/strong><\/td>\n<td style=\"width: 446.25px;height: 24px\">A partir do baga\u00e7o da cana-de-a\u00e7\u00facar<\/td>\n<\/tr>\n<tr style=\"height: 24px\">\n<td style=\"width: 222.875px;height: 24px\"><strong>Biog\u00e1s<\/strong><\/td>\n<td style=\"width: 446.25px;height: 24px\">A partir da vinha\u00e7a, que \u00e9 o res\u00edduo da destila\u00e7\u00e3o do etanol<\/td>\n<\/tr>\n<\/tbody>\n<\/table>\n<p>&nbsp;<\/p>\n<p>&nbsp;<\/p>\n<p><img loading=\"lazy\" decoding=\"async\" class=\"aligncenter size-full wp-image-9695\" src=\"https:\/\/tereos.com\/app\/uploads\/sites\/7\/2023\/02\/ativo-2-8.png\" alt=\"\" width=\"1701\" height=\"141\" srcset=\"https:\/\/www.tereos.com\/app\/uploads\/sites\/7\/2023\/02\/ativo-2-8.png 1701w, https:\/\/www.tereos.com\/app\/uploads\/sites\/7\/2023\/02\/ativo-2-8-300x25.png 300w, https:\/\/www.tereos.com\/app\/uploads\/sites\/7\/2023\/02\/ativo-2-8-1536x127.png 1536w\" sizes=\"(max-width: 1701px) 100vw, 1701px\" \/><\/p>\n"},{"acf_fc_layout":"media","anchor_title":"","type":"slider","video":"","image":false,"caption":"","is_downloadable":false,"items":[{"image":9799,"caption":"","is_downloadable":false},{"image":9803,"caption":"","is_downloadable":false},{"image":9801,"caption":"","is_downloadable":false}]},{"acf_fc_layout":"rich_text","anchor_title":"","text":"<p><img loading=\"lazy\" decoding=\"async\" class=\"aligncenter size-full wp-image-9701\" src=\"https:\/\/tereos.com\/app\/uploads\/sites\/7\/2023\/02\/ativo-4-8.png\" alt=\"\" width=\"1701\" height=\"141\" srcset=\"https:\/\/www.tereos.com\/app\/uploads\/sites\/7\/2023\/02\/ativo-4-8.png 1701w, https:\/\/www.tereos.com\/app\/uploads\/sites\/7\/2023\/02\/ativo-4-8-300x25.png 300w, https:\/\/www.tereos.com\/app\/uploads\/sites\/7\/2023\/02\/ativo-4-8-1536x127.png 1536w\" sizes=\"(max-width: 1701px) 100vw, 1701px\" \/><\/p>\n<p>Nossa primeira matriz de materialidade foi constru\u00edda durante a safra 20\/21, seguindo as normas da Global Reporting Initiative (GRI) e considerando os Objetivos de Desenvolvimento Sustent\u00e1vel (ODS) da ONU.<\/p>\n<p>A matriz foi desenvolvida a partir da identifica\u00e7\u00e3o dos oito t\u00f3picos priorit\u00e1rios que impactam a cria\u00e7\u00e3o de valor em curto, m\u00e9dio e longo prazos de acordo com os principais stakeholders (internos e externos) da Companhia.<\/p>\n"},{"acf_fc_layout":"media","anchor_title":"","type":"slider","video":"","image":false,"caption":"","is_downloadable":false,"items":[{"image":9827,"caption":"","is_downloadable":false},{"image":9828,"caption":"","is_downloadable":false},{"image":9829,"caption":"","is_downloadable":false},{"image":9826,"caption":"","is_downloadable":false}]},{"acf_fc_layout":"rich_text","anchor_title":"","text":"<p><img loading=\"lazy\" decoding=\"async\" class=\"aligncenter size-full wp-image-9719\" src=\"https:\/\/tereos.com\/app\/uploads\/sites\/7\/2023\/02\/fornecedores5-8.png\" alt=\"\" width=\"1921\" height=\"453\" srcset=\"https:\/\/www.tereos.com\/app\/uploads\/sites\/7\/2023\/02\/fornecedores5-8.png 1921w, https:\/\/www.tereos.com\/app\/uploads\/sites\/7\/2023\/02\/fornecedores5-8-300x71.png 300w, https:\/\/www.tereos.com\/app\/uploads\/sites\/7\/2023\/02\/fornecedores5-8-1536x362.png 1536w\" sizes=\"(max-width: 1921px) 100vw, 1921px\" \/><\/p>\n<p>&nbsp;<\/p>\n<p><img loading=\"lazy\" decoding=\"async\" class=\"aligncenter size-full wp-image-9709\" src=\"https:\/\/tereos.com\/app\/uploads\/sites\/7\/2023\/02\/fornecedores-8.png\" alt=\"\" width=\"1475\" height=\"101\" srcset=\"https:\/\/www.tereos.com\/app\/uploads\/sites\/7\/2023\/02\/fornecedores-8.png 1475w, https:\/\/www.tereos.com\/app\/uploads\/sites\/7\/2023\/02\/fornecedores-8-300x21.png 300w\" sizes=\"(max-width: 1475px) 100vw, 1475px\" \/><\/p>\n<table class=\"table\" style=\"width: 100%;border-collapse: collapse;border-style: hidden\" border=\"1\">\n<tbody>\n<tr>\n<td style=\"width: 512.5px\">Junto aos nossos fornecedores, trabalhamos desde o campo para garantir a sustentabilidade e o equil\u00edbrio ambiental em nossa produ\u00e7\u00e3o.<\/p>\n<p>Possu\u00edmos cerca de <strong>300 mil hectares para cultivo<\/strong>, sendo <strong>173 mil hectares pr\u00f3prios<\/strong> e <strong>122 mil de produtores<\/strong> parceiros. Sendo assim, mais de 49% da mat\u00e9ria-prima vem de uma atua\u00e7\u00e3o pr\u00f3xima com aproximadamente 700 fornecedores locais.<\/p>\n<p>Para refor\u00e7ar os la\u00e7os com os parceiros, contamos com o programa Amigo Produtor, que se baseia no relacionamento pr\u00f3ximos com nossos produtores, oferta de benef\u00edcios exclusivos aos participantes e consultoria personalizada.<\/td>\n<td style=\"width: 512.5px\"><img loading=\"lazy\" decoding=\"async\" class=\"aligncenter size-full wp-image-9715\" src=\"https:\/\/tereos.com\/app\/uploads\/sites\/7\/2023\/02\/fornecedores-2-8.png\" alt=\"\" width=\"1152\" height=\"1085\" srcset=\"https:\/\/www.tereos.com\/app\/uploads\/sites\/7\/2023\/02\/fornecedores-2-8.png 1152w, https:\/\/www.tereos.com\/app\/uploads\/sites\/7\/2023\/02\/fornecedores-2-8-300x283.png 300w\" sizes=\"(max-width: 1152px) 100vw, 1152px\" \/><\/td>\n<\/tr>\n<tr>\n<td style=\"width: 512.5px\"><img loading=\"lazy\" decoding=\"async\" class=\"aligncenter size-full wp-image-9734\" src=\"https:\/\/tereos.com\/app\/uploads\/sites\/7\/2023\/02\/ilustracao-bioeletricidade-8.png\" alt=\"\" width=\"734\" height=\"705\" srcset=\"https:\/\/www.tereos.com\/app\/uploads\/sites\/7\/2023\/02\/ilustracao-bioeletricidade-8.png 734w, https:\/\/www.tereos.com\/app\/uploads\/sites\/7\/2023\/02\/ilustracao-bioeletricidade-8-300x288.png 300w\" sizes=\"(max-width: 734px) 100vw, 734px\" \/><\/td>\n<td style=\"width: 512.5px\"><img loading=\"lazy\" decoding=\"async\" class=\"alignleft wp-image-9727 size-full\" src=\"https:\/\/tereos.com\/app\/uploads\/sites\/7\/2023\/02\/bioeletricidade-8.png\" alt=\"\" width=\"649\" height=\"101\" srcset=\"https:\/\/www.tereos.com\/app\/uploads\/sites\/7\/2023\/02\/bioeletricidade-8.png 649w, https:\/\/www.tereos.com\/app\/uploads\/sites\/7\/2023\/02\/bioeletricidade-8-300x47.png 300w\" sizes=\"(max-width: 649px) 100vw, 649px\" \/><\/p>\n<p>&nbsp;<\/p>\n<p>&nbsp;<\/p>\n<p>No segmento de bioeletricidade, somos autossuficientes e produzimos energia el\u00e9trica necess\u00e1ria para abastecer o consumo de todas as nossas unidades industriais a partir da queima do baga\u00e7o da cana. O excedente \u00e9 comercializado ou doado. No ciclo 21\/22, geramos 1.209 GWh de energia.<\/p>\n<p>Al\u00e9m disso, ampliamos nossa capacidade de produ\u00e7\u00e3o de energia limpa em 2022 com a implanta\u00e7\u00e3o da primeira planta de biog\u00e1s da Tereos na Unidade Cruz Alta, em Ol\u00edmpia (SP). <strong>O projeto, com investimento de R$ 15 milh\u00f5es, tem capacidade de produ\u00e7\u00e3o de 1MW.<\/strong><\/p>\n<p>A planta tamb\u00e9m est\u00e1 em prepara\u00e7\u00e3o para produzir biometano, uma alternativa aos combust\u00edveis f\u00f3sseis para abastecimento da frota canavieira.<\/td>\n<\/tr>\n<tr>\n<td style=\"width: 512.5px\"><img loading=\"lazy\" decoding=\"async\" class=\"aligncenter size-full wp-image-9726\" src=\"https:\/\/tereos.com\/app\/uploads\/sites\/7\/2023\/02\/menor-consumo-8.png\" alt=\"\" width=\"717\" height=\"101\" srcset=\"https:\/\/www.tereos.com\/app\/uploads\/sites\/7\/2023\/02\/menor-consumo-8.png 717w, https:\/\/www.tereos.com\/app\/uploads\/sites\/7\/2023\/02\/menor-consumo-8-300x42.png 300w\" sizes=\"(max-width: 717px) 100vw, 717px\" \/><\/p>\n<p>Em consumo de \u00e1gua, a Tereos investe em pr\u00e1ticas eficientes e, em 21\/22, <strong>atingimos 12% de redu\u00e7\u00e3o em rela\u00e7\u00e3o ao ano-base 17-18.<\/strong> A meta \u00e9 que, at\u00e9 2030, a redu\u00e7\u00e3o chegue a 21,5%.<\/p>\n<p>Tamb\u00e9m temos compromissos relacionados \u00e0 gest\u00e3o de efluentes \u2013 durante a safra, foram disponibilizados R$1,8 milh\u00e3o para esse tipo de monitoramento.<\/td>\n<td style=\"width: 512.5px\"><img loading=\"lazy\" decoding=\"async\" class=\"aligncenter size-full wp-image-9733\" src=\"https:\/\/tereos.com\/app\/uploads\/sites\/7\/2023\/02\/ilustracao-consumo-agua-8.png\" alt=\"\" width=\"763\" height=\"695\" srcset=\"https:\/\/www.tereos.com\/app\/uploads\/sites\/7\/2023\/02\/ilustracao-consumo-agua-8.png 763w, https:\/\/www.tereos.com\/app\/uploads\/sites\/7\/2023\/02\/ilustracao-consumo-agua-8-300x273.png 300w\" sizes=\"(max-width: 763px) 100vw, 763px\" \/><\/td>\n<\/tr>\n<\/tbody>\n<\/table>\n<p>&nbsp;<\/p>\n<p>&nbsp;<\/p>\n"},{"acf_fc_layout":"rich_text","anchor_title":"","text":"<p><img loading=\"lazy\" decoding=\"async\" class=\"aligncenter size-full wp-image-9740\" src=\"https:\/\/tereos.com\/app\/uploads\/sites\/7\/2023\/02\/ativo-13-8.png\" alt=\"\" width=\"1024\" height=\"101\" srcset=\"https:\/\/www.tereos.com\/app\/uploads\/sites\/7\/2023\/02\/ativo-13-8.png 1024w, https:\/\/www.tereos.com\/app\/uploads\/sites\/7\/2023\/02\/ativo-13-8-300x30.png 300w\" sizes=\"(max-width: 1024px) 100vw, 1024px\" \/><\/p>\n<p><strong>Sabemos que as pr\u00e1ticas sustent\u00e1veis que implantamos hoje impactam diretamente no que iremos colher, por isso nossos processos s\u00e3o certificados nacional e internacionalmente.<\/strong><\/p>\n<p><img loading=\"lazy\" decoding=\"async\" class=\"aligncenter size-full wp-image-9731\" src=\"https:\/\/tereos.com\/app\/uploads\/sites\/7\/2023\/02\/tabela-8.png\" alt=\"\" width=\"1921\" height=\"1009\" srcset=\"https:\/\/www.tereos.com\/app\/uploads\/sites\/7\/2023\/02\/tabela-8.png 1921w, https:\/\/www.tereos.com\/app\/uploads\/sites\/7\/2023\/02\/tabela-8-300x158.png 300w, https:\/\/www.tereos.com\/app\/uploads\/sites\/7\/2023\/02\/tabela-8-1536x807.png 1536w\" sizes=\"(max-width: 1921px) 100vw, 1921px\" \/><\/p>\n<p>E, mais recentemente, conquistamos importantes certifica\u00e7\u00f5es que garantem a sustentabilidade de nossos processos na fabrica\u00e7\u00e3o de etanol e energia el\u00e9trica renov\u00e1vel, e refor\u00e7am nosso papel na contribui\u00e7\u00e3o de uma matriz energ\u00e9tica mais limpa. Confira:<\/p>\n"},{"acf_fc_layout":"accordions","anchor_title":"","items":[{"title":"CARB (California Air Resources Board)","image":{"ID":9736,"id":9736,"title":"california-air-resources-board-vector-logo","filename":"california-air-resources-board-vector-logo.png","filesize":8034,"url":"https:\/\/www.tereos.com\/app\/uploads\/sites\/7\/2023\/02\/california-air-resources-board-vector-logo.png","link":"https:\/\/br.tereos.com\/pt-pt\/sustentabilidade\/relatorio-de-sustentabilidade-2021-22\/california-air-resources-board-vector-logo\/","alt":"","author":"278","description":"","caption":"","name":"california-air-resources-board-vector-logo","status":"inherit","uploaded_to":9660,"date":"2023-02-26 18:31:37","modified":"2023-02-26 18:31:37","menu_order":0,"mime_type":"image\/png","type":"image","subtype":"png","icon":"https:\/\/br.tereos.com\/wp\/wp-includes\/images\/media\/default.png","width":900,"height":500,"sizes":{"thumbnail":"https:\/\/www.tereos.com\/app\/uploads\/sites\/7\/2023\/02\/california-air-resources-board-vector-logo-150x150.png","thumbnail-width":150,"thumbnail-height":150,"medium":"https:\/\/www.tereos.com\/app\/uploads\/sites\/7\/2023\/02\/california-air-resources-board-vector-logo-300x167.png","medium-width":300,"medium-height":167,"medium_large":"https:\/\/www.tereos.com\/app\/uploads\/sites\/7\/2023\/02\/california-air-resources-board-vector-logo.png","medium_large-width":768,"medium_large-height":427,"large":"https:\/\/www.tereos.com\/app\/uploads\/sites\/7\/2023\/02\/california-air-resources-board-vector-logo.png","large-width":900,"large-height":500,"1536x1536":"https:\/\/www.tereos.com\/app\/uploads\/sites\/7\/2023\/02\/california-air-resources-board-vector-logo.png","1536x1536-width":900,"1536x1536-height":500,"2048x2048":"https:\/\/www.tereos.com\/app\/uploads\/sites\/7\/2023\/02\/california-air-resources-board-vector-logo.png","2048x2048-width":900,"2048x2048-height":500}},"text":"<p>A certifica\u00e7\u00e3o CARB (California Air Resources Board) permite a exporta\u00e7\u00e3o do etanol produzido no pa\u00eds para o mercado californiano. A certifica\u00e7\u00e3o conta com uma metodologia pr\u00f3pria para c\u00e1lculo da intensidade de carbono (CI) do biocombust\u00edvel comercializado em todas as etapas de produ\u00e7\u00e3o. A Tereos conta com o melhor resultado entre os produtores certificados de etanol de cana-de-a\u00e7\u00facar do Brasil.<\/p>\n"},{"title":"I-REC","image":{"ID":9737,"id":9737,"title":"I-red","filename":"i-red.png","filesize":9105,"url":"https:\/\/www.tereos.com\/app\/uploads\/sites\/7\/2023\/02\/i-red.png","link":"https:\/\/br.tereos.com\/pt-pt\/sustentabilidade\/relatorio-de-sustentabilidade-2021-22\/i-red\/","alt":"","author":"278","description":"","caption":"","name":"i-red","status":"inherit","uploaded_to":9660,"date":"2023-02-26 18:31:38","modified":"2023-02-26 18:31:38","menu_order":0,"mime_type":"image\/png","type":"image","subtype":"png","icon":"https:\/\/br.tereos.com\/wp\/wp-includes\/images\/media\/default.png","width":518,"height":97,"sizes":{"thumbnail":"https:\/\/www.tereos.com\/app\/uploads\/sites\/7\/2023\/02\/i-red-150x97.png","thumbnail-width":150,"thumbnail-height":97,"medium":"https:\/\/www.tereos.com\/app\/uploads\/sites\/7\/2023\/02\/i-red-300x56.png","medium-width":300,"medium-height":56,"medium_large":"https:\/\/www.tereos.com\/app\/uploads\/sites\/7\/2023\/02\/i-red.png","medium_large-width":518,"medium_large-height":97,"large":"https:\/\/www.tereos.com\/app\/uploads\/sites\/7\/2023\/02\/i-red.png","large-width":518,"large-height":97,"1536x1536":"https:\/\/www.tereos.com\/app\/uploads\/sites\/7\/2023\/02\/i-red.png","1536x1536-width":518,"1536x1536-height":97,"2048x2048":"https:\/\/www.tereos.com\/app\/uploads\/sites\/7\/2023\/02\/i-red.png","2048x2048-width":518,"2048x2048-height":97}},"text":"<p>A certifica\u00e7\u00e3o I-REC garante que a energia el\u00e9trica produzida em nossas unidades industriais \u00e9 proveniente de fontes renov\u00e1veis e limpas. Al\u00e9m disso, permite a comercializa\u00e7\u00e3o de cr\u00e9ditos de energia renov\u00e1vel, fortalecendo nossa agenda ESG com parceiros.<\/p>\n"},{"title":"Bonsucro EU RED","image":{"ID":9738,"id":9738,"title":"Ativo 5-8","filename":"ativo-5-8.png","filesize":14805,"url":"https:\/\/www.tereos.com\/app\/uploads\/sites\/7\/2023\/02\/ativo-5-8.png","link":"https:\/\/br.tereos.com\/pt-pt\/sustentabilidade\/relatorio-de-sustentabilidade-2021-22\/ativo-5-8\/","alt":"","author":"278","description":"","caption":"","name":"ativo-5-8","status":"inherit","uploaded_to":9660,"date":"2023-02-26 18:32:02","modified":"2023-02-26 18:32:02","menu_order":0,"mime_type":"image\/png","type":"image","subtype":"png","icon":"https:\/\/br.tereos.com\/wp\/wp-includes\/images\/media\/default.png","width":781,"height":301,"sizes":{"thumbnail":"https:\/\/www.tereos.com\/app\/uploads\/sites\/7\/2023\/02\/ativo-5-8-150x150.png","thumbnail-width":150,"thumbnail-height":150,"medium":"https:\/\/www.tereos.com\/app\/uploads\/sites\/7\/2023\/02\/ativo-5-8-300x116.png","medium-width":300,"medium-height":116,"medium_large":"https:\/\/www.tereos.com\/app\/uploads\/sites\/7\/2023\/02\/ativo-5-8.png","medium_large-width":768,"medium_large-height":296,"large":"https:\/\/www.tereos.com\/app\/uploads\/sites\/7\/2023\/02\/ativo-5-8.png","large-width":781,"large-height":301,"1536x1536":"https:\/\/www.tereos.com\/app\/uploads\/sites\/7\/2023\/02\/ativo-5-8.png","1536x1536-width":781,"1536x1536-height":301,"2048x2048":"https:\/\/www.tereos.com\/app\/uploads\/sites\/7\/2023\/02\/ativo-5-8.png","2048x2048-width":781,"2048x2048-height":301}},"text":"<p>J\u00e1 com a conquista da certifica\u00e7\u00e3o Bonsucro EU RED, asseguramos que o etanol atende \u00e0s Diretrizes Europeias para a comercializa\u00e7\u00e3o do\u00a0 biocombust\u00edvel na regi\u00e3o, expandindo nossas exporta\u00e7\u00f5es para mais um importante mercado.<\/p>\n"}]},{"acf_fc_layout":"rich_text","anchor_title":"","text":"<p><img loading=\"lazy\" decoding=\"async\" class=\"aligncenter size-full wp-image-9819\" src=\"https:\/\/tereos.com\/app\/uploads\/sites\/7\/2023\/03\/baixo-carbono.png\" alt=\"\" width=\"1145\" height=\"101\" srcset=\"https:\/\/www.tereos.com\/app\/uploads\/sites\/7\/2023\/03\/baixo-carbono.png 1145w, https:\/\/www.tereos.com\/app\/uploads\/sites\/7\/2023\/03\/baixo-carbono-300x26.png 300w\" sizes=\"(max-width: 1145px) 100vw, 1145px\" \/><\/p>\n<p>Temos o compromisso de diminuir a intensidade de emiss\u00e3o de gases do efeito estufa em nossas opera\u00e7\u00f5es. Entre as iniciativas que j\u00e1 adotamos est\u00e3o a redu\u00e7\u00e3o do uso de fertilizantes nitrogenados por meio da amplia\u00e7\u00e3o do uso de vinha\u00e7a localizada, e substitui\u00e7\u00e3o do manejo cl\u00e1ssico dos nossos canaviais por alternativas org\u00e2nicas.<\/p>\n<p>Para o futuro, buscamos alternativas para o abastecimento da frota de caminh\u00f5es, como o biometano. Nossa ambi\u00e7\u00e3o \u00e9 de realizar a substitui\u00e7\u00e3o gradual do diesel at\u00e9 2030, reduzindo significativamente nossas emiss\u00f5es.<\/p>\n<p>Al\u00e9m disso, j\u00e1 atuamos em um modelo de economia circular que nos permite extrair o m\u00e1ximo valor das nossas mat\u00e9rias-primas e ter uma gest\u00e3o eficiente do nosso impacto no ambiente e consumo de recursos. Confira:<\/p>\n<p><a href=\"https:\/\/tereos.com\/app\/uploads\/sites\/7\/2023\/03\/economia-circular-12.png\" target=\"_blank\" rel=\"noopener\"><img loading=\"lazy\" decoding=\"async\" class=\"aligncenter wp-image-9820 size-full\" src=\"https:\/\/tereos.com\/app\/uploads\/sites\/7\/2023\/03\/economia-circular-12.png\" alt=\"\" width=\"1920\" height=\"1010\" srcset=\"https:\/\/www.tereos.com\/app\/uploads\/sites\/7\/2023\/03\/economia-circular-12.png 1920w, https:\/\/www.tereos.com\/app\/uploads\/sites\/7\/2023\/03\/economia-circular-12-300x158.png 300w, https:\/\/www.tereos.com\/app\/uploads\/sites\/7\/2023\/03\/economia-circular-12-1536x808.png 1536w\" sizes=\"(max-width: 1920px) 100vw, 1920px\" \/><\/a><\/p>\n"},{"acf_fc_layout":"rich_text","anchor_title":"","text":"<p><img loading=\"lazy\" decoding=\"async\" class=\"aligncenter size-full wp-image-9805\" src=\"https:\/\/tereos.com\/app\/uploads\/sites\/7\/2023\/03\/ativo-14-12.png\" alt=\"\" width=\"1921\" height=\"453\" srcset=\"https:\/\/www.tereos.com\/app\/uploads\/sites\/7\/2023\/03\/ativo-14-12.png 1921w, https:\/\/www.tereos.com\/app\/uploads\/sites\/7\/2023\/03\/ativo-14-12-300x71.png 300w, https:\/\/www.tereos.com\/app\/uploads\/sites\/7\/2023\/03\/ativo-14-12-1536x362.png 1536w\" sizes=\"(max-width: 1921px) 100vw, 1921px\" \/><\/p>\n<table class=\"table\" style=\"width: 100%;border-collapse: collapse;border-style: hidden\" border=\"1\">\n<tbody>\n<tr>\n<td style=\"width: 50%\">Investimos em tecnologias digitais \u2013 intelig\u00eancia artificial, <em>big data, advanced analytics,<\/em> g\u00eameo digital, otimizador em tempo real e internet das coisas (IoT) \u2013 para trazer mais resultados estrat\u00e9gicos ao nosso neg\u00f3cio.<\/p>\n<p><img loading=\"lazy\" decoding=\"async\" class=\"aligncenter size-full wp-image-9749\" src=\"https:\/\/tereos.com\/app\/uploads\/sites\/7\/2023\/02\/ativo-13-8-1.png\" alt=\"\" width=\"1024\" height=\"101\" srcset=\"https:\/\/www.tereos.com\/app\/uploads\/sites\/7\/2023\/02\/ativo-13-8-1.png 1024w, https:\/\/www.tereos.com\/app\/uploads\/sites\/7\/2023\/02\/ativo-13-8-1-300x30.png 300w\" sizes=\"(max-width: 1024px) 100vw, 1024px\" \/><\/p>\n<p>Modelos estat\u00edsticos e de intelig\u00eancia artificial para apoio \u00e0 tomada de decis\u00e3o, visando ao aumento de produtividade para o canavial. O projeto teve in\u00edcio em 2017 e, atualmente, conta com 75 esta\u00e7\u00f5es meteorol\u00f3gicas e dados de sat\u00e9lites para acompanhar a varia\u00e7\u00e3o e perspectivas clim\u00e1ticas para o canavial.<\/td>\n<td style=\"width: 50%\"><img loading=\"lazy\" decoding=\"async\" class=\"aligncenter size-full wp-image-9765\" src=\"https:\/\/tereos.com\/app\/uploads\/sites\/7\/2023\/02\/campo-tablet-1-12.png\" alt=\"\" width=\"1029\" height=\"1069\" srcset=\"https:\/\/www.tereos.com\/app\/uploads\/sites\/7\/2023\/02\/campo-tablet-1-12.png 1029w, https:\/\/www.tereos.com\/app\/uploads\/sites\/7\/2023\/02\/campo-tablet-1-12-289x300.png 289w\" sizes=\"(max-width: 1029px) 100vw, 1029px\" \/><\/td>\n<\/tr>\n<tr>\n<td style=\"width: 50%\"><strong><img loading=\"lazy\" decoding=\"async\" class=\"aligncenter size-full wp-image-9752\" src=\"https:\/\/tereos.com\/app\/uploads\/sites\/7\/2023\/02\/ativo-11-8.png\" alt=\"\" width=\"1024\" height=\"101\" srcset=\"https:\/\/www.tereos.com\/app\/uploads\/sites\/7\/2023\/02\/ativo-11-8.png 1024w, https:\/\/www.tereos.com\/app\/uploads\/sites\/7\/2023\/02\/ativo-11-8-300x30.png 300w\" sizes=\"(max-width: 1024px) 100vw, 1024px\" \/><\/strong><\/p>\n<p>Plataforma digital que centraliza a maior parte das informa\u00e7\u00f5es relacionadas \u00e0 produ\u00e7\u00e3o agr\u00edcola, como contratos de produtores rurais, planejamento da safra, registros das opera\u00e7\u00f5es, estat\u00edsticas de colheitas e pre\u00e7os.<\/p>\n<p>&nbsp;<\/p>\n<p><img loading=\"lazy\" decoding=\"async\" class=\"aligncenter size-full wp-image-9751\" src=\"https:\/\/tereos.com\/app\/uploads\/sites\/7\/2023\/02\/agtech-8.png\" alt=\"\" width=\"1024\" height=\"101\" srcset=\"https:\/\/www.tereos.com\/app\/uploads\/sites\/7\/2023\/02\/agtech-8.png 1024w, https:\/\/www.tereos.com\/app\/uploads\/sites\/7\/2023\/02\/agtech-8-300x30.png 300w\" sizes=\"(max-width: 1024px) 100vw, 1024px\" \/><strong>A parceria com AgTech Garage<\/strong>, um dos principais hubs de inova\u00e7\u00e3o do agroneg\u00f3cio, tem o objetivo de estimular a inova\u00e7\u00e3o dentro da organiza\u00e7\u00e3o.<\/td>\n<td style=\"width: 50%\"><img loading=\"lazy\" decoding=\"async\" class=\"aligncenter size-full wp-image-9745\" src=\"https:\/\/tereos.com\/app\/uploads\/sites\/7\/2023\/02\/imagens-sepadaras-relatorio-de-sustentabilidade-esg-imagem-prancheta-8.png\" alt=\"\" width=\"762\" height=\"470\" srcset=\"https:\/\/www.tereos.com\/app\/uploads\/sites\/7\/2023\/02\/imagens-sepadaras-relatorio-de-sustentabilidade-esg-imagem-prancheta-8.png 762w, https:\/\/www.tereos.com\/app\/uploads\/sites\/7\/2023\/02\/imagens-sepadaras-relatorio-de-sustentabilidade-esg-imagem-prancheta-8-300x185.png 300w\" sizes=\"(max-width: 762px) 100vw, 762px\" \/><\/td>\n<\/tr>\n<tr>\n<td style=\"width: 50%\"><strong><img loading=\"lazy\" decoding=\"async\" class=\"aligncenter size-full wp-image-9764\" src=\"https:\/\/tereos.com\/app\/uploads\/sites\/7\/2023\/02\/coa-1-12.png\" alt=\"\" width=\"975\" height=\"855\" srcset=\"https:\/\/www.tereos.com\/app\/uploads\/sites\/7\/2023\/02\/coa-1-12.png 975w, https:\/\/www.tereos.com\/app\/uploads\/sites\/7\/2023\/02\/coa-1-12-300x263.png 300w\" sizes=\"(max-width: 975px) 100vw, 975px\" \/><\/strong><\/td>\n<td style=\"width: 50%\"><img loading=\"lazy\" decoding=\"async\" class=\"aligncenter size-full wp-image-9748\" src=\"https:\/\/tereos.com\/app\/uploads\/sites\/7\/2023\/02\/ativo-12-8.png\" alt=\"\" width=\"1024\" height=\"101\" srcset=\"https:\/\/www.tereos.com\/app\/uploads\/sites\/7\/2023\/02\/ativo-12-8.png 1024w, https:\/\/www.tereos.com\/app\/uploads\/sites\/7\/2023\/02\/ativo-12-8-300x30.png 300w\" sizes=\"(max-width: 1024px) 100vw, 1024px\" \/><\/p>\n<p>Implementado em 2019 na unidade Cruz Alta, o programa funciona como uma \u201cind\u00fastria do futuro\u201d e avan\u00e7ou na modelagem dos fluxos de produ\u00e7\u00e3o de a\u00e7\u00facar, energia e etanol e no uso de algoritmos para controle dos processos, por meio de uma plataforma de captura de dados dos sensores de equipamentos (IoT).<\/p>\n<p><img loading=\"lazy\" decoding=\"async\" class=\"aligncenter size-full wp-image-9750\" src=\"https:\/\/tereos.com\/app\/uploads\/sites\/7\/2023\/02\/coa-8-1.png\" alt=\"\" width=\"1024\" height=\"101\" srcset=\"https:\/\/www.tereos.com\/app\/uploads\/sites\/7\/2023\/02\/coa-8-1.png 1024w, https:\/\/www.tereos.com\/app\/uploads\/sites\/7\/2023\/02\/coa-8-1-300x30.png 300w\" sizes=\"(max-width: 1024px) 100vw, 1024px\" \/><\/p>\n<p><strong>Em 2022, lan\u00e7amos oficialmente o COA<\/strong>, uma central de controle com diversas funcionalidades incorporadas, como controle de tr\u00e1fego de cana e monitoramento dos equipamentos de CTT (Colheita, Transbordamento e Transporte), al\u00e9m de novos estudos para buscar o m\u00e1ximo potencial das opera\u00e7\u00f5es.<\/td>\n<\/tr>\n<\/tbody>\n<\/table>\n<p>&nbsp;<\/p>\n"},{"acf_fc_layout":"rich_text","anchor_title":"","text":"<p><img loading=\"lazy\" decoding=\"async\" class=\"aligncenter size-full wp-image-9806\" src=\"https:\/\/tereos.com\/app\/uploads\/sites\/7\/2023\/03\/ativo-2-12.png\" alt=\"\" width=\"1921\" height=\"453\" srcset=\"https:\/\/www.tereos.com\/app\/uploads\/sites\/7\/2023\/03\/ativo-2-12.png 1921w, https:\/\/www.tereos.com\/app\/uploads\/sites\/7\/2023\/03\/ativo-2-12-300x71.png 300w, https:\/\/www.tereos.com\/app\/uploads\/sites\/7\/2023\/03\/ativo-2-12-1536x362.png 1536w\" sizes=\"(max-width: 1921px) 100vw, 1921px\" \/><\/p>\n<table class=\"table\" style=\"width: 100%;border-collapse: collapse;border-style: hidden\" border=\"1\">\n<tbody>\n<tr style=\"height: 24px\">\n<td style=\"width: 50%;height: 24px\">Acreditamos que as pessoas s\u00e3o essenciais para o sucesso da empresa e, por essa raz\u00e3o, estimulamos uma cultura focada na valoriza\u00e7\u00e3o dos colaboradores e temos como prioridade investir nos talentos internos para proporcionar oportunidades de desenvolvimento e crescimento de carreira.<img loading=\"lazy\" decoding=\"async\" class=\"aligncenter size-full wp-image-9760\" src=\"https:\/\/tereos.com\/app\/uploads\/sites\/7\/2023\/02\/recorte-rh-8.png\" alt=\"\" width=\"877\" height=\"287\" srcset=\"https:\/\/www.tereos.com\/app\/uploads\/sites\/7\/2023\/02\/recorte-rh-8.png 877w, https:\/\/www.tereos.com\/app\/uploads\/sites\/7\/2023\/02\/recorte-rh-8-300x98.png 300w\" sizes=\"(max-width: 877px) 100vw, 877px\" \/><\/p>\n<p><strong>Atualmente, a empresa conta com <\/strong><strong>quatro programas de entrada:<\/strong><br \/>\nJovens Talentos (programa de est\u00e1gio que registrou crescimento de 13% em rela\u00e7\u00e3o ao ano anterior), Summer Experience (programa de est\u00e1gio de f\u00e9rias), Programa de Aprendizes e Programa de Trainees.<\/td>\n<td style=\"width: 50%;height: 24px\"><img loading=\"lazy\" decoding=\"async\" class=\"aligncenter size-full wp-image-9762\" src=\"https:\/\/tereos.com\/app\/uploads\/sites\/7\/2023\/02\/ilustracao-rh-8.png\" alt=\"\" width=\"931\" height=\"998\" srcset=\"https:\/\/www.tereos.com\/app\/uploads\/sites\/7\/2023\/02\/ilustracao-rh-8.png 931w, https:\/\/www.tereos.com\/app\/uploads\/sites\/7\/2023\/02\/ilustracao-rh-8-280x300.png 280w\" sizes=\"(max-width: 931px) 100vw, 931px\" \/><\/td>\n<\/tr>\n<\/tbody>\n<\/table>\n<p><img loading=\"lazy\" decoding=\"async\" class=\"aligncenter size-full wp-image-9761\" src=\"https:\/\/tereos.com\/app\/uploads\/sites\/7\/2023\/02\/programas-rh-8.png\" alt=\"\" width=\"1920\" height=\"525\" srcset=\"https:\/\/www.tereos.com\/app\/uploads\/sites\/7\/2023\/02\/programas-rh-8.png 1920w, https:\/\/www.tereos.com\/app\/uploads\/sites\/7\/2023\/02\/programas-rh-8-300x82.png 300w, https:\/\/www.tereos.com\/app\/uploads\/sites\/7\/2023\/02\/programas-rh-8-1536x420.png 1536w\" sizes=\"(max-width: 1920px) 100vw, 1920px\" \/><\/p>\n<p>Recebemos, em 2022, a certifica\u00e7\u00e3o <strong>GPTW (Great Place to Work)<\/strong>, selo conferido \u00e0s empresas com alto n\u00edvel de qualidade do ambiente de trabalho e cultura organizacional.<\/p>\n<p>Contamos ainda com diversos programas para desenvolvimento e aperfei\u00e7oamento dos times internos, como <strong>Supervisores em A\u00e7\u00e3o, Gestores de Alta Performance, L\u00edder de Primeira Linha, Learn to Lead, Programa Desempenho e Leadership Program.<\/strong><\/p>\n<p>No ciclo 2021\/2022, foram investidos cerca de <strong>R$ 3,8 milh\u00f5es em a\u00e7\u00f5es voltadas a aperfei\u00e7oamento e desenvolvimento profissional.<\/strong><\/p>\n<h3>Diversifica Tereos<\/h3>\n<p style=\"text-align: left\">A diversidade, equidade e inclus\u00e3o s\u00e3o princ\u00edpios b\u00e1sicos que norteiam as a\u00e7\u00f5es da Tereos. Nossas pol\u00edticas e compromissos nesse segmento est\u00e3o publicados na cartilha Diversifica Tereos.<\/p>\n<p style=\"text-align: left\">A Tereos conta com programas de capacita\u00e7\u00e3o e processos seletivos exclusivos para o p\u00fablico feminino, refor\u00e7ando a preocupa\u00e7\u00e3o com o desenvolvimento e cria\u00e7\u00e3o de novas oportunidades para as mulheres.<\/p>\n<p style=\"text-align: left\">Possu\u00edmos como meta ter 15% de mulheres na for\u00e7a de trabalho e 17,5% em cargos de lideran\u00e7a at\u00e9 2030.<\/p>\n<table class=\"table\" style=\"width: 100%;border-collapse: collapse;border-style: hidden\" border=\"1\">\n<tbody>\n<tr>\n<td style=\"width: 50%\"><img loading=\"lazy\" decoding=\"async\" class=\"aligncenter size-full wp-image-9766\" src=\"https:\/\/tereos.com\/app\/uploads\/sites\/7\/2023\/02\/ilustracao-rh-mulheres-8-1.png\" alt=\"\" width=\"1086\" height=\"901\" srcset=\"https:\/\/www.tereos.com\/app\/uploads\/sites\/7\/2023\/02\/ilustracao-rh-mulheres-8-1.png 1086w, https:\/\/www.tereos.com\/app\/uploads\/sites\/7\/2023\/02\/ilustracao-rh-mulheres-8-1-300x249.png 300w\" sizes=\"(max-width: 1086px) 100vw, 1086px\" \/><\/p>\n<p>&nbsp;<\/td>\n<td style=\"width: 50%\"><img loading=\"lazy\" decoding=\"async\" class=\"aligncenter size-full wp-image-9807\" src=\"https:\/\/tereos.com\/app\/uploads\/sites\/7\/2023\/03\/ativo-15-12.png\" alt=\"\" width=\"1024\" height=\"101\" srcset=\"https:\/\/www.tereos.com\/app\/uploads\/sites\/7\/2023\/03\/ativo-15-12.png 1024w, https:\/\/www.tereos.com\/app\/uploads\/sites\/7\/2023\/03\/ativo-15-12-300x30.png 300w\" sizes=\"(max-width: 1024px) 100vw, 1024px\" \/><\/p>\n<p><strong>A sa\u00fade e seguran\u00e7a do trabalho tamb\u00e9m s\u00e3o temas priorit\u00e1rios para a companhia.<\/strong> Assim, todos os colaboradores t\u00eam acesso a um manual com informa\u00e7\u00f5es gerais de seguran\u00e7a, al\u00e9m de treinamentos frequentes.<\/p>\n<p><strong>Em 2022, criamos o programa SEJA,<\/strong> que promove a evolu\u00e7\u00e3o da cultura de seguran\u00e7a com participa\u00e7\u00e3o de todas as \u00e1reas dentro da companhia. O programa \u00e9 baseado em tr\u00eas pilares: gest\u00e3o de risco, sistema de gest\u00e3o H&amp;S (Gest\u00e3o de Sa\u00fade e Seguran\u00e7a Ocupacional) e responsabiliza\u00e7\u00e3o da lideran\u00e7a.<\/td>\n<\/tr>\n<\/tbody>\n<\/table>\n<p>&nbsp;<\/p>\n<p><img loading=\"lazy\" decoding=\"async\" class=\"aligncenter size-full wp-image-9776\" src=\"https:\/\/tereos.com\/app\/uploads\/sites\/7\/2023\/02\/imagens-separadas-relatorio-de-sustentabilidade-esg-imagem-prancheta-12.jpg\" alt=\"\" width=\"1920\" height=\"1080\" srcset=\"https:\/\/www.tereos.com\/app\/uploads\/sites\/7\/2023\/02\/imagens-separadas-relatorio-de-sustentabilidade-esg-imagem-prancheta-12.jpg 1920w, https:\/\/www.tereos.com\/app\/uploads\/sites\/7\/2023\/02\/imagens-separadas-relatorio-de-sustentabilidade-esg-imagem-prancheta-12-300x169.jpg 300w, https:\/\/www.tereos.com\/app\/uploads\/sites\/7\/2023\/02\/imagens-separadas-relatorio-de-sustentabilidade-esg-imagem-prancheta-12-1536x864.jpg 1536w\" sizes=\"(max-width: 1920px) 100vw, 1920px\" \/><\/p>\n"}],"flexible_editorial_clone":{"has_anchors":false,"sections":[{"acf_fc_layout":"title_text","anchor_title":"","title":"Comprometida com a transpar\u00eancia, a Tereos A\u00e7\u00facar &amp; Energia Brasil lan\u00e7a o Relat\u00f3rio de Sustentabilidade da Safra 2021\/2022.","text":"<p>O documento, elaborado conforme as normas da Global Reporting Initiative (GRI), re\u00fane nossos principais resultados durante o per\u00edodo, assim como avan\u00e7os em importantes indicadores ESG.<\/p>\n<p>No Brasil h\u00e1 22 anos, a Tereos investe no processamento de cana-de-a\u00e7\u00facar para produ\u00e7\u00e3o de a\u00e7\u00facar, etanol, bioenergia e coprodutos diversos.<\/p>\n<p>Por meio de um modelo virtuoso de economia circular, aproveitamos ao m\u00e1ximo a mat\u00e9ria-prima agr\u00edcola para desenvolver produtos de alta qualidade e atrelados a uma cadeia produtiva sustent\u00e1vel e respons\u00e1vel de ponta a ponta.<\/p>\n<p>Confira, abaixo, alguns destaques do relat\u00f3rio. Para acessar o documento completo, clique no link abaixo. Boa leitura!<\/p>\n<p><a href=\"https:\/\/tereos.com\/app\/uploads\/sites\/7\/2022\/12\/relatorio-de-sustentabilidade-21-22-tseb.pdf\" target=\"_blank\" rel=\"noopener\"><img loading=\"lazy\" decoding=\"async\" class=\"aligncenter wp-image-9847 size-full\" src=\"https:\/\/tereos.com\/app\/uploads\/sites\/7\/2023\/04\/link-pt-12.png\" alt=\"\" width=\"1921\" height=\"416\" srcset=\"https:\/\/www.tereos.com\/app\/uploads\/sites\/7\/2023\/04\/link-pt-12.png 1921w, https:\/\/www.tereos.com\/app\/uploads\/sites\/7\/2023\/04\/link-pt-12-300x65.png 300w, https:\/\/www.tereos.com\/app\/uploads\/sites\/7\/2023\/04\/link-pt-12-1536x333.png 1536w\" sizes=\"(max-width: 1921px) 100vw, 1921px\" \/><\/a> <a href=\"https:\/\/tereos.com\/app\/uploads\/sites\/7\/2023\/02\/tereos-rs2021-en-20230213.pdf\" target=\"_blank\" rel=\"noopener\"><img loading=\"lazy\" decoding=\"async\" class=\"aligncenter wp-image-9848 size-full\" src=\"https:\/\/tereos.com\/app\/uploads\/sites\/7\/2023\/04\/link-ingles-12.png\" alt=\"\" width=\"1921\" height=\"416\" srcset=\"https:\/\/www.tereos.com\/app\/uploads\/sites\/7\/2023\/04\/link-ingles-12.png 1921w, https:\/\/www.tereos.com\/app\/uploads\/sites\/7\/2023\/04\/link-ingles-12-300x65.png 300w, https:\/\/www.tereos.com\/app\/uploads\/sites\/7\/2023\/04\/link-ingles-12-1536x333.png 1536w\" sizes=\"(max-width: 1921px) 100vw, 1921px\" \/><\/a><\/p>\n"},{"acf_fc_layout":"media","anchor_title":"","type":"image","video":"","image":9831,"caption":"","is_downloadable":false,"items":false},{"acf_fc_layout":"rich_text","anchor_title":"","text":"<p>&nbsp;<\/p>\n<p><img loading=\"lazy\" decoding=\"async\" class=\"aligncenter size-full wp-image-9696\" src=\"https:\/\/tereos.com\/app\/uploads\/sites\/7\/2023\/02\/ativo-3-8.png\" alt=\"\" width=\"1701\" height=\"141\" srcset=\"https:\/\/www.tereos.com\/app\/uploads\/sites\/7\/2023\/02\/ativo-3-8.png 1701w, https:\/\/www.tereos.com\/app\/uploads\/sites\/7\/2023\/02\/ativo-3-8-300x25.png 300w, https:\/\/www.tereos.com\/app\/uploads\/sites\/7\/2023\/02\/ativo-3-8-1536x127.png 1536w\" sizes=\"(max-width: 1701px) 100vw, 1701px\" \/><\/p>\n<table class=\"table\" class=\"aligncenter\" style=\"width: 90.879%;border-collapse: collapse;border-style: hidden\" border=\"1\">\n<tbody>\n<tr style=\"height: 24px\">\n<td style=\"width: 222.875px;height: 24px\"><strong>A\u00e7\u00facar<\/strong><\/td>\n<td style=\"width: 446.25px;height: 24px\">Alimento rico em energia para o Brasil e o mundo<\/td>\n<\/tr>\n<tr style=\"height: 24px\">\n<td style=\"width: 222.875px;height: 24px\"><strong>Etanol<\/strong><\/td>\n<td style=\"width: 446.25px;height: 24px\">Biocombust\u00edvel renov\u00e1vel e menos poluente<\/td>\n<\/tr>\n<tr style=\"height: 24px\">\n<td style=\"width: 222.875px;height: 24px\"><strong>Energia el\u00e9trica renov\u00e1vel<\/strong><\/td>\n<td style=\"width: 446.25px;height: 24px\">A partir do baga\u00e7o da cana-de-a\u00e7\u00facar<\/td>\n<\/tr>\n<tr style=\"height: 24px\">\n<td style=\"width: 222.875px;height: 24px\"><strong>Biog\u00e1s<\/strong><\/td>\n<td style=\"width: 446.25px;height: 24px\">A partir da vinha\u00e7a, que \u00e9 o res\u00edduo da destila\u00e7\u00e3o do etanol<\/td>\n<\/tr>\n<\/tbody>\n<\/table>\n<p>&nbsp;<\/p>\n<p>&nbsp;<\/p>\n<p><img loading=\"lazy\" decoding=\"async\" class=\"aligncenter size-full wp-image-9695\" src=\"https:\/\/tereos.com\/app\/uploads\/sites\/7\/2023\/02\/ativo-2-8.png\" alt=\"\" width=\"1701\" height=\"141\" srcset=\"https:\/\/www.tereos.com\/app\/uploads\/sites\/7\/2023\/02\/ativo-2-8.png 1701w, https:\/\/www.tereos.com\/app\/uploads\/sites\/7\/2023\/02\/ativo-2-8-300x25.png 300w, https:\/\/www.tereos.com\/app\/uploads\/sites\/7\/2023\/02\/ativo-2-8-1536x127.png 1536w\" sizes=\"(max-width: 1701px) 100vw, 1701px\" \/><\/p>\n"},{"acf_fc_layout":"media","anchor_title":"","type":"slider","video":"","image":false,"caption":"","is_downloadable":false,"items":[{"image":9799,"caption":"","is_downloadable":false},{"image":9803,"caption":"","is_downloadable":false},{"image":9801,"caption":"","is_downloadable":false}]},{"acf_fc_layout":"rich_text","anchor_title":"","text":"<p><img loading=\"lazy\" decoding=\"async\" class=\"aligncenter size-full wp-image-9701\" src=\"https:\/\/tereos.com\/app\/uploads\/sites\/7\/2023\/02\/ativo-4-8.png\" alt=\"\" width=\"1701\" height=\"141\" srcset=\"https:\/\/www.tereos.com\/app\/uploads\/sites\/7\/2023\/02\/ativo-4-8.png 1701w, https:\/\/www.tereos.com\/app\/uploads\/sites\/7\/2023\/02\/ativo-4-8-300x25.png 300w, https:\/\/www.tereos.com\/app\/uploads\/sites\/7\/2023\/02\/ativo-4-8-1536x127.png 1536w\" sizes=\"(max-width: 1701px) 100vw, 1701px\" \/><\/p>\n<p>Nossa primeira matriz de materialidade foi constru\u00edda durante a safra 20\/21, seguindo as normas da Global Reporting Initiative (GRI) e considerando os Objetivos de Desenvolvimento Sustent\u00e1vel (ODS) da ONU.<\/p>\n<p>A matriz foi desenvolvida a partir da identifica\u00e7\u00e3o dos oito t\u00f3picos priorit\u00e1rios que impactam a cria\u00e7\u00e3o de valor em curto, m\u00e9dio e longo prazos de acordo com os principais stakeholders (internos e externos) da Companhia.<\/p>\n"},{"acf_fc_layout":"media","anchor_title":"","type":"slider","video":"","image":false,"caption":"","is_downloadable":false,"items":[{"image":9827,"caption":"","is_downloadable":false},{"image":9828,"caption":"","is_downloadable":false},{"image":9829,"caption":"","is_downloadable":false},{"image":9826,"caption":"","is_downloadable":false}]},{"acf_fc_layout":"rich_text","anchor_title":"","text":"<p><img loading=\"lazy\" decoding=\"async\" class=\"aligncenter size-full wp-image-9719\" src=\"https:\/\/tereos.com\/app\/uploads\/sites\/7\/2023\/02\/fornecedores5-8.png\" alt=\"\" width=\"1921\" height=\"453\" srcset=\"https:\/\/www.tereos.com\/app\/uploads\/sites\/7\/2023\/02\/fornecedores5-8.png 1921w, https:\/\/www.tereos.com\/app\/uploads\/sites\/7\/2023\/02\/fornecedores5-8-300x71.png 300w, https:\/\/www.tereos.com\/app\/uploads\/sites\/7\/2023\/02\/fornecedores5-8-1536x362.png 1536w\" sizes=\"(max-width: 1921px) 100vw, 1921px\" \/><\/p>\n<p>&nbsp;<\/p>\n<p><img loading=\"lazy\" decoding=\"async\" class=\"aligncenter size-full wp-image-9709\" src=\"https:\/\/tereos.com\/app\/uploads\/sites\/7\/2023\/02\/fornecedores-8.png\" alt=\"\" width=\"1475\" height=\"101\" srcset=\"https:\/\/www.tereos.com\/app\/uploads\/sites\/7\/2023\/02\/fornecedores-8.png 1475w, https:\/\/www.tereos.com\/app\/uploads\/sites\/7\/2023\/02\/fornecedores-8-300x21.png 300w\" sizes=\"(max-width: 1475px) 100vw, 1475px\" \/><\/p>\n<table class=\"table\" style=\"width: 100%;border-collapse: collapse;border-style: hidden\" border=\"1\">\n<tbody>\n<tr>\n<td style=\"width: 512.5px\">Junto aos nossos fornecedores, trabalhamos desde o campo para garantir a sustentabilidade e o equil\u00edbrio ambiental em nossa produ\u00e7\u00e3o.<\/p>\n<p>Possu\u00edmos cerca de <strong>300 mil hectares para cultivo<\/strong>, sendo <strong>173 mil hectares pr\u00f3prios<\/strong> e <strong>122 mil de produtores<\/strong> parceiros. Sendo assim, mais de 49% da mat\u00e9ria-prima vem de uma atua\u00e7\u00e3o pr\u00f3xima com aproximadamente 700 fornecedores locais.<\/p>\n<p>Para refor\u00e7ar os la\u00e7os com os parceiros, contamos com o programa Amigo Produtor, que se baseia no relacionamento pr\u00f3ximos com nossos produtores, oferta de benef\u00edcios exclusivos aos participantes e consultoria personalizada.<\/td>\n<td style=\"width: 512.5px\"><img loading=\"lazy\" decoding=\"async\" class=\"aligncenter size-full wp-image-9715\" src=\"https:\/\/tereos.com\/app\/uploads\/sites\/7\/2023\/02\/fornecedores-2-8.png\" alt=\"\" width=\"1152\" height=\"1085\" srcset=\"https:\/\/www.tereos.com\/app\/uploads\/sites\/7\/2023\/02\/fornecedores-2-8.png 1152w, https:\/\/www.tereos.com\/app\/uploads\/sites\/7\/2023\/02\/fornecedores-2-8-300x283.png 300w\" sizes=\"(max-width: 1152px) 100vw, 1152px\" \/><\/td>\n<\/tr>\n<tr>\n<td style=\"width: 512.5px\"><img loading=\"lazy\" decoding=\"async\" class=\"aligncenter size-full wp-image-9734\" src=\"https:\/\/tereos.com\/app\/uploads\/sites\/7\/2023\/02\/ilustracao-bioeletricidade-8.png\" alt=\"\" width=\"734\" height=\"705\" srcset=\"https:\/\/www.tereos.com\/app\/uploads\/sites\/7\/2023\/02\/ilustracao-bioeletricidade-8.png 734w, https:\/\/www.tereos.com\/app\/uploads\/sites\/7\/2023\/02\/ilustracao-bioeletricidade-8-300x288.png 300w\" sizes=\"(max-width: 734px) 100vw, 734px\" \/><\/td>\n<td style=\"width: 512.5px\"><img loading=\"lazy\" decoding=\"async\" class=\"alignleft wp-image-9727 size-full\" src=\"https:\/\/tereos.com\/app\/uploads\/sites\/7\/2023\/02\/bioeletricidade-8.png\" alt=\"\" width=\"649\" height=\"101\" srcset=\"https:\/\/www.tereos.com\/app\/uploads\/sites\/7\/2023\/02\/bioeletricidade-8.png 649w, https:\/\/www.tereos.com\/app\/uploads\/sites\/7\/2023\/02\/bioeletricidade-8-300x47.png 300w\" sizes=\"(max-width: 649px) 100vw, 649px\" \/><\/p>\n<p>&nbsp;<\/p>\n<p>&nbsp;<\/p>\n<p>No segmento de bioeletricidade, somos autossuficientes e produzimos energia el\u00e9trica necess\u00e1ria para abastecer o consumo de todas as nossas unidades industriais a partir da queima do baga\u00e7o da cana. O excedente \u00e9 comercializado ou doado. No ciclo 21\/22, geramos 1.209 GWh de energia.<\/p>\n<p>Al\u00e9m disso, ampliamos nossa capacidade de produ\u00e7\u00e3o de energia limpa em 2022 com a implanta\u00e7\u00e3o da primeira planta de biog\u00e1s da Tereos na Unidade Cruz Alta, em Ol\u00edmpia (SP). <strong>O projeto, com investimento de R$ 15 milh\u00f5es, tem capacidade de produ\u00e7\u00e3o de 1MW.<\/strong><\/p>\n<p>A planta tamb\u00e9m est\u00e1 em prepara\u00e7\u00e3o para produzir biometano, uma alternativa aos combust\u00edveis f\u00f3sseis para abastecimento da frota canavieira.<\/td>\n<\/tr>\n<tr>\n<td style=\"width: 512.5px\"><img loading=\"lazy\" decoding=\"async\" class=\"aligncenter size-full wp-image-9726\" src=\"https:\/\/tereos.com\/app\/uploads\/sites\/7\/2023\/02\/menor-consumo-8.png\" alt=\"\" width=\"717\" height=\"101\" srcset=\"https:\/\/www.tereos.com\/app\/uploads\/sites\/7\/2023\/02\/menor-consumo-8.png 717w, https:\/\/www.tereos.com\/app\/uploads\/sites\/7\/2023\/02\/menor-consumo-8-300x42.png 300w\" sizes=\"(max-width: 717px) 100vw, 717px\" \/><\/p>\n<p>Em consumo de \u00e1gua, a Tereos investe em pr\u00e1ticas eficientes e, em 21\/22, <strong>atingimos 12% de redu\u00e7\u00e3o em rela\u00e7\u00e3o ao ano-base 17-18.<\/strong> A meta \u00e9 que, at\u00e9 2030, a redu\u00e7\u00e3o chegue a 21,5%.<\/p>\n<p>Tamb\u00e9m temos compromissos relacionados \u00e0 gest\u00e3o de efluentes \u2013 durante a safra, foram disponibilizados R$1,8 milh\u00e3o para esse tipo de monitoramento.<\/td>\n<td style=\"width: 512.5px\"><img loading=\"lazy\" decoding=\"async\" class=\"aligncenter size-full wp-image-9733\" src=\"https:\/\/tereos.com\/app\/uploads\/sites\/7\/2023\/02\/ilustracao-consumo-agua-8.png\" alt=\"\" width=\"763\" height=\"695\" srcset=\"https:\/\/www.tereos.com\/app\/uploads\/sites\/7\/2023\/02\/ilustracao-consumo-agua-8.png 763w, https:\/\/www.tereos.com\/app\/uploads\/sites\/7\/2023\/02\/ilustracao-consumo-agua-8-300x273.png 300w\" sizes=\"(max-width: 763px) 100vw, 763px\" \/><\/td>\n<\/tr>\n<\/tbody>\n<\/table>\n<p>&nbsp;<\/p>\n<p>&nbsp;<\/p>\n"},{"acf_fc_layout":"rich_text","anchor_title":"","text":"<p><img loading=\"lazy\" decoding=\"async\" class=\"aligncenter size-full wp-image-9740\" src=\"https:\/\/tereos.com\/app\/uploads\/sites\/7\/2023\/02\/ativo-13-8.png\" alt=\"\" width=\"1024\" height=\"101\" srcset=\"https:\/\/www.tereos.com\/app\/uploads\/sites\/7\/2023\/02\/ativo-13-8.png 1024w, https:\/\/www.tereos.com\/app\/uploads\/sites\/7\/2023\/02\/ativo-13-8-300x30.png 300w\" sizes=\"(max-width: 1024px) 100vw, 1024px\" \/><\/p>\n<p><strong>Sabemos que as pr\u00e1ticas sustent\u00e1veis que implantamos hoje impactam diretamente no que iremos colher, por isso nossos processos s\u00e3o certificados nacional e internacionalmente.<\/strong><\/p>\n<p><img loading=\"lazy\" decoding=\"async\" class=\"aligncenter size-full wp-image-9731\" src=\"https:\/\/tereos.com\/app\/uploads\/sites\/7\/2023\/02\/tabela-8.png\" alt=\"\" width=\"1921\" height=\"1009\" srcset=\"https:\/\/www.tereos.com\/app\/uploads\/sites\/7\/2023\/02\/tabela-8.png 1921w, https:\/\/www.tereos.com\/app\/uploads\/sites\/7\/2023\/02\/tabela-8-300x158.png 300w, https:\/\/www.tereos.com\/app\/uploads\/sites\/7\/2023\/02\/tabela-8-1536x807.png 1536w\" sizes=\"(max-width: 1921px) 100vw, 1921px\" \/><\/p>\n<p>E, mais recentemente, conquistamos importantes certifica\u00e7\u00f5es que garantem a sustentabilidade de nossos processos na fabrica\u00e7\u00e3o de etanol e energia el\u00e9trica renov\u00e1vel, e refor\u00e7am nosso papel na contribui\u00e7\u00e3o de uma matriz energ\u00e9tica mais limpa. Confira:<\/p>\n"},{"acf_fc_layout":"accordions","anchor_title":"","items":[{"title":"CARB (California Air Resources Board)","image":{"ID":9736,"id":9736,"title":"california-air-resources-board-vector-logo","filename":"california-air-resources-board-vector-logo.png","filesize":8034,"url":"https:\/\/www.tereos.com\/app\/uploads\/sites\/7\/2023\/02\/california-air-resources-board-vector-logo.png","link":"https:\/\/br.tereos.com\/pt-pt\/sustentabilidade\/relatorio-de-sustentabilidade-2021-22\/california-air-resources-board-vector-logo\/","alt":"","author":"278","description":"","caption":"","name":"california-air-resources-board-vector-logo","status":"inherit","uploaded_to":9660,"date":"2023-02-26 18:31:37","modified":"2023-02-26 18:31:37","menu_order":0,"mime_type":"image\/png","type":"image","subtype":"png","icon":"https:\/\/br.tereos.com\/wp\/wp-includes\/images\/media\/default.png","width":900,"height":500,"sizes":{"thumbnail":"https:\/\/www.tereos.com\/app\/uploads\/sites\/7\/2023\/02\/california-air-resources-board-vector-logo-150x150.png","thumbnail-width":150,"thumbnail-height":150,"medium":"https:\/\/www.tereos.com\/app\/uploads\/sites\/7\/2023\/02\/california-air-resources-board-vector-logo-300x167.png","medium-width":300,"medium-height":167,"medium_large":"https:\/\/www.tereos.com\/app\/uploads\/sites\/7\/2023\/02\/california-air-resources-board-vector-logo.png","medium_large-width":768,"medium_large-height":427,"large":"https:\/\/www.tereos.com\/app\/uploads\/sites\/7\/2023\/02\/california-air-resources-board-vector-logo.png","large-width":900,"large-height":500,"1536x1536":"https:\/\/www.tereos.com\/app\/uploads\/sites\/7\/2023\/02\/california-air-resources-board-vector-logo.png","1536x1536-width":900,"1536x1536-height":500,"2048x2048":"https:\/\/www.tereos.com\/app\/uploads\/sites\/7\/2023\/02\/california-air-resources-board-vector-logo.png","2048x2048-width":900,"2048x2048-height":500}},"text":"<p>A certifica\u00e7\u00e3o CARB (California Air Resources Board) permite a exporta\u00e7\u00e3o do etanol produzido no pa\u00eds para o mercado californiano. A certifica\u00e7\u00e3o conta com uma metodologia pr\u00f3pria para c\u00e1lculo da intensidade de carbono (CI) do biocombust\u00edvel comercializado em todas as etapas de produ\u00e7\u00e3o. A Tereos conta com o melhor resultado entre os produtores certificados de etanol de cana-de-a\u00e7\u00facar do Brasil.<\/p>\n"},{"title":"I-REC","image":{"ID":9737,"id":9737,"title":"I-red","filename":"i-red.png","filesize":9105,"url":"https:\/\/www.tereos.com\/app\/uploads\/sites\/7\/2023\/02\/i-red.png","link":"https:\/\/br.tereos.com\/pt-pt\/sustentabilidade\/relatorio-de-sustentabilidade-2021-22\/i-red\/","alt":"","author":"278","description":"","caption":"","name":"i-red","status":"inherit","uploaded_to":9660,"date":"2023-02-26 18:31:38","modified":"2023-02-26 18:31:38","menu_order":0,"mime_type":"image\/png","type":"image","subtype":"png","icon":"https:\/\/br.tereos.com\/wp\/wp-includes\/images\/media\/default.png","width":518,"height":97,"sizes":{"thumbnail":"https:\/\/www.tereos.com\/app\/uploads\/sites\/7\/2023\/02\/i-red-150x97.png","thumbnail-width":150,"thumbnail-height":97,"medium":"https:\/\/www.tereos.com\/app\/uploads\/sites\/7\/2023\/02\/i-red-300x56.png","medium-width":300,"medium-height":56,"medium_large":"https:\/\/www.tereos.com\/app\/uploads\/sites\/7\/2023\/02\/i-red.png","medium_large-width":518,"medium_large-height":97,"large":"https:\/\/www.tereos.com\/app\/uploads\/sites\/7\/2023\/02\/i-red.png","large-width":518,"large-height":97,"1536x1536":"https:\/\/www.tereos.com\/app\/uploads\/sites\/7\/2023\/02\/i-red.png","1536x1536-width":518,"1536x1536-height":97,"2048x2048":"https:\/\/www.tereos.com\/app\/uploads\/sites\/7\/2023\/02\/i-red.png","2048x2048-width":518,"2048x2048-height":97}},"text":"<p>A certifica\u00e7\u00e3o I-REC garante que a energia el\u00e9trica produzida em nossas unidades industriais \u00e9 proveniente de fontes renov\u00e1veis e limpas. Al\u00e9m disso, permite a comercializa\u00e7\u00e3o de cr\u00e9ditos de energia renov\u00e1vel, fortalecendo nossa agenda ESG com parceiros.<\/p>\n"},{"title":"Bonsucro EU RED","image":{"ID":9738,"id":9738,"title":"Ativo 5-8","filename":"ativo-5-8.png","filesize":14805,"url":"https:\/\/www.tereos.com\/app\/uploads\/sites\/7\/2023\/02\/ativo-5-8.png","link":"https:\/\/br.tereos.com\/pt-pt\/sustentabilidade\/relatorio-de-sustentabilidade-2021-22\/ativo-5-8\/","alt":"","author":"278","description":"","caption":"","name":"ativo-5-8","status":"inherit","uploaded_to":9660,"date":"2023-02-26 18:32:02","modified":"2023-02-26 18:32:02","menu_order":0,"mime_type":"image\/png","type":"image","subtype":"png","icon":"https:\/\/br.tereos.com\/wp\/wp-includes\/images\/media\/default.png","width":781,"height":301,"sizes":{"thumbnail":"https:\/\/www.tereos.com\/app\/uploads\/sites\/7\/2023\/02\/ativo-5-8-150x150.png","thumbnail-width":150,"thumbnail-height":150,"medium":"https:\/\/www.tereos.com\/app\/uploads\/sites\/7\/2023\/02\/ativo-5-8-300x116.png","medium-width":300,"medium-height":116,"medium_large":"https:\/\/www.tereos.com\/app\/uploads\/sites\/7\/2023\/02\/ativo-5-8.png","medium_large-width":768,"medium_large-height":296,"large":"https:\/\/www.tereos.com\/app\/uploads\/sites\/7\/2023\/02\/ativo-5-8.png","large-width":781,"large-height":301,"1536x1536":"https:\/\/www.tereos.com\/app\/uploads\/sites\/7\/2023\/02\/ativo-5-8.png","1536x1536-width":781,"1536x1536-height":301,"2048x2048":"https:\/\/www.tereos.com\/app\/uploads\/sites\/7\/2023\/02\/ativo-5-8.png","2048x2048-width":781,"2048x2048-height":301}},"text":"<p>J\u00e1 com a conquista da certifica\u00e7\u00e3o Bonsucro EU RED, asseguramos que o etanol atende \u00e0s Diretrizes Europeias para a comercializa\u00e7\u00e3o do\u00a0 biocombust\u00edvel na regi\u00e3o, expandindo nossas exporta\u00e7\u00f5es para mais um importante mercado.<\/p>\n"}]},{"acf_fc_layout":"rich_text","anchor_title":"","text":"<p><img loading=\"lazy\" decoding=\"async\" class=\"aligncenter size-full wp-image-9819\" src=\"https:\/\/tereos.com\/app\/uploads\/sites\/7\/2023\/03\/baixo-carbono.png\" alt=\"\" width=\"1145\" height=\"101\" srcset=\"https:\/\/www.tereos.com\/app\/uploads\/sites\/7\/2023\/03\/baixo-carbono.png 1145w, https:\/\/www.tereos.com\/app\/uploads\/sites\/7\/2023\/03\/baixo-carbono-300x26.png 300w\" sizes=\"(max-width: 1145px) 100vw, 1145px\" \/><\/p>\n<p>Temos o compromisso de diminuir a intensidade de emiss\u00e3o de gases do efeito estufa em nossas opera\u00e7\u00f5es. Entre as iniciativas que j\u00e1 adotamos est\u00e3o a redu\u00e7\u00e3o do uso de fertilizantes nitrogenados por meio da amplia\u00e7\u00e3o do uso de vinha\u00e7a localizada, e substitui\u00e7\u00e3o do manejo cl\u00e1ssico dos nossos canaviais por alternativas org\u00e2nicas.<\/p>\n<p>Para o futuro, buscamos alternativas para o abastecimento da frota de caminh\u00f5es, como o biometano. Nossa ambi\u00e7\u00e3o \u00e9 de realizar a substitui\u00e7\u00e3o gradual do diesel at\u00e9 2030, reduzindo significativamente nossas emiss\u00f5es.<\/p>\n<p>Al\u00e9m disso, j\u00e1 atuamos em um modelo de economia circular que nos permite extrair o m\u00e1ximo valor das nossas mat\u00e9rias-primas e ter uma gest\u00e3o eficiente do nosso impacto no ambiente e consumo de recursos. Confira:<\/p>\n<p><a href=\"https:\/\/tereos.com\/app\/uploads\/sites\/7\/2023\/03\/economia-circular-12.png\" target=\"_blank\" rel=\"noopener\"><img loading=\"lazy\" decoding=\"async\" class=\"aligncenter wp-image-9820 size-full\" src=\"https:\/\/tereos.com\/app\/uploads\/sites\/7\/2023\/03\/economia-circular-12.png\" alt=\"\" width=\"1920\" height=\"1010\" srcset=\"https:\/\/www.tereos.com\/app\/uploads\/sites\/7\/2023\/03\/economia-circular-12.png 1920w, https:\/\/www.tereos.com\/app\/uploads\/sites\/7\/2023\/03\/economia-circular-12-300x158.png 300w, https:\/\/www.tereos.com\/app\/uploads\/sites\/7\/2023\/03\/economia-circular-12-1536x808.png 1536w\" sizes=\"(max-width: 1920px) 100vw, 1920px\" \/><\/a><\/p>\n"},{"acf_fc_layout":"rich_text","anchor_title":"","text":"<p><img loading=\"lazy\" decoding=\"async\" class=\"aligncenter size-full wp-image-9805\" src=\"https:\/\/tereos.com\/app\/uploads\/sites\/7\/2023\/03\/ativo-14-12.png\" alt=\"\" width=\"1921\" height=\"453\" srcset=\"https:\/\/www.tereos.com\/app\/uploads\/sites\/7\/2023\/03\/ativo-14-12.png 1921w, https:\/\/www.tereos.com\/app\/uploads\/sites\/7\/2023\/03\/ativo-14-12-300x71.png 300w, https:\/\/www.tereos.com\/app\/uploads\/sites\/7\/2023\/03\/ativo-14-12-1536x362.png 1536w\" sizes=\"(max-width: 1921px) 100vw, 1921px\" \/><\/p>\n<table class=\"table\" style=\"width: 100%;border-collapse: collapse;border-style: hidden\" border=\"1\">\n<tbody>\n<tr>\n<td style=\"width: 50%\">Investimos em tecnologias digitais \u2013 intelig\u00eancia artificial, <em>big data, advanced analytics,<\/em> g\u00eameo digital, otimizador em tempo real e internet das coisas (IoT) \u2013 para trazer mais resultados estrat\u00e9gicos ao nosso neg\u00f3cio.<\/p>\n<p><img loading=\"lazy\" decoding=\"async\" class=\"aligncenter size-full wp-image-9749\" src=\"https:\/\/tereos.com\/app\/uploads\/sites\/7\/2023\/02\/ativo-13-8-1.png\" alt=\"\" width=\"1024\" height=\"101\" srcset=\"https:\/\/www.tereos.com\/app\/uploads\/sites\/7\/2023\/02\/ativo-13-8-1.png 1024w, https:\/\/www.tereos.com\/app\/uploads\/sites\/7\/2023\/02\/ativo-13-8-1-300x30.png 300w\" sizes=\"(max-width: 1024px) 100vw, 1024px\" \/><\/p>\n<p>Modelos estat\u00edsticos e de intelig\u00eancia artificial para apoio \u00e0 tomada de decis\u00e3o, visando ao aumento de produtividade para o canavial. O projeto teve in\u00edcio em 2017 e, atualmente, conta com 75 esta\u00e7\u00f5es meteorol\u00f3gicas e dados de sat\u00e9lites para acompanhar a varia\u00e7\u00e3o e perspectivas clim\u00e1ticas para o canavial.<\/td>\n<td style=\"width: 50%\"><img loading=\"lazy\" decoding=\"async\" class=\"aligncenter size-full wp-image-9765\" src=\"https:\/\/tereos.com\/app\/uploads\/sites\/7\/2023\/02\/campo-tablet-1-12.png\" alt=\"\" width=\"1029\" height=\"1069\" srcset=\"https:\/\/www.tereos.com\/app\/uploads\/sites\/7\/2023\/02\/campo-tablet-1-12.png 1029w, https:\/\/www.tereos.com\/app\/uploads\/sites\/7\/2023\/02\/campo-tablet-1-12-289x300.png 289w\" sizes=\"(max-width: 1029px) 100vw, 1029px\" \/><\/td>\n<\/tr>\n<tr>\n<td style=\"width: 50%\"><strong><img loading=\"lazy\" decoding=\"async\" class=\"aligncenter size-full wp-image-9752\" src=\"https:\/\/tereos.com\/app\/uploads\/sites\/7\/2023\/02\/ativo-11-8.png\" alt=\"\" width=\"1024\" height=\"101\" srcset=\"https:\/\/www.tereos.com\/app\/uploads\/sites\/7\/2023\/02\/ativo-11-8.png 1024w, https:\/\/www.tereos.com\/app\/uploads\/sites\/7\/2023\/02\/ativo-11-8-300x30.png 300w\" sizes=\"(max-width: 1024px) 100vw, 1024px\" \/><\/strong><\/p>\n<p>Plataforma digital que centraliza a maior parte das informa\u00e7\u00f5es relacionadas \u00e0 produ\u00e7\u00e3o agr\u00edcola, como contratos de produtores rurais, planejamento da safra, registros das opera\u00e7\u00f5es, estat\u00edsticas de colheitas e pre\u00e7os.<\/p>\n<p>&nbsp;<\/p>\n<p><img loading=\"lazy\" decoding=\"async\" class=\"aligncenter size-full wp-image-9751\" src=\"https:\/\/tereos.com\/app\/uploads\/sites\/7\/2023\/02\/agtech-8.png\" alt=\"\" width=\"1024\" height=\"101\" srcset=\"https:\/\/www.tereos.com\/app\/uploads\/sites\/7\/2023\/02\/agtech-8.png 1024w, https:\/\/www.tereos.com\/app\/uploads\/sites\/7\/2023\/02\/agtech-8-300x30.png 300w\" sizes=\"(max-width: 1024px) 100vw, 1024px\" \/><strong>A parceria com AgTech Garage<\/strong>, um dos principais hubs de inova\u00e7\u00e3o do agroneg\u00f3cio, tem o objetivo de estimular a inova\u00e7\u00e3o dentro da organiza\u00e7\u00e3o.<\/td>\n<td style=\"width: 50%\"><img loading=\"lazy\" decoding=\"async\" class=\"aligncenter size-full wp-image-9745\" src=\"https:\/\/tereos.com\/app\/uploads\/sites\/7\/2023\/02\/imagens-sepadaras-relatorio-de-sustentabilidade-esg-imagem-prancheta-8.png\" alt=\"\" width=\"762\" height=\"470\" srcset=\"https:\/\/www.tereos.com\/app\/uploads\/sites\/7\/2023\/02\/imagens-sepadaras-relatorio-de-sustentabilidade-esg-imagem-prancheta-8.png 762w, https:\/\/www.tereos.com\/app\/uploads\/sites\/7\/2023\/02\/imagens-sepadaras-relatorio-de-sustentabilidade-esg-imagem-prancheta-8-300x185.png 300w\" sizes=\"(max-width: 762px) 100vw, 762px\" \/><\/td>\n<\/tr>\n<tr>\n<td style=\"width: 50%\"><strong><img loading=\"lazy\" decoding=\"async\" class=\"aligncenter size-full wp-image-9764\" src=\"https:\/\/tereos.com\/app\/uploads\/sites\/7\/2023\/02\/coa-1-12.png\" alt=\"\" width=\"975\" height=\"855\" srcset=\"https:\/\/www.tereos.com\/app\/uploads\/sites\/7\/2023\/02\/coa-1-12.png 975w, https:\/\/www.tereos.com\/app\/uploads\/sites\/7\/2023\/02\/coa-1-12-300x263.png 300w\" sizes=\"(max-width: 975px) 100vw, 975px\" \/><\/strong><\/td>\n<td style=\"width: 50%\"><img loading=\"lazy\" decoding=\"async\" class=\"aligncenter size-full wp-image-9748\" src=\"https:\/\/tereos.com\/app\/uploads\/sites\/7\/2023\/02\/ativo-12-8.png\" alt=\"\" width=\"1024\" height=\"101\" srcset=\"https:\/\/www.tereos.com\/app\/uploads\/sites\/7\/2023\/02\/ativo-12-8.png 1024w, https:\/\/www.tereos.com\/app\/uploads\/sites\/7\/2023\/02\/ativo-12-8-300x30.png 300w\" sizes=\"(max-width: 1024px) 100vw, 1024px\" \/><\/p>\n<p>Implementado em 2019 na unidade Cruz Alta, o programa funciona como uma \u201cind\u00fastria do futuro\u201d e avan\u00e7ou na modelagem dos fluxos de produ\u00e7\u00e3o de a\u00e7\u00facar, energia e etanol e no uso de algoritmos para controle dos processos, por meio de uma plataforma de captura de dados dos sensores de equipamentos (IoT).<\/p>\n<p><img loading=\"lazy\" decoding=\"async\" class=\"aligncenter size-full wp-image-9750\" src=\"https:\/\/tereos.com\/app\/uploads\/sites\/7\/2023\/02\/coa-8-1.png\" alt=\"\" width=\"1024\" height=\"101\" srcset=\"https:\/\/www.tereos.com\/app\/uploads\/sites\/7\/2023\/02\/coa-8-1.png 1024w, https:\/\/www.tereos.com\/app\/uploads\/sites\/7\/2023\/02\/coa-8-1-300x30.png 300w\" sizes=\"(max-width: 1024px) 100vw, 1024px\" \/><\/p>\n<p><strong>Em 2022, lan\u00e7amos oficialmente o COA<\/strong>, uma central de controle com diversas funcionalidades incorporadas, como controle de tr\u00e1fego de cana e monitoramento dos equipamentos de CTT (Colheita, Transbordamento e Transporte), al\u00e9m de novos estudos para buscar o m\u00e1ximo potencial das opera\u00e7\u00f5es.<\/td>\n<\/tr>\n<\/tbody>\n<\/table>\n<p>&nbsp;<\/p>\n"},{"acf_fc_layout":"rich_text","anchor_title":"","text":"<p><img loading=\"lazy\" decoding=\"async\" class=\"aligncenter size-full wp-image-9806\" src=\"https:\/\/tereos.com\/app\/uploads\/sites\/7\/2023\/03\/ativo-2-12.png\" alt=\"\" width=\"1921\" height=\"453\" srcset=\"https:\/\/www.tereos.com\/app\/uploads\/sites\/7\/2023\/03\/ativo-2-12.png 1921w, https:\/\/www.tereos.com\/app\/uploads\/sites\/7\/2023\/03\/ativo-2-12-300x71.png 300w, https:\/\/www.tereos.com\/app\/uploads\/sites\/7\/2023\/03\/ativo-2-12-1536x362.png 1536w\" sizes=\"(max-width: 1921px) 100vw, 1921px\" \/><\/p>\n<table class=\"table\" style=\"width: 100%;border-collapse: collapse;border-style: hidden\" border=\"1\">\n<tbody>\n<tr style=\"height: 24px\">\n<td style=\"width: 50%;height: 24px\">Acreditamos que as pessoas s\u00e3o essenciais para o sucesso da empresa e, por essa raz\u00e3o, estimulamos uma cultura focada na valoriza\u00e7\u00e3o dos colaboradores e temos como prioridade investir nos talentos internos para proporcionar oportunidades de desenvolvimento e crescimento de carreira.<img loading=\"lazy\" decoding=\"async\" class=\"aligncenter size-full wp-image-9760\" src=\"https:\/\/tereos.com\/app\/uploads\/sites\/7\/2023\/02\/recorte-rh-8.png\" alt=\"\" width=\"877\" height=\"287\" srcset=\"https:\/\/www.tereos.com\/app\/uploads\/sites\/7\/2023\/02\/recorte-rh-8.png 877w, https:\/\/www.tereos.com\/app\/uploads\/sites\/7\/2023\/02\/recorte-rh-8-300x98.png 300w\" sizes=\"(max-width: 877px) 100vw, 877px\" \/><\/p>\n<p><strong>Atualmente, a empresa conta com <\/strong><strong>quatro programas de entrada:<\/strong><br \/>\nJovens Talentos (programa de est\u00e1gio que registrou crescimento de 13% em rela\u00e7\u00e3o ao ano anterior), Summer Experience (programa de est\u00e1gio de f\u00e9rias), Programa de Aprendizes e Programa de Trainees.<\/td>\n<td style=\"width: 50%;height: 24px\"><img loading=\"lazy\" decoding=\"async\" class=\"aligncenter size-full wp-image-9762\" src=\"https:\/\/tereos.com\/app\/uploads\/sites\/7\/2023\/02\/ilustracao-rh-8.png\" alt=\"\" width=\"931\" height=\"998\" srcset=\"https:\/\/www.tereos.com\/app\/uploads\/sites\/7\/2023\/02\/ilustracao-rh-8.png 931w, https:\/\/www.tereos.com\/app\/uploads\/sites\/7\/2023\/02\/ilustracao-rh-8-280x300.png 280w\" sizes=\"(max-width: 931px) 100vw, 931px\" \/><\/td>\n<\/tr>\n<\/tbody>\n<\/table>\n<p><img loading=\"lazy\" decoding=\"async\" class=\"aligncenter size-full wp-image-9761\" src=\"https:\/\/tereos.com\/app\/uploads\/sites\/7\/2023\/02\/programas-rh-8.png\" alt=\"\" width=\"1920\" height=\"525\" srcset=\"https:\/\/www.tereos.com\/app\/uploads\/sites\/7\/2023\/02\/programas-rh-8.png 1920w, https:\/\/www.tereos.com\/app\/uploads\/sites\/7\/2023\/02\/programas-rh-8-300x82.png 300w, https:\/\/www.tereos.com\/app\/uploads\/sites\/7\/2023\/02\/programas-rh-8-1536x420.png 1536w\" sizes=\"(max-width: 1920px) 100vw, 1920px\" \/><\/p>\n<p>Recebemos, em 2022, a certifica\u00e7\u00e3o <strong>GPTW (Great Place to Work)<\/strong>, selo conferido \u00e0s empresas com alto n\u00edvel de qualidade do ambiente de trabalho e cultura organizacional.<\/p>\n<p>Contamos ainda com diversos programas para desenvolvimento e aperfei\u00e7oamento dos times internos, como <strong>Supervisores em A\u00e7\u00e3o, Gestores de Alta Performance, L\u00edder de Primeira Linha, Learn to Lead, Programa Desempenho e Leadership Program.<\/strong><\/p>\n<p>No ciclo 2021\/2022, foram investidos cerca de <strong>R$ 3,8 milh\u00f5es em a\u00e7\u00f5es voltadas a aperfei\u00e7oamento e desenvolvimento profissional.<\/strong><\/p>\n<h3>Diversifica Tereos<\/h3>\n<p style=\"text-align: left\">A diversidade, equidade e inclus\u00e3o s\u00e3o princ\u00edpios b\u00e1sicos que norteiam as a\u00e7\u00f5es da Tereos. Nossas pol\u00edticas e compromissos nesse segmento est\u00e3o publicados na cartilha Diversifica Tereos.<\/p>\n<p style=\"text-align: left\">A Tereos conta com programas de capacita\u00e7\u00e3o e processos seletivos exclusivos para o p\u00fablico feminino, refor\u00e7ando a preocupa\u00e7\u00e3o com o desenvolvimento e cria\u00e7\u00e3o de novas oportunidades para as mulheres.<\/p>\n<p style=\"text-align: left\">Possu\u00edmos como meta ter 15% de mulheres na for\u00e7a de trabalho e 17,5% em cargos de lideran\u00e7a at\u00e9 2030.<\/p>\n<table class=\"table\" style=\"width: 100%;border-collapse: collapse;border-style: hidden\" border=\"1\">\n<tbody>\n<tr>\n<td style=\"width: 50%\"><img loading=\"lazy\" decoding=\"async\" class=\"aligncenter size-full wp-image-9766\" src=\"https:\/\/tereos.com\/app\/uploads\/sites\/7\/2023\/02\/ilustracao-rh-mulheres-8-1.png\" alt=\"\" width=\"1086\" height=\"901\" srcset=\"https:\/\/www.tereos.com\/app\/uploads\/sites\/7\/2023\/02\/ilustracao-rh-mulheres-8-1.png 1086w, https:\/\/www.tereos.com\/app\/uploads\/sites\/7\/2023\/02\/ilustracao-rh-mulheres-8-1-300x249.png 300w\" sizes=\"(max-width: 1086px) 100vw, 1086px\" \/><\/p>\n<p>&nbsp;<\/td>\n<td style=\"width: 50%\"><img loading=\"lazy\" decoding=\"async\" class=\"aligncenter size-full wp-image-9807\" src=\"https:\/\/tereos.com\/app\/uploads\/sites\/7\/2023\/03\/ativo-15-12.png\" alt=\"\" width=\"1024\" height=\"101\" srcset=\"https:\/\/www.tereos.com\/app\/uploads\/sites\/7\/2023\/03\/ativo-15-12.png 1024w, https:\/\/www.tereos.com\/app\/uploads\/sites\/7\/2023\/03\/ativo-15-12-300x30.png 300w\" sizes=\"(max-width: 1024px) 100vw, 1024px\" \/><\/p>\n<p><strong>A sa\u00fade e seguran\u00e7a do trabalho tamb\u00e9m s\u00e3o temas priorit\u00e1rios para a companhia.<\/strong> Assim, todos os colaboradores t\u00eam acesso a um manual com informa\u00e7\u00f5es gerais de seguran\u00e7a, al\u00e9m de treinamentos frequentes.<\/p>\n<p><strong>Em 2022, criamos o programa SEJA,<\/strong> que promove a evolu\u00e7\u00e3o da cultura de seguran\u00e7a com participa\u00e7\u00e3o de todas as \u00e1reas dentro da companhia. O programa \u00e9 baseado em tr\u00eas pilares: gest\u00e3o de risco, sistema de gest\u00e3o H&amp;S (Gest\u00e3o de Sa\u00fade e Seguran\u00e7a Ocupacional) e responsabiliza\u00e7\u00e3o da lideran\u00e7a.<\/td>\n<\/tr>\n<\/tbody>\n<\/table>\n<p>&nbsp;<\/p>\n<p><img loading=\"lazy\" decoding=\"async\" class=\"aligncenter size-full wp-image-9776\" src=\"https:\/\/tereos.com\/app\/uploads\/sites\/7\/2023\/02\/imagens-separadas-relatorio-de-sustentabilidade-esg-imagem-prancheta-12.jpg\" alt=\"\" width=\"1920\" height=\"1080\" srcset=\"https:\/\/www.tereos.com\/app\/uploads\/sites\/7\/2023\/02\/imagens-separadas-relatorio-de-sustentabilidade-esg-imagem-prancheta-12.jpg 1920w, https:\/\/www.tereos.com\/app\/uploads\/sites\/7\/2023\/02\/imagens-separadas-relatorio-de-sustentabilidade-esg-imagem-prancheta-12-300x169.jpg 300w, https:\/\/www.tereos.com\/app\/uploads\/sites\/7\/2023\/02\/imagens-separadas-relatorio-de-sustentabilidade-esg-imagem-prancheta-12-1536x864.jpg 1536w\" sizes=\"(max-width: 1920px) 100vw, 1920px\" \/><\/p>\n"}]}},"yoast_head":"<!-- This site is optimized with the Yoast SEO plugin v23.7 - https:\/\/yoast.com\/wordpress\/plugins\/seo\/ -->\n<title>Relat\u00f3rio de Sustentabilidade 2021\/22 - Brasil<\/title>\n<meta name=\"robots\" content=\"index, follow, max-snippet:-1, max-image-preview:large, max-video-preview:-1\" \/>\n<link rel=\"canonical\" href=\"https:\/\/br.tereos.com\/pt-pt\/sustentabilidade\/relatorio-de-sustentabilidade-2021-22\/\" \/>\n<meta property=\"og:locale\" content=\"pt_PT\" \/>\n<meta property=\"og:type\" content=\"article\" \/>\n<meta property=\"og:title\" content=\"Relat\u00f3rio de Sustentabilidade 2021\/22 - Brasil\" \/>\n<meta property=\"og:url\" content=\"https:\/\/br.tereos.com\/pt-pt\/sustentabilidade\/relatorio-de-sustentabilidade-2021-22\/\" \/>\n<meta property=\"og:site_name\" content=\"Brasil\" \/>\n<meta property=\"article:modified_time\" content=\"2023-04-03T13:15:52+00:00\" \/>\n<meta property=\"og:image\" content=\"https:\/\/www.tereos.com\/app\/uploads\/sites\/7\/2023\/02\/nova-cover.png\" \/>\n\t<meta property=\"og:image:width\" content=\"1024\" \/>\n\t<meta property=\"og:image:height\" content=\"400\" \/>\n\t<meta property=\"og:image:type\" content=\"image\/png\" \/>\n<meta name=\"twitter:card\" content=\"summary_large_image\" \/>\n<script type=\"application\/ld+json\" class=\"yoast-schema-graph\">{\"@context\":\"https:\/\/schema.org\",\"@graph\":[{\"@type\":\"WebPage\",\"@id\":\"https:\/\/br.tereos.com\/pt-pt\/sustentabilidade\/relatorio-de-sustentabilidade-2021-22\/\",\"url\":\"https:\/\/br.tereos.com\/pt-pt\/sustentabilidade\/relatorio-de-sustentabilidade-2021-22\/\",\"name\":\"Relat\u00f3rio de Sustentabilidade 2021\/22 - Brasil\",\"isPartOf\":{\"@id\":\"https:\/\/br.tereos.com\/pt-pt\/#website\"},\"primaryImageOfPage\":{\"@id\":\"https:\/\/br.tereos.com\/pt-pt\/sustentabilidade\/relatorio-de-sustentabilidade-2021-22\/#primaryimage\"},\"image\":{\"@id\":\"https:\/\/br.tereos.com\/pt-pt\/sustentabilidade\/relatorio-de-sustentabilidade-2021-22\/#primaryimage\"},\"thumbnailUrl\":\"https:\/\/www.tereos.com\/app\/uploads\/sites\/7\/2023\/02\/nova-cover.png\",\"datePublished\":\"2023-02-26T19:33:40+00:00\",\"dateModified\":\"2023-04-03T13:15:52+00:00\",\"breadcrumb\":{\"@id\":\"https:\/\/br.tereos.com\/pt-pt\/sustentabilidade\/relatorio-de-sustentabilidade-2021-22\/#breadcrumb\"},\"inLanguage\":\"pt-PT\",\"potentialAction\":[{\"@type\":\"ReadAction\",\"target\":[\"https:\/\/br.tereos.com\/pt-pt\/sustentabilidade\/relatorio-de-sustentabilidade-2021-22\/\"]}]},{\"@type\":\"ImageObject\",\"inLanguage\":\"pt-PT\",\"@id\":\"https:\/\/br.tereos.com\/pt-pt\/sustentabilidade\/relatorio-de-sustentabilidade-2021-22\/#primaryimage\",\"url\":\"https:\/\/www.tereos.com\/app\/uploads\/sites\/7\/2023\/02\/nova-cover.png\",\"contentUrl\":\"https:\/\/www.tereos.com\/app\/uploads\/sites\/7\/2023\/02\/nova-cover.png\",\"width\":1920,\"height\":750},{\"@type\":\"BreadcrumbList\",\"@id\":\"https:\/\/br.tereos.com\/pt-pt\/sustentabilidade\/relatorio-de-sustentabilidade-2021-22\/#breadcrumb\",\"itemListElement\":[{\"@type\":\"ListItem\",\"position\":1,\"name\":\"Home\",\"item\":\"https:\/\/br.tereos.com\/pt-pt\/\"},{\"@type\":\"ListItem\",\"position\":2,\"name\":\"Sustentabilidade\",\"item\":\"https:\/\/br.tereos.com\/pt-pt\/sustentabilidade\/\"},{\"@type\":\"ListItem\",\"position\":3,\"name\":\"Relat\u00f3rio de Sustentabilidade 2021\/22\"}]},{\"@type\":\"WebSite\",\"@id\":\"https:\/\/br.tereos.com\/pt-pt\/#website\",\"url\":\"https:\/\/br.tereos.com\/pt-pt\/\",\"name\":\"Brasil\",\"description\":\"Un site utilisant WordPress\",\"potentialAction\":[{\"@type\":\"SearchAction\",\"target\":{\"@type\":\"EntryPoint\",\"urlTemplate\":\"https:\/\/br.tereos.com\/pt-pt\/?s={search_term_string}\"},\"query-input\":{\"@type\":\"PropertyValueSpecification\",\"valueRequired\":true,\"valueName\":\"search_term_string\"}}],\"inLanguage\":\"pt-PT\"}]}<\/script>\n<!-- \/ Yoast SEO plugin. -->","yoast_head_json":{"title":"Relat\u00f3rio de Sustentabilidade 2021\/22 - Brasil","robots":{"index":"index","follow":"follow","max-snippet":"max-snippet:-1","max-image-preview":"max-image-preview:large","max-video-preview":"max-video-preview:-1"},"canonical":"https:\/\/br.tereos.com\/pt-pt\/sustentabilidade\/relatorio-de-sustentabilidade-2021-22\/","og_locale":"pt_PT","og_type":"article","og_title":"Relat\u00f3rio de Sustentabilidade 2021\/22 - Brasil","og_url":"https:\/\/br.tereos.com\/pt-pt\/sustentabilidade\/relatorio-de-sustentabilidade-2021-22\/","og_site_name":"Brasil","article_modified_time":"2023-04-03T13:15:52+00:00","og_image":[{"url":"https:\/\/www.tereos.com\/app\/uploads\/sites\/7\/2023\/02\/nova-cover.png","width":1024,"height":400,"type":"image\/png"}],"twitter_card":"summary_large_image","schema":{"@context":"https:\/\/schema.org","@graph":[{"@type":"WebPage","@id":"https:\/\/br.tereos.com\/pt-pt\/sustentabilidade\/relatorio-de-sustentabilidade-2021-22\/","url":"https:\/\/br.tereos.com\/pt-pt\/sustentabilidade\/relatorio-de-sustentabilidade-2021-22\/","name":"Relat\u00f3rio de Sustentabilidade 2021\/22 - Brasil","isPartOf":{"@id":"https:\/\/br.tereos.com\/pt-pt\/#website"},"primaryImageOfPage":{"@id":"https:\/\/br.tereos.com\/pt-pt\/sustentabilidade\/relatorio-de-sustentabilidade-2021-22\/#primaryimage"},"image":{"@id":"https:\/\/br.tereos.com\/pt-pt\/sustentabilidade\/relatorio-de-sustentabilidade-2021-22\/#primaryimage"},"thumbnailUrl":"https:\/\/www.tereos.com\/app\/uploads\/sites\/7\/2023\/02\/nova-cover.png","datePublished":"2023-02-26T19:33:40+00:00","dateModified":"2023-04-03T13:15:52+00:00","breadcrumb":{"@id":"https:\/\/br.tereos.com\/pt-pt\/sustentabilidade\/relatorio-de-sustentabilidade-2021-22\/#breadcrumb"},"inLanguage":"pt-PT","potentialAction":[{"@type":"ReadAction","target":["https:\/\/br.tereos.com\/pt-pt\/sustentabilidade\/relatorio-de-sustentabilidade-2021-22\/"]}]},{"@type":"ImageObject","inLanguage":"pt-PT","@id":"https:\/\/br.tereos.com\/pt-pt\/sustentabilidade\/relatorio-de-sustentabilidade-2021-22\/#primaryimage","url":"https:\/\/www.tereos.com\/app\/uploads\/sites\/7\/2023\/02\/nova-cover.png","contentUrl":"https:\/\/www.tereos.com\/app\/uploads\/sites\/7\/2023\/02\/nova-cover.png","width":1920,"height":750},{"@type":"BreadcrumbList","@id":"https:\/\/br.tereos.com\/pt-pt\/sustentabilidade\/relatorio-de-sustentabilidade-2021-22\/#breadcrumb","itemListElement":[{"@type":"ListItem","position":1,"name":"Home","item":"https:\/\/br.tereos.com\/pt-pt\/"},{"@type":"ListItem","position":2,"name":"Sustentabilidade","item":"https:\/\/br.tereos.com\/pt-pt\/sustentabilidade\/"},{"@type":"ListItem","position":3,"name":"Relat\u00f3rio de Sustentabilidade 2021\/22"}]},{"@type":"WebSite","@id":"https:\/\/br.tereos.com\/pt-pt\/#website","url":"https:\/\/br.tereos.com\/pt-pt\/","name":"Brasil","description":"Un site utilisant WordPress","potentialAction":[{"@type":"SearchAction","target":{"@type":"EntryPoint","urlTemplate":"https:\/\/br.tereos.com\/pt-pt\/?s={search_term_string}"},"query-input":{"@type":"PropertyValueSpecification","valueRequired":true,"valueName":"search_term_string"}}],"inLanguage":"pt-PT"}]}},"_links":{"self":[{"href":"https:\/\/br.tereos.com\/pt-pt\/wp-json\/wp\/v2\/pages\/9660"}],"collection":[{"href":"https:\/\/br.tereos.com\/pt-pt\/wp-json\/wp\/v2\/pages"}],"about":[{"href":"https:\/\/br.tereos.com\/pt-pt\/wp-json\/wp\/v2\/types\/page"}],"author":[{"embeddable":true,"href":"https:\/\/br.tereos.com\/pt-pt\/wp-json\/wp\/v2\/users\/278"}],"replies":[{"embeddable":true,"href":"https:\/\/br.tereos.com\/pt-pt\/wp-json\/wp\/v2\/comments?post=9660"}],"version-history":[{"count":3,"href":"https:\/\/br.tereos.com\/pt-pt\/wp-json\/wp\/v2\/pages\/9660\/revisions"}],"predecessor-version":[{"id":9850,"href":"https:\/\/br.tereos.com\/pt-pt\/wp-json\/wp\/v2\/pages\/9660\/revisions\/9850"}],"up":[{"embeddable":true,"href":"https:\/\/br.tereos.com\/pt-pt\/wp-json\/wp\/v2\/pages\/9114"}],"wp:featuredmedia":[{"embeddable":true,"href":"https:\/\/br.tereos.com\/pt-pt\/wp-json\/wp\/v2\/media\/9668"}],"wp:attachment":[{"href":"https:\/\/br.tereos.com\/pt-pt\/wp-json\/wp\/v2\/media?parent=9660"}],"curies":[{"name":"wp","href":"https:\/\/api.w.org\/{rel}","templated":true}]}}