{"id":8638,"date":"2021-12-22T21:16:44","date_gmt":"2021-12-22T20:16:44","guid":{"rendered":"https:\/\/br.tereos.com\/?page_id=8638"},"modified":"2023-02-17T14:48:25","modified_gmt":"2023-02-17T13:48:25","slug":"relatorio-sustentabilidade","status":"publish","type":"page","link":"https:\/\/br.tereos.com\/pt-pt\/sustentabilidade\/relatorio-sustentabilidade\/","title":{"rendered":"Relat\u00f3rio de sustentabilidade"},"content":{"rendered":"<div style=\"width: 1280px;\" class=\"wp-video\"><!--[if lt IE 9]><script>document.createElement('video');<\/script><![endif]-->\n<video class=\"wp-video-shortcode\" id=\"video-8638-1\" width=\"1280\" height=\"720\" autoplay=\"1\" preload=\"auto\" controls=\"controls\"><source type=\"video\/mp4\" src=\"https:\/\/tereos.com\/app\/uploads\/sites\/7\/2022\/01\/tereossustentabilidade-v02-semsom-20mb.mp4?_=1\" \/><br \/><a href=\"https:\/\/tereos.com\/app\/uploads\/sites\/7\/2022\/01\/tereossustentabilidade-v02-semsom-20mb.mp4\">https:\/\/tereos.com\/app\/uploads\/sites\/7\/2022\/01\/tereossustentabilidade-v02-semsom-20mb.mp4<\/a><\/video><\/div>\n<p>&nbsp;<\/p>\n<p>Como uma das l\u00edderes do setor sucroenerg\u00e9tico, temos o compromisso de fornecer produtos de qualidade com uma atua\u00e7\u00e3o \u00e9tica, social e ambientalmente respons\u00e1vel.<\/p>\n<h1>Relat\u00f3rios de Sustentabilidade<\/h1>\n<h2><strong>Safra 21\/22<\/strong><\/h2>\n<p>No Relat\u00f3rio de Sustentabilidade da safra 21\/22, anunciamos nossos principais resultados e avan\u00e7os em importantes indicadores sociais e ambientais. Confira o documento na \u00edntegra <a href=\"https:\/\/tereos.com\/app\/uploads\/sites\/7\/2022\/12\/relatorio-de-sustentabilidade-21-22-tseb.pdf\"><strong>clicando aqui<\/strong>.<\/a><\/p>\n<p>Para acessar o relat\u00f3rio 21\/22 em ingl\u00eas, <strong><a href=\"https:\/\/tereos.com\/app\/uploads\/sites\/7\/2023\/02\/tereos-rs2021-en-20230213.pdf\">clique aqui<\/a><\/strong>.<\/p>\n<h2><strong>Safra 20\/21<\/strong><\/h2>\n<p>Nosso primeiro relat\u00f3rio foi lan\u00e7ado em 2021. O documento detalhou a estrat\u00e9gia ESG da companhia e as principais metas. <a href=\"https:\/\/tereos.com\/app\/uploads\/sites\/7\/2021\/12\/tereos-rs2020-navegavel-03.pdf\"><strong>Clique aqui<\/strong><\/a> para acessar o material completo.<\/p>\n<p>Para acessar o relat\u00f3rio 20\/21 em ingl\u00eas, <strong><a href=\"https:\/\/tereos.com\/app\/uploads\/sites\/7\/2022\/01\/tereos-sustainability-report.pdf\">clique aqui.<\/a><\/strong><\/p>\n<p>&nbsp;<\/p>\n<h1>Nossa Ess\u00eancia<\/h1>\n<h2><strong>A Tereos A\u00e7\u00facar &amp; Energia Brasil<\/strong><\/h2>\n<p><span style=\"font-weight: 400\">Somos uma empresa controlada pelo grupo franc\u00eas Tereos, o segundo maior produtor mundial de a\u00e7\u00facar. No Brasil, ocupamos o segundo lugar no ranking da produ\u00e7\u00e3o de a\u00e7\u00facar e a nossa sede est\u00e1 situada em Ol\u00edmpia, S\u00e3o Paulo.\u00a0<\/span><\/p>\n<p><span style=\"font-weight: 400\">Fornecemos produtos de qualidade, que saem de nossas sete unidades agroindustriais localizadas na regi\u00e3o noroeste do estado de S\u00e3o Paulo. Nosso portf\u00f3lio composto por a\u00e7\u00facar, etanol e energia nos permite atender clientes brasileiros e internacionais dos mercados de alimentos e bebidas, energia e nutri\u00e7\u00e3o animal.<\/span><\/p>\n<p><b>Composi\u00e7\u00e3o societ\u00e1ria\u00a0<\/b><\/p>\n<p><span style=\"font-weight: 400\">A Tereos A\u00e7\u00facar &amp; Energia Brasil tem como acionista controladora direta a <\/span><i><span style=\"font-weight: 400\">holding<\/span><\/i><span style=\"font-weight: 400\"> brasileira Tereos Internacional S.A., que det\u00e9m 57,27% de participa\u00e7\u00e3o societ\u00e1ria, e a e a Tereos Participations S.A.S. (francesa), com 42,73%, pertencentes ao grupo Tereos. O Grupo Tereos \u00e9 controlado pela Tereos SCA, uma sociedade cooperativa agr\u00edcola, de nacionalidade francesa, com a participa\u00e7\u00e3o de aproximadamente 12 mil cooperados.<\/span><\/p>\n<h2><strong>Onde estamos<\/strong><\/h2>\n<p><img loading=\"lazy\" decoding=\"async\" class=\"wp-image-8644 size-full aligncenter\" src=\"https:\/\/tereos.com\/app\/uploads\/sites\/7\/2021\/12\/mapa-e1640203474354.png\" alt=\"\" width=\"680\" height=\"687\" \/><\/p>\n<p>&nbsp;<\/p>\n<h2><img loading=\"lazy\" decoding=\"async\" class=\"aligncenter wp-image-8645 size-full\" src=\"https:\/\/tereos.com\/app\/uploads\/sites\/7\/2021\/12\/unidades-e1640203502910.png\" alt=\"\" width=\"460\" height=\"354\" \/><\/h2>\n<p>&nbsp;<\/p>\n<h2><strong>Agenda de sustentabilidade<\/strong><\/h2>\n<p><span style=\"font-weight: 400\">Os nossos oito temas materiais, alinhados \u00e0s diretrizes globais do Grupo Tereos, s\u00e3o importantes instrumentos para compreender como os p\u00fablicos veem os impactos e a gest\u00e3o da empresa. Os temas est\u00e3o conectados a 12 princ\u00edpios dos Objetivos de Desenvolvimento Sustent\u00e1vel (ODS) da Organiza\u00e7\u00e3o das Na\u00e7\u00f5es Unidas (ONU). <\/span><\/p>\n<p><strong>Nossos cinco pilares<\/strong><\/p>\n<p><strong>Agricultura de desempenho sustent\u00e1vel: <\/strong><span style=\"font-weight: 400\">conciliando o aumento da produtividade e a redu\u00e7\u00e3o da nossa pegada ambiental.<br \/>\n<\/span><strong>Ind\u00fastria positiva: <\/strong><span style=\"font-weight: 400\">reduzindo o consumo de \u00e1gua e energia e reaproveitando subprodutos n\u00e3o alimentares em nossas f\u00e1bricas.<br \/>\n<\/span><strong>Seguran\u00e7a: <\/strong><span style=\"font-weight: 400\">fazendo da sa\u00fade e da seguran\u00e7a as prioridades para nossos colaboradores e fornecedores.<br \/>\n<\/span><strong>Nutri\u00e7\u00e3o: <\/strong><span style=\"font-weight: 400\">desenvolvendo solu\u00e7\u00f5es inovadoras para atender \u00e0s necessidades nutricionais de nossos clientes.<br \/>\n<\/span><strong>Desenvolvimento local: <\/strong><span style=\"font-weight: 400\">apoiando o desenvolvimento de emprego e habilidades nas regi\u00f5es onde atuamos.<\/span><\/p>\n<p>&nbsp;<\/p>\n<p><img loading=\"lazy\" decoding=\"async\" class=\"alignnone wp-image-8650 size-full\" src=\"https:\/\/tereos.com\/app\/uploads\/sites\/7\/2021\/12\/mandala-completa-e1640203686598.png\" alt=\"\" width=\"920\" height=\"556\" \/><\/p>\n<p>&nbsp;<\/p>\n<h1>Como fazemos neg\u00f3cios<\/h1>\n<p><span style=\"font-weight: 400\"><img loading=\"lazy\" decoding=\"async\" class=\"aligncenter size-full wp-image-8690\" src=\"https:\/\/tereos.com\/app\/uploads\/sites\/7\/2021\/12\/imagem-certificacoes.png\" alt=\"\" width=\"920\" height=\"336\" srcset=\"https:\/\/www.tereos.com\/app\/uploads\/sites\/7\/2021\/12\/imagem-certificacoes.png 920w, https:\/\/www.tereos.com\/app\/uploads\/sites\/7\/2021\/12\/imagem-certificacoes-300x110.png 300w\" sizes=\"(max-width: 920px) 100vw, 920px\" \/><\/span><\/p>\n<p><span style=\"font-weight: 400\">Atuamos por meio de diversas frentes em sintonia com nossos princ\u00edpios, que guiam nosso jeito de trabalhar e conduzir uma gest\u00e3o sustent\u00e1vel a longo prazo.<\/span><b><\/b><\/p>\n<h2><strong>Nossa atua\u00e7\u00e3o<\/strong><\/h2>\n<p><strong>Cana-de-a\u00e7\u00facar<\/strong><\/p>\n<p><span style=\"font-weight: 400\">Encerramos o ciclo 2020\/2021 com recorde de produ\u00e7\u00e3o, alcan\u00e7ando 20,9 milh\u00f5es de toneladas de cana-de-a\u00e7\u00facar, crescimento de 10% em compara\u00e7\u00e3o com a safra anterior.\u00a0\u00a0<\/span><\/p>\n<p><span style=\"font-weight: 400\">A concentra\u00e7\u00e3o de A\u00e7\u00facares Totais Recuper\u00e1veis (ATR) foi de 12 toneladas de a\u00e7\u00facar por hectare, acima da m\u00e9dia do Centro-Sul. O ATR representa a qualidade da cana &#8211; a capacidade de ser convertida em a\u00e7\u00facar ou etanol.<\/span><\/p>\n<p><strong>A\u00e7\u00facar e biocombust\u00edvel (etanol)<\/strong><\/p>\n<p><span style=\"font-weight: 400\">O <\/span><i><span style=\"font-weight: 400\">mix<\/span><\/i><span style=\"font-weight: 400\"> de produ\u00e7\u00e3o fechou com 62% de a\u00e7\u00facar (1,9 milh\u00e3o de toneladas) \u2013 21% superior \u00e0 safra anterior \u2013 e 38% de etanol (738 mil metros c\u00fabicos), 13% a mais que o ciclo passado.\u00a0<\/span><\/p>\n<p><span style=\"font-weight: 400\">Com os recentes investimentos realizados em log\u00edstica, aumentamos as exporta\u00e7\u00f5es de a\u00e7\u00facar em 57% (1,15 milh\u00e3o de toneladas). No mercado brasileiro, a marca Guarani \u00e9 distribu\u00edda nas principais redes de varejo onde chega ao consumidor final.<\/span><\/p>\n<h4><span style=\"font-weight: 400\"><strong>Guarani Mais que A\u00e7\u00facar<\/strong><\/span><\/h4>\n<p><img loading=\"lazy\" decoding=\"async\" class=\"alignnone size-medium wp-image-8667\" src=\"https:\/\/tereos.com\/app\/uploads\/sites\/7\/2021\/12\/logo-guarani-300x111.jpg\" alt=\"\" width=\"300\" height=\"111\" srcset=\"https:\/\/www.tereos.com\/app\/uploads\/sites\/7\/2021\/12\/logo-guarani-300x111.jpg 300w, https:\/\/www.tereos.com\/app\/uploads\/sites\/7\/2021\/12\/logo-guarani.jpg 673w\" sizes=\"(max-width: 300px) 100vw, 300px\" \/><\/p>\n<p><span style=\"font-weight: 400\">Por meio da marca Guarani, chegamos aos lares de milhares de brasileiros. Entre 2020 e 2021, nossa loja virtual registrou aumento de 270% em n\u00famero de clientes. Os produtos da marca contam com o selo Eureciclo, ligado \u00e0 log\u00edstica reversa. No ciclo 2020\/2021, 267 toneladas de papel e pl\u00e1stico foram processadas por dezenas de cooperativas no Brasil gra\u00e7as \u00e0 parceria.<\/span><\/p>\n<p><strong>Bioeletricidade\u00a0<\/strong><\/p>\n<p><span style=\"font-weight: 400\">A gera\u00e7\u00e3o de energia proveniente do baga\u00e7o da cana (biomassa) tamb\u00e9m apresentou evolu\u00e7\u00e3o: 1.765 GWh contra 1.531 GWh do per\u00edodo anterior. Houve aumento de 18% na exporta\u00e7\u00e3o de energia para a rede el\u00e9trica, para 1.155 GWh, resultado de investimentos realizados nas unidades industriais.\u00a0<\/span><\/p>\n<p><strong>Outros produtos<\/strong><\/p>\n<p><b>Levedura seca de cana-de-a\u00e7\u00facar<\/b><span style=\"font-weight: 400\">: <\/span><span style=\"font-weight: 400\">voltada para a ind\u00fastria de nutri\u00e7\u00e3o animal, o produto fabricado na unidade de Mandu, em Gua\u00edra (SP), \u00e9 exportado para mais de 65 pa\u00edses. Em 2020, foram produzidas 4,5 mil toneladas de levedura.<\/span><\/p>\n<p>&nbsp;<\/p>\n<h2><strong>Modelo virtuoso<\/strong><\/h2>\n<p><span style=\"font-weight: 400\">Nosso crescimento \u00e9 baseado em um modelo sustent\u00e1vel que coloca a economia circular no centro da nossa atividade.<\/span><\/p>\n<p><img loading=\"lazy\" decoding=\"async\" class=\"alignnone size-full wp-image-8660\" src=\"https:\/\/tereos.com\/app\/uploads\/sites\/7\/2021\/12\/report-tereos-2021-diagrama-20211215-15.png\" alt=\"\" width=\"920\" height=\"597\" srcset=\"https:\/\/www.tereos.com\/app\/uploads\/sites\/7\/2021\/12\/report-tereos-2021-diagrama-20211215-15.png 920w, https:\/\/www.tereos.com\/app\/uploads\/sites\/7\/2021\/12\/report-tereos-2021-diagrama-20211215-15-300x195.png 300w\" sizes=\"(max-width: 920px) 100vw, 920px\" \/><\/p>\n<p>&nbsp;<\/p>\n<p><img loading=\"lazy\" decoding=\"async\" class=\"aligncenter size-full wp-image-8728\" src=\"https:\/\/tereos.com\/app\/uploads\/sites\/7\/2022\/01\/box-verde-1.png\" alt=\"\" width=\"920\" height=\"1111\" srcset=\"https:\/\/www.tereos.com\/app\/uploads\/sites\/7\/2022\/01\/box-verde-1.png 920w, https:\/\/www.tereos.com\/app\/uploads\/sites\/7\/2022\/01\/box-verde-1-248x300.png 248w\" sizes=\"(max-width: 920px) 100vw, 920px\" \/><\/p>\n<p><img loading=\"lazy\" decoding=\"async\" class=\"aligncenter size-full wp-image-8729\" src=\"https:\/\/tereos.com\/app\/uploads\/sites\/7\/2022\/01\/box-verde-2.png\" alt=\"\" width=\"920\" height=\"1111\" srcset=\"https:\/\/www.tereos.com\/app\/uploads\/sites\/7\/2022\/01\/box-verde-2.png 920w, https:\/\/www.tereos.com\/app\/uploads\/sites\/7\/2022\/01\/box-verde-2-248x300.png 248w\" sizes=\"(max-width: 920px) 100vw, 920px\" \/><\/p>\n<p>&nbsp;<\/p>\n<h1>Rela\u00e7\u00e3o com as pessoas e com o planeta<\/h1>\n<p><img loading=\"lazy\" decoding=\"async\" class=\"aligncenter size-full wp-image-8688\" src=\"https:\/\/tereos.com\/app\/uploads\/sites\/7\/2021\/12\/relacionamento-com-as-pessoas-crop.png\" alt=\"\" width=\"920\" height=\"336\" srcset=\"https:\/\/www.tereos.com\/app\/uploads\/sites\/7\/2021\/12\/relacionamento-com-as-pessoas-crop.png 920w, https:\/\/www.tereos.com\/app\/uploads\/sites\/7\/2021\/12\/relacionamento-com-as-pessoas-crop-300x110.png 300w\" sizes=\"(max-width: 920px) 100vw, 920px\" \/><\/p>\n<p><span style=\"font-weight: 400\">Buscamos a melhoria cont\u00ednua da gest\u00e3o para nossos colaboradores e em nossas opera\u00e7\u00f5es, estimulando uma atua\u00e7\u00e3o socioambientalmente respons\u00e1vel.<\/span><\/p>\n<p><b><\/b><strong>Nossa gente<\/strong><\/p>\n<blockquote><p><b>Promovemos o crescimento pessoal e profissional de nossos colaboradores.\u00a0\u00a0<\/b><\/p><\/blockquote>\n<p><span style=\"font-weight: 400\">8.357 funcion\u00e1rios na safra 2020\/2021\u00a0<\/span><\/p>\n<p><b>&gt; Ambi\u00e7\u00e3o para o ciclo 2029\/2030 \u00e9 ter 15% da nossa for\u00e7a de trabalho composta por mulheres.\u00a0<\/b><\/p>\n<p><img loading=\"lazy\" decoding=\"async\" class=\"alignnone size-medium wp-image-8677\" src=\"https:\/\/tereos.com\/app\/uploads\/sites\/7\/2021\/12\/diversifica-300x88.png\" alt=\"\" width=\"300\" height=\"88\" srcset=\"https:\/\/www.tereos.com\/app\/uploads\/sites\/7\/2021\/12\/diversifica-300x88.png 300w, https:\/\/www.tereos.com\/app\/uploads\/sites\/7\/2021\/12\/diversifica.png 419w\" sizes=\"(max-width: 300px) 100vw, 300px\" \/><\/p>\n<p><span style=\"font-weight: 400\">Criamos o Grupo de Afinidade Mulheres no Agro (Gama) que trabalha com iniciativas para alavancar a representatividade feminina.\u00a0<\/span><\/p>\n<p><span style=\"font-weight: 400\">Por meio do Programa Jovem Aprendiz, investimos na forma\u00e7\u00e3o feminina para o desempenho de fun\u00e7\u00f5es t\u00e9cnicas, no campo e na ind\u00fastria.<\/span><\/p>\n<p><b>&gt; Investimos na forma\u00e7\u00e3o da nossa equipe e incentivamos diferentes habilidades por meio de especializa\u00e7\u00f5es.\u00a0<\/b><\/p>\n<p><span style=\"font-weight: 400\">Em 2020, investimos R$ 2,2 milh\u00f5es em a\u00e7\u00f5es voltadas para o aperfei\u00e7oamento profissional\u00a0<\/span><\/p>\n<p><b>&gt; Promovemos a\u00e7\u00f5es de seguran\u00e7a para e preservar a sa\u00fade dos nossos colaboradores.\u00a0<\/b><\/p>\n<p><span style=\"font-weight: 400\">Acompanhamos diariamente os nossos indicadores e apoiamos todas as iniciativas que potencializam o cuidado ativo<\/span><\/p>\n<p><span style=\"font-weight: 400\">Criamos o plano de trabalho (<\/span><i><span style=\"font-weight: 400\">Workplan<\/span><\/i><span style=\"font-weight: 400\">) com todas as \u00e1reas para recebermos sugest\u00f5es para preven\u00e7\u00e3o de acidentes<\/span><\/p>\n<p><span style=\"font-weight: 400\">Todos os colaboradores s\u00e3o cobertos por um sistema de gest\u00e3o de sa\u00fade e seguran\u00e7a do trabalho e h\u00e1 uma avalia\u00e7\u00e3o de riscos para fun\u00e7\u00f5es e programas associados a elas.<\/span><\/p>\n<h2><strong>Gest\u00e3o socioambiental<\/strong><\/h2>\n<p><img loading=\"lazy\" decoding=\"async\" class=\"aligncenter size-full wp-image-8767\" src=\"https:\/\/tereos.com\/app\/uploads\/sites\/7\/2022\/02\/gestaao-socioambiental.jpg\" alt=\"\" width=\"920\" height=\"336\" srcset=\"https:\/\/www.tereos.com\/app\/uploads\/sites\/7\/2022\/02\/gestaao-socioambiental.jpg 920w, https:\/\/www.tereos.com\/app\/uploads\/sites\/7\/2022\/02\/gestaao-socioambiental-300x110.jpg 300w\" sizes=\"(max-width: 920px) 100vw, 920px\" \/><\/p>\n<p><b>&gt; Temos compromisso com a agricultura sustent\u00e1vel ao adotar e apoiar produtores com pr\u00e1ticas agr\u00edcolas parceiras do meio ambiente.<\/b><\/p>\n<p><span style=\"font-weight: 400\">Somos reconhecidos por institui\u00e7\u00f5es como a Bonsucro e a EcoVadis.<\/span><\/p>\n<p><b>&gt; Finan\u00e7as sustent\u00e1veis<\/b><\/p>\n<p><span style=\"font-weight: 400\">Encerramos a safra 2020\/2021 com mais de R$ 1 bilh\u00e3o em financiamentos verdes, valor que chegou a R$1,5 bilh\u00e3o no primeiro semestre de 2021.\u00a0<\/span><\/p>\n<p><span style=\"font-weight: 400\">Conclu\u00edmos a emiss\u00e3o de R$ 348 milh\u00f5es em Certificados de Receb\u00edveis do Agroneg\u00f3cio (CRA) \u2013 certificados pela consultoria Sitawi, especializada em finan\u00e7as sustent\u00e1veis.<\/span><\/p>\n<p><span style=\"font-weight: 400\">Finalizamos o primeiro financiamento sustent\u00e1vel do setor sucroenerg\u00e9tico brasileiro com empr\u00e9stimo de longo prazo, no valor de US$ 105 milh\u00f5es, ligado a metas ambientais.\u00a0<\/span><\/p>\n<p><span style=\"font-weight: 400\">Recebemos US$ 30 milh\u00f5es da Institui\u00e7\u00e3o Financeira de Desenvolvimento da Fran\u00e7a \u2013 a Proparco \u2013 para financiar projetos na \u00e1rea de produ\u00e7\u00e3o de energia limpa a partir de fontes sustent\u00e1veis, al\u00e9m de projetos ligados \u00e0 redu\u00e7\u00e3o de consumo de \u00e1gua, por exemplo.<\/span><\/p>\n<p><span style=\"font-weight: 400\">Alinhados ao nosso compromisso com a sustentabilidade, emitimos a primeira deb\u00eanture de infraestrutura no valor de R$ 480 milh\u00f5es.<\/span><\/p>\n<h2><strong>Energia<\/strong><\/h2>\n<p><span style=\"font-weight: 400\">Produzimos energia renov\u00e1vel por meio do baga\u00e7o da cana-de-a\u00e7\u00facar e fazemos a comercializa\u00e7\u00e3o diretamente para consumidores finais e leil\u00f5es promovidos pelo governo. Atualmente, nosso principal investimento na \u00e1rea est\u00e1 nas certifica\u00e7\u00f5es ligadas \u00e0 energia renov\u00e1vel, como o Selo Verde.<\/span><\/p>\n<p><span style=\"font-weight: 400\">Ao consumir e produzir energia, seguimos todas as normas e regulamenta\u00e7\u00e3o do setor el\u00e9trico brasileiro.<\/span><\/p>\n<h2><strong>\u00c1gua e efluentes<\/strong><\/h2>\n<p><img loading=\"lazy\" decoding=\"async\" class=\"size-full wp-image-8764\" src=\"https:\/\/tereos.com\/app\/uploads\/sites\/7\/2022\/02\/aguas-e-afluentes.jpg\" alt=\"\" width=\"920\" height=\"336\" srcset=\"https:\/\/www.tereos.com\/app\/uploads\/sites\/7\/2022\/02\/aguas-e-afluentes.jpg 920w, https:\/\/www.tereos.com\/app\/uploads\/sites\/7\/2022\/02\/aguas-e-afluentes-300x110.jpg 300w\" sizes=\"(max-width: 920px) 100vw, 920px\" \/><\/p>\n<p><span style=\"font-weight: 400\">Investimos R$ 1,2 milh\u00e3o durante a safra para monitorar \u00e1gua e efluentes e cada unidade tem metas para gera\u00e7\u00e3o de \u00e1gua residu\u00e1ria e capta\u00e7\u00e3o. Nosso projeto Gerenciamento, Otimiza\u00e7\u00e3o e Tratamento de \u00c1gua (G.O.T.A) proporcionou uma s\u00e9rie de iniciativas, como a instala\u00e7\u00e3o de medidores de vaz\u00e3o em todos os locais de capta\u00e7\u00e3o e pontos que necessitam de medi\u00e7\u00e3o de consumo.\u00a0<\/span><\/p>\n<p><span style=\"font-weight: 400\">Em virtude do processamento recorde de cana-de-a\u00e7\u00facar na safra 2020\/21, houve um aumento da nossa demanda por \u00e1gua captada, em rela\u00e7\u00e3o ao ciclo anterior. Mesmo com o aumento na demanda, a capta\u00e7\u00e3o por tonelada de cana mo\u00edda foi 3% menor, comprovando nossa efici\u00eancia no processo.<\/span><\/p>\n<h2><strong>Emiss\u00f5es<\/strong><\/h2>\n<p><img loading=\"lazy\" decoding=\"async\" class=\"size-full wp-image-8765\" src=\"https:\/\/tereos.com\/app\/uploads\/sites\/7\/2022\/02\/emissoes.jpg\" alt=\"\" width=\"920\" height=\"336\" srcset=\"https:\/\/www.tereos.com\/app\/uploads\/sites\/7\/2022\/02\/emissoes.jpg 920w, https:\/\/www.tereos.com\/app\/uploads\/sites\/7\/2022\/02\/emissoes-300x110.jpg 300w\" sizes=\"(max-width: 920px) 100vw, 920px\" \/><\/p>\n<p><span style=\"font-weight: 400\">O c\u00e1lculo e o monitoramento das emiss\u00f5es de gases de efeito estufa s\u00e3o fundamentais para criarmos estrat\u00e9gias de mitiga\u00e7\u00e3o, melhorias na gest\u00e3o e no processo produtivo. Ao adquirimos \u201cfinanciamentos verdes\u201d, nos comprometemos com metas de reduzir 3% ao ano, at\u00e9 2023, a intensidade de emiss\u00f5es (tCO<\/span><sub>2<\/sub><span style=\"font-weight: 400\">e por tonelada de cana).\u00a0<\/span><\/p>\n<p><span style=\"font-weight: 400\">Para isso, criamos a\u00e7\u00f5es diversas, como a substitui\u00e7\u00e3o de fertilizantes nitrogenados e redu\u00e7\u00e3o ou substitui\u00e7\u00e3o de combust\u00edveis f\u00f3sseis. Passamos a investir em projetos de mitiga\u00e7\u00e3o de gases de efeito estufa e seguimos regulamentos e pol\u00edticas ligadas ao tema.<\/span><\/p>\n<h2><strong>Res\u00edduos<\/strong><\/h2>\n<p><img loading=\"lazy\" decoding=\"async\" class=\"aligncenter size-full wp-image-8766\" src=\"https:\/\/tereos.com\/app\/uploads\/sites\/7\/2022\/02\/residuos.jpg\" alt=\"\" width=\"920\" height=\"336\" srcset=\"https:\/\/www.tereos.com\/app\/uploads\/sites\/7\/2022\/02\/residuos.jpg 920w, https:\/\/www.tereos.com\/app\/uploads\/sites\/7\/2022\/02\/residuos-300x110.jpg 300w\" sizes=\"(max-width: 920px) 100vw, 920px\" \/><\/p>\n<p><span style=\"font-weight: 400\">Contamos com um sistema de gest\u00e3o que faz a rastreabilidade da cadeia de res\u00edduos. Temos o compromisso de destinar adequadamente 100% dos res\u00edduos gerados e uma meta de redu\u00e7\u00e3o de 5% dos res\u00edduos perigosos.\u00a0<\/span><\/p>\n<p><span style=\"font-weight: 400\">O gerenciamento de res\u00edduos s\u00f3lidos \u00e9 realizado por empresa terceira com destina\u00e7\u00e3o ambientalmente correta, que se responsabiliza pela coleta interna e nos apoia no controle das destina\u00e7\u00f5es desses res\u00edduos.\u00a0 Possu\u00edmos um sistema de gest\u00e3o que faz a rastreabilidade da cadeia de res\u00edduos.<\/span><\/p>\n<h2><strong>Nossas certifica\u00e7\u00f5es<\/strong><\/h2>\n<p><img loading=\"lazy\" decoding=\"async\" class=\"alignnone wp-image-8654 size-full\" src=\"https:\/\/tereos.com\/app\/uploads\/sites\/7\/2021\/12\/certificacoes-e1640203880915.png\" alt=\"\" width=\"920\" height=\"427\" \/><\/p>\n","protected":false},"excerpt":{"rendered":"<p>&nbsp; Como uma das l\u00edderes do setor sucroenerg\u00e9tico, temos o compromisso de fornecer produtos de qualidade com uma atua\u00e7\u00e3o \u00e9tica, social e ambientalmente respons\u00e1vel. Relat\u00f3rios de Sustentabilidade Safra 21\/22 No Relat\u00f3rio de Sustentabilidade da safra 21\/22, anunciamos nossos principais resultados e avan\u00e7os em importantes indicadores sociais e ambientais. Confira o documento na \u00edntegra clicando aqui. [&hellip;]<\/p>\n","protected":false},"author":278,"featured_media":0,"parent":9114,"menu_order":0,"comment_status":"closed","ping_status":"closed","template":"","meta":{"_acf_changed":false,"footnotes":""},"class_list":["post-8638","page","type-page","status-publish","hentry"],"acf":[],"yoast_head":"<!-- This site is optimized with the Yoast SEO plugin v23.7 - https:\/\/yoast.com\/wordpress\/plugins\/seo\/ -->\n<title>Relat\u00f3rio de sustentabilidade - Brasil<\/title>\n<meta name=\"robots\" content=\"index, follow, max-snippet:-1, max-image-preview:large, max-video-preview:-1\" \/>\n<link rel=\"canonical\" href=\"https:\/\/br.tereos.com\/pt-pt\/sustentabilidade\/relatorio-sustentabilidade\/\" \/>\n<meta property=\"og:locale\" content=\"pt_PT\" \/>\n<meta property=\"og:type\" content=\"article\" \/>\n<meta property=\"og:title\" content=\"Tereos - Relat\u00f3rio 2021\" \/>\n<meta property=\"og:description\" content=\"Como uma das l\u00edderes do setor sucroenerg\u00e9tico, temos o compromisso de fornecer produtos de qualidade com uma atua\u00e7\u00e3o \u00e9tica, social e ambientalmente respons\u00e1vel.\" \/>\n<meta property=\"og:url\" content=\"https:\/\/br.tereos.com\/pt-pt\/sustentabilidade\/relatorio-sustentabilidade\/\" \/>\n<meta property=\"og:site_name\" content=\"Brasil\" \/>\n<meta property=\"article:modified_time\" content=\"2023-02-17T13:48:25+00:00\" \/>\n<meta property=\"og:image\" content=\"https:\/\/www.tereos.com\/app\/uploads\/sites\/7\/2022\/02\/gestaao-socioambiental.jpg\" \/>\n\t<meta property=\"og:image:width\" content=\"920\" \/>\n\t<meta property=\"og:image:height\" content=\"336\" \/>\n\t<meta property=\"og:image:type\" content=\"image\/jpeg\" \/>\n<meta name=\"twitter:card\" content=\"summary_large_image\" \/>\n<meta name=\"twitter:title\" content=\"Tereos - Relat\u00f3rio 2021\" \/>\n<meta name=\"twitter:description\" content=\"Como uma das l\u00edderes do setor sucroenerg\u00e9tico, temos o compromisso de fornecer produtos de qualidade com uma atua\u00e7\u00e3o \u00e9tica, social e ambientalmente respons\u00e1vel.\" \/>\n<meta name=\"twitter:image\" content=\"https:\/\/www.tereos.com\/app\/uploads\/sites\/7\/2022\/02\/gestaao-socioambiental.jpg\" \/>\n<meta name=\"twitter:label1\" content=\"Est. reading time\" \/>\n\t<meta name=\"twitter:data1\" content=\"11 minutes\" \/>\n<script type=\"application\/ld+json\" class=\"yoast-schema-graph\">{\"@context\":\"https:\/\/schema.org\",\"@graph\":[{\"@type\":\"WebPage\",\"@id\":\"https:\/\/br.tereos.com\/pt-pt\/sustentabilidade\/relatorio-sustentabilidade\/\",\"url\":\"https:\/\/br.tereos.com\/pt-pt\/sustentabilidade\/relatorio-sustentabilidade\/\",\"name\":\"Relat\u00f3rio de sustentabilidade - Brasil\",\"isPartOf\":{\"@id\":\"https:\/\/br.tereos.com\/pt-pt\/#website\"},\"primaryImageOfPage\":{\"@id\":\"https:\/\/br.tereos.com\/pt-pt\/sustentabilidade\/relatorio-sustentabilidade\/#primaryimage\"},\"image\":{\"@id\":\"https:\/\/br.tereos.com\/pt-pt\/sustentabilidade\/relatorio-sustentabilidade\/#primaryimage\"},\"thumbnailUrl\":\"https:\/\/tereos.com\/app\/uploads\/sites\/7\/2021\/12\/mapa-e1640203474354.png\",\"datePublished\":\"2021-12-22T20:16:44+00:00\",\"dateModified\":\"2023-02-17T13:48:25+00:00\",\"breadcrumb\":{\"@id\":\"https:\/\/br.tereos.com\/pt-pt\/sustentabilidade\/relatorio-sustentabilidade\/#breadcrumb\"},\"inLanguage\":\"pt-PT\",\"potentialAction\":[{\"@type\":\"ReadAction\",\"target\":[\"https:\/\/br.tereos.com\/pt-pt\/sustentabilidade\/relatorio-sustentabilidade\/\"]}]},{\"@type\":\"ImageObject\",\"inLanguage\":\"pt-PT\",\"@id\":\"https:\/\/br.tereos.com\/pt-pt\/sustentabilidade\/relatorio-sustentabilidade\/#primaryimage\",\"url\":\"https:\/\/tereos.com\/app\/uploads\/sites\/7\/2021\/12\/mapa-e1640203474354.png\",\"contentUrl\":\"https:\/\/tereos.com\/app\/uploads\/sites\/7\/2021\/12\/mapa-e1640203474354.png\"},{\"@type\":\"BreadcrumbList\",\"@id\":\"https:\/\/br.tereos.com\/pt-pt\/sustentabilidade\/relatorio-sustentabilidade\/#breadcrumb\",\"itemListElement\":[{\"@type\":\"ListItem\",\"position\":1,\"name\":\"Home\",\"item\":\"https:\/\/br.tereos.com\/pt-pt\/\"},{\"@type\":\"ListItem\",\"position\":2,\"name\":\"Sustentabilidade\",\"item\":\"https:\/\/br.tereos.com\/pt-pt\/sustentabilidade\/\"},{\"@type\":\"ListItem\",\"position\":3,\"name\":\"Relat\u00f3rio de sustentabilidade\"}]},{\"@type\":\"WebSite\",\"@id\":\"https:\/\/br.tereos.com\/pt-pt\/#website\",\"url\":\"https:\/\/br.tereos.com\/pt-pt\/\",\"name\":\"Brasil\",\"description\":\"Un site utilisant WordPress\",\"potentialAction\":[{\"@type\":\"SearchAction\",\"target\":{\"@type\":\"EntryPoint\",\"urlTemplate\":\"https:\/\/br.tereos.com\/pt-pt\/?s={search_term_string}\"},\"query-input\":{\"@type\":\"PropertyValueSpecification\",\"valueRequired\":true,\"valueName\":\"search_term_string\"}}],\"inLanguage\":\"pt-PT\"}]}<\/script>\n<!-- \/ Yoast SEO plugin. -->","yoast_head_json":{"title":"Relat\u00f3rio de sustentabilidade - Brasil","robots":{"index":"index","follow":"follow","max-snippet":"max-snippet:-1","max-image-preview":"max-image-preview:large","max-video-preview":"max-video-preview:-1"},"canonical":"https:\/\/br.tereos.com\/pt-pt\/sustentabilidade\/relatorio-sustentabilidade\/","og_locale":"pt_PT","og_type":"article","og_title":"Tereos - Relat\u00f3rio 2021","og_description":"Como uma das l\u00edderes do setor sucroenerg\u00e9tico, temos o compromisso de fornecer produtos de qualidade com uma atua\u00e7\u00e3o \u00e9tica, social e ambientalmente respons\u00e1vel.","og_url":"https:\/\/br.tereos.com\/pt-pt\/sustentabilidade\/relatorio-sustentabilidade\/","og_site_name":"Brasil","article_modified_time":"2023-02-17T13:48:25+00:00","og_image":[{"width":920,"height":336,"url":"https:\/\/www.tereos.com\/app\/uploads\/sites\/7\/2022\/02\/gestaao-socioambiental.jpg","type":"image\/jpeg"}],"twitter_card":"summary_large_image","twitter_title":"Tereos - Relat\u00f3rio 2021","twitter_description":"Como uma das l\u00edderes do setor sucroenerg\u00e9tico, temos o compromisso de fornecer produtos de qualidade com uma atua\u00e7\u00e3o \u00e9tica, social e ambientalmente respons\u00e1vel.","twitter_image":"https:\/\/www.tereos.com\/app\/uploads\/sites\/7\/2022\/02\/gestaao-socioambiental.jpg","twitter_misc":{"Est. reading time":"11 minutes"},"schema":{"@context":"https:\/\/schema.org","@graph":[{"@type":"WebPage","@id":"https:\/\/br.tereos.com\/pt-pt\/sustentabilidade\/relatorio-sustentabilidade\/","url":"https:\/\/br.tereos.com\/pt-pt\/sustentabilidade\/relatorio-sustentabilidade\/","name":"Relat\u00f3rio de sustentabilidade - Brasil","isPartOf":{"@id":"https:\/\/br.tereos.com\/pt-pt\/#website"},"primaryImageOfPage":{"@id":"https:\/\/br.tereos.com\/pt-pt\/sustentabilidade\/relatorio-sustentabilidade\/#primaryimage"},"image":{"@id":"https:\/\/br.tereos.com\/pt-pt\/sustentabilidade\/relatorio-sustentabilidade\/#primaryimage"},"thumbnailUrl":"https:\/\/tereos.com\/app\/uploads\/sites\/7\/2021\/12\/mapa-e1640203474354.png","datePublished":"2021-12-22T20:16:44+00:00","dateModified":"2023-02-17T13:48:25+00:00","breadcrumb":{"@id":"https:\/\/br.tereos.com\/pt-pt\/sustentabilidade\/relatorio-sustentabilidade\/#breadcrumb"},"inLanguage":"pt-PT","potentialAction":[{"@type":"ReadAction","target":["https:\/\/br.tereos.com\/pt-pt\/sustentabilidade\/relatorio-sustentabilidade\/"]}]},{"@type":"ImageObject","inLanguage":"pt-PT","@id":"https:\/\/br.tereos.com\/pt-pt\/sustentabilidade\/relatorio-sustentabilidade\/#primaryimage","url":"https:\/\/tereos.com\/app\/uploads\/sites\/7\/2021\/12\/mapa-e1640203474354.png","contentUrl":"https:\/\/tereos.com\/app\/uploads\/sites\/7\/2021\/12\/mapa-e1640203474354.png"},{"@type":"BreadcrumbList","@id":"https:\/\/br.tereos.com\/pt-pt\/sustentabilidade\/relatorio-sustentabilidade\/#breadcrumb","itemListElement":[{"@type":"ListItem","position":1,"name":"Home","item":"https:\/\/br.tereos.com\/pt-pt\/"},{"@type":"ListItem","position":2,"name":"Sustentabilidade","item":"https:\/\/br.tereos.com\/pt-pt\/sustentabilidade\/"},{"@type":"ListItem","position":3,"name":"Relat\u00f3rio de sustentabilidade"}]},{"@type":"WebSite","@id":"https:\/\/br.tereos.com\/pt-pt\/#website","url":"https:\/\/br.tereos.com\/pt-pt\/","name":"Brasil","description":"Un site utilisant WordPress","potentialAction":[{"@type":"SearchAction","target":{"@type":"EntryPoint","urlTemplate":"https:\/\/br.tereos.com\/pt-pt\/?s={search_term_string}"},"query-input":{"@type":"PropertyValueSpecification","valueRequired":true,"valueName":"search_term_string"}}],"inLanguage":"pt-PT"}]}},"_links":{"self":[{"href":"https:\/\/br.tereos.com\/pt-pt\/wp-json\/wp\/v2\/pages\/8638"}],"collection":[{"href":"https:\/\/br.tereos.com\/pt-pt\/wp-json\/wp\/v2\/pages"}],"about":[{"href":"https:\/\/br.tereos.com\/pt-pt\/wp-json\/wp\/v2\/types\/page"}],"author":[{"embeddable":true,"href":"https:\/\/br.tereos.com\/pt-pt\/wp-json\/wp\/v2\/users\/278"}],"replies":[{"embeddable":true,"href":"https:\/\/br.tereos.com\/pt-pt\/wp-json\/wp\/v2\/comments?post=8638"}],"version-history":[{"count":3,"href":"https:\/\/br.tereos.com\/pt-pt\/wp-json\/wp\/v2\/pages\/8638\/revisions"}],"predecessor-version":[{"id":9612,"href":"https:\/\/br.tereos.com\/pt-pt\/wp-json\/wp\/v2\/pages\/8638\/revisions\/9612"}],"up":[{"embeddable":true,"href":"https:\/\/br.tereos.com\/pt-pt\/wp-json\/wp\/v2\/pages\/9114"}],"wp:attachment":[{"href":"https:\/\/br.tereos.com\/pt-pt\/wp-json\/wp\/v2\/media?parent=8638"}],"curies":[{"name":"wp","href":"https:\/\/api.w.org\/{rel}","templated":true}]}}