{"id":12065,"date":"2026-08-26T10:08:49","date_gmt":"2026-08-26T13:08:49","guid":{"rendered":"https:\/\/br.tereos.com\/?page_id=12065"},"modified":"2026-09-01T14:09:23","modified_gmt":"2026-09-01T17:09:23","slug":"relatorio-de-sustentabilidade-25-26","status":"publish","type":"page","link":"https:\/\/br.tereos.com\/pt-pt\/sustentabilidade\/relatorio-de-sustentabilidade-25-26\/","title":{"rendered":""},"content":{"rendered":"","protected":false},"excerpt":{"rendered":"","protected":false},"author":278,"featured_media":12192,"parent":9114,"menu_order":0,"comment_status":"closed","ping_status":"closed","template":"page-editorial.php","meta":{"_acf_changed":false,"footnotes":""},"class_list":["post-12065","page","type-page","status-publish","has-post-thumbnail","hentry"],"acf":{"is_story":false,"is_testimonial":false,"cover_mode":"classic","cover_image":12192,"cover_video_clone":{"cover_mode":"classic","cover_image":12192},"subtitle":"","subtitle_clone":{"subtitle":""},"headline":"25 anos cultivando o futuro por meio da inova\u00e7\u00e3o, do desenvolvimento humano e da sustentabilidade<br \/>\r\n<br \/>\r\nNa safra 2025\/2026, a Tereos consolidou avan\u00e7os importantes em sua jornada ESG, refor\u00e7ando seu compromisso com a descarboniza\u00e7\u00e3o, a agricultura regenerativa, a valoriza\u00e7\u00e3o das pessoas e o desenvolvimento das comunidades.","headline_clone":{"headline":"25 anos cultivando o futuro por meio da inova\u00e7\u00e3o, do desenvolvimento humano e da sustentabilidade<br \/>\r\n<br \/>\r\nNa safra 2025\/2026, a Tereos consolidou avan\u00e7os importantes em sua jornada ESG, refor\u00e7ando seu compromisso com a descarboniza\u00e7\u00e3o, a agricultura regenerativa, a valoriza\u00e7\u00e3o das pessoas e o desenvolvimento das comunidades."},"has_anchors":false,"sections":[{"acf_fc_layout":"rich_text","anchor_title":"","text":"<p><a href=\"https:\/\/www.tereos.com\/app\/uploads\/sites\/7\/2026\/08\/relatorio-de-sustentabilidade-tereos-25-26.pdf\"><img loading=\"lazy\" decoding=\"async\" class=\"aligncenter size-full wp-image-12130\" src=\"https:\/\/www.tereos.com\/app\/uploads\/sites\/7\/2026\/08\/tereos-relatorio-de-sustentabilidade-2026-onepage-v2-botao-pt-br.png\" alt=\"\" width=\"8000\" height=\"1399\" srcset=\"https:\/\/www.tereos.com\/app\/uploads\/sites\/7\/2026\/08\/tereos-relatorio-de-sustentabilidade-2026-onepage-v2-botao-pt-br.png 8000w, https:\/\/www.tereos.com\/app\/uploads\/sites\/7\/2026\/08\/tereos-relatorio-de-sustentabilidade-2026-onepage-v2-botao-pt-br-300x52.png 300w, https:\/\/www.tereos.com\/app\/uploads\/sites\/7\/2026\/08\/tereos-relatorio-de-sustentabilidade-2026-onepage-v2-botao-pt-br-1536x269.png 1536w, https:\/\/www.tereos.com\/app\/uploads\/sites\/7\/2026\/08\/tereos-relatorio-de-sustentabilidade-2026-onepage-v2-botao-pt-br-2048x358.png 2048w\" sizes=\"(max-width: 8000px) 100vw, 8000px\" \/><\/a><a href=\"https:\/\/www.tereos.com\/app\/uploads\/sites\/7\/2026\/08\/sustainability-report-tereos-25-26.pdf\"><img loading=\"lazy\" decoding=\"async\" class=\"aligncenter size-full wp-image-12211\" src=\"https:\/\/www.tereos.com\/app\/uploads\/sites\/7\/2026\/09\/tereos-relatorio-de-sustentabilidade-2026-onepage-v2-botao-en.png\" alt=\"\" width=\"8000\" height=\"1399\" srcset=\"https:\/\/www.tereos.com\/app\/uploads\/sites\/7\/2026\/09\/tereos-relatorio-de-sustentabilidade-2026-onepage-v2-botao-en.png 8000w, https:\/\/www.tereos.com\/app\/uploads\/sites\/7\/2026\/09\/tereos-relatorio-de-sustentabilidade-2026-onepage-v2-botao-en-300x52.png 300w, https:\/\/www.tereos.com\/app\/uploads\/sites\/7\/2026\/09\/tereos-relatorio-de-sustentabilidade-2026-onepage-v2-botao-en-1536x269.png 1536w, https:\/\/www.tereos.com\/app\/uploads\/sites\/7\/2026\/09\/tereos-relatorio-de-sustentabilidade-2026-onepage-v2-botao-en-2048x358.png 2048w\" sizes=\"(max-width: 8000px) 100vw, 8000px\" \/><\/a><\/p>\n<p><img loading=\"lazy\" decoding=\"async\" class=\"aligncenter size-full wp-image-12134\" src=\"https:\/\/www.tereos.com\/app\/uploads\/sites\/7\/2026\/08\/tereos-relatorio-de-sustentabilidade-2026-onepage-v2-titulo-menor-a-safra-em-numeros.png\" alt=\"\" width=\"8006\" height=\"1334\" srcset=\"https:\/\/www.tereos.com\/app\/uploads\/sites\/7\/2026\/08\/tereos-relatorio-de-sustentabilidade-2026-onepage-v2-titulo-menor-a-safra-em-numeros.png 8006w, https:\/\/www.tereos.com\/app\/uploads\/sites\/7\/2026\/08\/tereos-relatorio-de-sustentabilidade-2026-onepage-v2-titulo-menor-a-safra-em-numeros-300x50.png 300w, https:\/\/www.tereos.com\/app\/uploads\/sites\/7\/2026\/08\/tereos-relatorio-de-sustentabilidade-2026-onepage-v2-titulo-menor-a-safra-em-numeros-1536x256.png 1536w, https:\/\/www.tereos.com\/app\/uploads\/sites\/7\/2026\/08\/tereos-relatorio-de-sustentabilidade-2026-onepage-v2-titulo-menor-a-safra-em-numeros-2048x341.png 2048w\" sizes=\"(max-width: 8006px) 100vw, 8006px\" \/><\/p>\n"},{"acf_fc_layout":"media","anchor_title":"","type":"image","video":"","image":12070,"caption":"","is_downloadable":false,"items":false},{"acf_fc_layout":"rich_text","anchor_title":"","text":"<p><img loading=\"lazy\" decoding=\"async\" class=\"aligncenter size-full wp-image-12136\" src=\"https:\/\/www.tereos.com\/app\/uploads\/sites\/7\/2026\/08\/tereos-relatorio-de-sustentabilidade-2026-onepage-v2-titulo-menor-solidez-operacional.png\" alt=\"\" width=\"8006\" height=\"1334\" srcset=\"https:\/\/www.tereos.com\/app\/uploads\/sites\/7\/2026\/08\/tereos-relatorio-de-sustentabilidade-2026-onepage-v2-titulo-menor-solidez-operacional.png 8006w, https:\/\/www.tereos.com\/app\/uploads\/sites\/7\/2026\/08\/tereos-relatorio-de-sustentabilidade-2026-onepage-v2-titulo-menor-solidez-operacional-300x50.png 300w, https:\/\/www.tereos.com\/app\/uploads\/sites\/7\/2026\/08\/tereos-relatorio-de-sustentabilidade-2026-onepage-v2-titulo-menor-solidez-operacional-1536x256.png 1536w, https:\/\/www.tereos.com\/app\/uploads\/sites\/7\/2026\/08\/tereos-relatorio-de-sustentabilidade-2026-onepage-v2-titulo-menor-solidez-operacional-2048x341.png 2048w\" sizes=\"(max-width: 8006px) 100vw, 8006px\" \/><\/p>\n<div>A safra 2025\/2026 refor\u00e7ou a consist\u00eancia dos resultados, a robustez de suas opera\u00e7\u00f5es e o compromisso da companhia com a sustentabilidade, mesmo diante de um cen\u00e1rio macroecon\u00f4mico desafiador.<\/div>\n<p>No per\u00edodo, a Tereos apresentou o terceiro maior Ebitda ajustado da hist\u00f3ria e o menor endividamento l\u00edquido dos \u00faltimos 10 anos. O ciclo tamb\u00e9m foi marcado pela gest\u00e3o eficiente do portf\u00f3lio de ativos com a venda da Unidade Andrade, otimizando as opera\u00e7\u00f5es de forma estrat\u00e9gica.<\/p>\n"},{"acf_fc_layout":"media","anchor_title":"","type":"image","video":"","image":12141,"caption":"","is_downloadable":false,"items":false},{"acf_fc_layout":"rich_text","anchor_title":"","text":"<p><img loading=\"lazy\" decoding=\"async\" class=\"aligncenter size-full wp-image-12074\" src=\"https:\/\/www.tereos.com\/app\/uploads\/sites\/7\/2026\/08\/tereos-relatorio-de-sustentabilidade-2026-onepage-5-copia.png\" alt=\"\" width=\"8000\" height=\"1695\" srcset=\"https:\/\/www.tereos.com\/app\/uploads\/sites\/7\/2026\/08\/tereos-relatorio-de-sustentabilidade-2026-onepage-5-copia.png 8000w, https:\/\/www.tereos.com\/app\/uploads\/sites\/7\/2026\/08\/tereos-relatorio-de-sustentabilidade-2026-onepage-5-copia-300x64.png 300w, https:\/\/www.tereos.com\/app\/uploads\/sites\/7\/2026\/08\/tereos-relatorio-de-sustentabilidade-2026-onepage-5-copia-1536x325.png 1536w, https:\/\/www.tereos.com\/app\/uploads\/sites\/7\/2026\/08\/tereos-relatorio-de-sustentabilidade-2026-onepage-5-copia-2048x434.png 2048w\" sizes=\"(max-width: 8000px) 100vw, 8000px\" \/><\/p>\n<div>A estrat\u00e9gia de sustentabilidade da Tereos est\u00e1 estruturada em tr\u00eas pilares que orientam as a\u00e7\u00f5es do Grupo e s\u00e3o aplicados de forma consistente em todas as opera\u00e7\u00f5es e para todos os colaboradores globalmente.<\/div>\n"},{"acf_fc_layout":"media","anchor_title":"","type":"image","video":"","image":12138,"caption":"","is_downloadable":false,"items":false},{"acf_fc_layout":"rich_text","anchor_title":"","text":"<p><img loading=\"lazy\" decoding=\"async\" class=\"aligncenter size-full wp-image-12143\" src=\"https:\/\/www.tereos.com\/app\/uploads\/sites\/7\/2026\/08\/tereos-relatorio-de-sustentabilidade-2026-onepage-v2-titulo-menor-esg.png\" alt=\"\" width=\"8006\" height=\"1334\" srcset=\"https:\/\/www.tereos.com\/app\/uploads\/sites\/7\/2026\/08\/tereos-relatorio-de-sustentabilidade-2026-onepage-v2-titulo-menor-esg.png 8006w, https:\/\/www.tereos.com\/app\/uploads\/sites\/7\/2026\/08\/tereos-relatorio-de-sustentabilidade-2026-onepage-v2-titulo-menor-esg-300x50.png 300w, https:\/\/www.tereos.com\/app\/uploads\/sites\/7\/2026\/08\/tereos-relatorio-de-sustentabilidade-2026-onepage-v2-titulo-menor-esg-1536x256.png 1536w, https:\/\/www.tereos.com\/app\/uploads\/sites\/7\/2026\/08\/tereos-relatorio-de-sustentabilidade-2026-onepage-v2-titulo-menor-esg-2048x341.png 2048w\" sizes=\"(max-width: 8006px) 100vw, 8006px\" \/><\/p>\n<p><strong>Cultivar a nossa liga\u00e7\u00e3o com a natureza e nossas comunidades<\/strong><\/p>\n<ul>\n<li>Desenvolver uma agricultura regenerativa, sustent\u00e1vel e de baixo carbono \u2013 20% do suprimento proveniente de pr\u00e1ticas regenerativas ou de baixo carbono;<\/li>\n<li>Preservar os recursos naturais e a biodiversidade;<\/li>\n<li>Apoiar nossos cooperados e ajudar a preparar a pr\u00f3xima gera\u00e7\u00e3o de produtores rurais;<\/li>\n<li>Promover a integra\u00e7\u00e3o das comunidades nas regi\u00f5es onde atuamos.<\/li>\n<\/ul>\n<p style=\"text-align: left\"><strong>Atender \u00e0s necessidades essenciais di\u00e1rias para uma vida sustent\u00e1vel<\/strong><\/p>\n<ul>\n<li>Apoiar um modelo de economia circular atrav\u00e9s da valoriza\u00e7\u00e3o de mat\u00e9rias-primas vegetais e locais \u2013 100% das mat\u00e9rias-primas vegetais valorizadas;<\/li>\n<li>Reduzir a pegada ecol\u00f3gica das nossas unidades industriais em emiss\u00f5es de gases de efeito estufa e consumo de \u00e1gua \u2013 menos 50% de emiss\u00f5es GEE nos escopos 1 e 2 e menos 28% no consumo de \u00e1gua (vs. 2019\/2020);<\/li>\n<li>Atender \u00e0s necessidades de descarboniza\u00e7\u00e3o nos setores alimentar, energ\u00e9tico e da qu\u00edmica verde;<\/li>\n<li>Oferecer produtos inovadores e de qualidade, provenientes de fontes respons\u00e1veis.<\/li>\n<\/ul>\n<p><strong>Cultivar um futuro compartilhado para o planeta e as pessoas<\/strong><\/p>\n<ul>\n<li>Garantir a sa\u00fade e a seguran\u00e7a dos nossos colaboradores e prestadores de servi\u00e7os \u2013 menos 30% LWC (afastamento por acidentes de trabalho);<\/li>\n<\/ul>\n<ul>\n<li>Garantir a diversidade, equidade e inclus\u00e3o dentro da nossa organiza\u00e7\u00e3o \u2013 27% de mulheres no F\u00f3rum de Gest\u00e3o e 100% das unidades sensibilizadas sobre defici\u00eancias vis\u00edveis e invis\u00edveis;<\/li>\n<li>Valorizar um modelo cooperativo sustent\u00e1vel e sua hist\u00f3ria;<\/li>\n<li>Garantir o cumprimento rigoroso dos princ\u00edpios \u00e9ticos em todas as nossas cadeias de valor.<\/li>\n<\/ul>\n"},{"acf_fc_layout":"rich_text","anchor_title":"","text":"<p><img loading=\"lazy\" decoding=\"async\" class=\"aligncenter size-full wp-image-12122\" src=\"https:\/\/www.tereos.com\/app\/uploads\/sites\/7\/2026\/08\/tereos-relatorio-de-sustentabilidade-2026-onepage-5-copia-2-1.png\" alt=\"\" width=\"8000\" height=\"1695\" srcset=\"https:\/\/www.tereos.com\/app\/uploads\/sites\/7\/2026\/08\/tereos-relatorio-de-sustentabilidade-2026-onepage-5-copia-2-1.png 8000w, https:\/\/www.tereos.com\/app\/uploads\/sites\/7\/2026\/08\/tereos-relatorio-de-sustentabilidade-2026-onepage-5-copia-2-1-300x64.png 300w, https:\/\/www.tereos.com\/app\/uploads\/sites\/7\/2026\/08\/tereos-relatorio-de-sustentabilidade-2026-onepage-5-copia-2-1-1536x325.png 1536w, https:\/\/www.tereos.com\/app\/uploads\/sites\/7\/2026\/08\/tereos-relatorio-de-sustentabilidade-2026-onepage-5-copia-2-1-2048x434.png 2048w\" sizes=\"(max-width: 8000px) 100vw, 8000px\" \/><\/p>\n<p>Ao longo da safra 25\/26, a Tereos fortaleceu parcerias que impulsionam a efici\u00eancia log\u00edstica, promovem a descarboniza\u00e7\u00e3o das opera\u00e7\u00f5es e incentivam pr\u00e1ticas agr\u00edcolas mais sustent\u00e1veis.<\/p>\n<p>As iniciativas refor\u00e7am o compromisso da companhia com a transi\u00e7\u00e3o para uma economia de baixo carbono, aliando inova\u00e7\u00e3o, produtividade e redu\u00e7\u00e3o de impactos ambientais.<\/p>\n"},{"acf_fc_layout":"media","anchor_title":"","type":"slider","video":"","image":false,"caption":"","is_downloadable":false,"items":[{"image":12145,"caption":"","is_downloadable":false},{"image":12147,"caption":"","is_downloadable":false},{"image":12149,"caption":"","is_downloadable":false}]},{"acf_fc_layout":"rich_text","anchor_title":"","text":"<p><img loading=\"lazy\" decoding=\"async\" class=\"aligncenter size-full wp-image-12151\" src=\"https:\/\/www.tereos.com\/app\/uploads\/sites\/7\/2026\/08\/tereos-relatorio-de-sustentabilidade-2026-onepage-v2-titulo-menor-inovacao.png\" alt=\"\" width=\"8006\" height=\"1334\" srcset=\"https:\/\/www.tereos.com\/app\/uploads\/sites\/7\/2026\/08\/tereos-relatorio-de-sustentabilidade-2026-onepage-v2-titulo-menor-inovacao.png 8006w, https:\/\/www.tereos.com\/app\/uploads\/sites\/7\/2026\/08\/tereos-relatorio-de-sustentabilidade-2026-onepage-v2-titulo-menor-inovacao-300x50.png 300w, https:\/\/www.tereos.com\/app\/uploads\/sites\/7\/2026\/08\/tereos-relatorio-de-sustentabilidade-2026-onepage-v2-titulo-menor-inovacao-1536x256.png 1536w, https:\/\/www.tereos.com\/app\/uploads\/sites\/7\/2026\/08\/tereos-relatorio-de-sustentabilidade-2026-onepage-v2-titulo-menor-inovacao-2048x341.png 2048w\" sizes=\"(max-width: 8006px) 100vw, 8006px\" \/><br \/>\nAo longo da safra 25\/26, avan\u00e7amos em diversas frentes estrat\u00e9gicas por meio do investimento em tecnologia e inova\u00e7\u00e3o, transformando solu\u00e7\u00f5es em resultados concretos para a produtividade, a efici\u00eancia operacional e a sustentabilidade.<\/p>\n"},{"acf_fc_layout":"media","anchor_title":"","type":"slider","video":"","image":false,"caption":"","is_downloadable":false,"items":[{"image":12153,"caption":"","is_downloadable":false},{"image":12155,"caption":"","is_downloadable":false},{"image":12159,"caption":"","is_downloadable":false},{"image":12157,"caption":"","is_downloadable":false},{"image":12161,"caption":"","is_downloadable":false}]},{"acf_fc_layout":"rich_text","anchor_title":"","text":"<p><img loading=\"lazy\" decoding=\"async\" class=\"aligncenter size-full wp-image-12116\" src=\"https:\/\/www.tereos.com\/app\/uploads\/sites\/7\/2026\/08\/tereos-relatorio-de-sustentabilidade-2026-onepage-09.png\" alt=\"\" width=\"8000\" height=\"1695\" srcset=\"https:\/\/www.tereos.com\/app\/uploads\/sites\/7\/2026\/08\/tereos-relatorio-de-sustentabilidade-2026-onepage-09.png 8000w, https:\/\/www.tereos.com\/app\/uploads\/sites\/7\/2026\/08\/tereos-relatorio-de-sustentabilidade-2026-onepage-09-300x64.png 300w, https:\/\/www.tereos.com\/app\/uploads\/sites\/7\/2026\/08\/tereos-relatorio-de-sustentabilidade-2026-onepage-09-1536x325.png 1536w, https:\/\/www.tereos.com\/app\/uploads\/sites\/7\/2026\/08\/tereos-relatorio-de-sustentabilidade-2026-onepage-09-2048x434.png 2048w\" sizes=\"(max-width: 8000px) 100vw, 8000px\" \/><\/p>\n<p>A participa\u00e7\u00e3o da Tereos nas discuss\u00f5es durante a Confer\u00eancia das Na\u00e7\u00f5es Unidas sobre Mudan\u00e7as Clim\u00e1ticas (COP30) refor\u00e7ou que a agricultura regenerativa, a bioenergia e a descarboniza\u00e7\u00e3o est\u00e3o cada vez mais no centro da agenda global.<\/p>\n"},{"acf_fc_layout":"media","anchor_title":"","type":"slider","video":"","image":false,"caption":"","is_downloadable":false,"items":[{"image":12163,"caption":"","is_downloadable":false},{"image":12165,"caption":"","is_downloadable":false}]},{"acf_fc_layout":"rich_text","anchor_title":"","text":"<p><img loading=\"lazy\" decoding=\"async\" class=\"aligncenter size-full wp-image-12167\" src=\"https:\/\/www.tereos.com\/app\/uploads\/sites\/7\/2026\/08\/tereos-relatorio-de-sustentabilidade-2026-onepage-v2-titulo-menor-evolucao-sustentavel.png\" alt=\"\" width=\"8006\" height=\"1334\" srcset=\"https:\/\/www.tereos.com\/app\/uploads\/sites\/7\/2026\/08\/tereos-relatorio-de-sustentabilidade-2026-onepage-v2-titulo-menor-evolucao-sustentavel.png 8006w, https:\/\/www.tereos.com\/app\/uploads\/sites\/7\/2026\/08\/tereos-relatorio-de-sustentabilidade-2026-onepage-v2-titulo-menor-evolucao-sustentavel-300x50.png 300w, https:\/\/www.tereos.com\/app\/uploads\/sites\/7\/2026\/08\/tereos-relatorio-de-sustentabilidade-2026-onepage-v2-titulo-menor-evolucao-sustentavel-1536x256.png 1536w, https:\/\/www.tereos.com\/app\/uploads\/sites\/7\/2026\/08\/tereos-relatorio-de-sustentabilidade-2026-onepage-v2-titulo-menor-evolucao-sustentavel-2048x341.png 2048w\" sizes=\"(max-width: 8006px) 100vw, 8006px\" \/><\/p>\n<p>Um grande marco do ano foi a conquista da certifica\u00e7\u00e3o Regenagri, que atesta e valida internacionalmente as pr\u00e1ticas de agricultura regenerativa que restauram a sa\u00fade do solo, refor\u00e7am a biodiversidade e melhoram a resili\u00eancia clim\u00e1tica.<\/p>\n<p>Tamb\u00e9m recebemos a nova certifica\u00e7\u00e3o ISCC CORSIA Low LUC Risk na unidade Mandu, um importante reconhecimento para o mercado de combust\u00edveis de avia\u00e7\u00e3o. O selo atesta que a nossa produ\u00e7\u00e3o de etanol n\u00e3o provoca emiss\u00f5es de gases de efeito estufa relacionadas ao impacto indireto de uso da terra.<\/p>\n"},{"acf_fc_layout":"rich_text","anchor_title":"","text":"<p><img loading=\"lazy\" decoding=\"async\" class=\"aligncenter size-full wp-image-12169\" src=\"https:\/\/www.tereos.com\/app\/uploads\/sites\/7\/2026\/08\/tereos-relatorio-de-sustentabilidade-2026-onepage-v2-titulo-menor-compromisso-ambiental.png\" alt=\"\" width=\"8006\" height=\"1334\" srcset=\"https:\/\/www.tereos.com\/app\/uploads\/sites\/7\/2026\/08\/tereos-relatorio-de-sustentabilidade-2026-onepage-v2-titulo-menor-compromisso-ambiental.png 8006w, https:\/\/www.tereos.com\/app\/uploads\/sites\/7\/2026\/08\/tereos-relatorio-de-sustentabilidade-2026-onepage-v2-titulo-menor-compromisso-ambiental-300x50.png 300w, https:\/\/www.tereos.com\/app\/uploads\/sites\/7\/2026\/08\/tereos-relatorio-de-sustentabilidade-2026-onepage-v2-titulo-menor-compromisso-ambiental-1536x256.png 1536w, https:\/\/www.tereos.com\/app\/uploads\/sites\/7\/2026\/08\/tereos-relatorio-de-sustentabilidade-2026-onepage-v2-titulo-menor-compromisso-ambiental-2048x341.png 2048w\" sizes=\"(max-width: 8006px) 100vw, 8006px\" \/><\/p>\n<p>Na safra 2025\/2026, a Tereos avan\u00e7ou de forma consistente em sua agenda ambiental, fortalecendo a gest\u00e3o sustent\u00e1vel dos recursos naturais, ampliando iniciativas de economia circular e biodiversidade e consolidando iniciativas em prol do meio ambiente. Os resultados refletem uma atua\u00e7\u00e3o integrada, que combina efici\u00eancia operacional, inova\u00e7\u00e3o e responsabilidade socioambiental.<\/p>\n"},{"acf_fc_layout":"media","anchor_title":"","type":"image","video":"","image":12171,"caption":"","is_downloadable":false,"items":false},{"acf_fc_layout":"rich_text","anchor_title":"","text":"<p><img loading=\"lazy\" decoding=\"async\" class=\"aligncenter size-full wp-image-12175\" src=\"https:\/\/www.tereos.com\/app\/uploads\/sites\/7\/2026\/08\/tereos-relatorio-de-sustentabilidade-2026-onepage-v2-titulo-grande-baixo-carbono.png\" alt=\"\" width=\"8000\" height=\"1695\" srcset=\"https:\/\/www.tereos.com\/app\/uploads\/sites\/7\/2026\/08\/tereos-relatorio-de-sustentabilidade-2026-onepage-v2-titulo-grande-baixo-carbono.png 8000w, https:\/\/www.tereos.com\/app\/uploads\/sites\/7\/2026\/08\/tereos-relatorio-de-sustentabilidade-2026-onepage-v2-titulo-grande-baixo-carbono-300x64.png 300w, https:\/\/www.tereos.com\/app\/uploads\/sites\/7\/2026\/08\/tereos-relatorio-de-sustentabilidade-2026-onepage-v2-titulo-grande-baixo-carbono-1536x325.png 1536w, https:\/\/www.tereos.com\/app\/uploads\/sites\/7\/2026\/08\/tereos-relatorio-de-sustentabilidade-2026-onepage-v2-titulo-grande-baixo-carbono-2048x434.png 2048w\" sizes=\"(max-width: 8000px) 100vw, 8000px\" \/><\/p>\n<p>Desde a ado\u00e7\u00e3o do compromisso p\u00fablico alinhado \u00e0 Science Based Targets initiative (SBTi), a Tereos vem estruturando sua agenda de descarboniza\u00e7\u00e3o com foco na redu\u00e7\u00e3o de emiss\u00f5es, no fortalecimento da governan\u00e7a clim\u00e1tica e na implementa\u00e7\u00e3o de iniciativas de alto impacto.<\/p>\n"},{"acf_fc_layout":"media","anchor_title":"","type":"slider","video":"","image":false,"caption":"","is_downloadable":false,"items":[{"image":12179,"caption":"","is_downloadable":false},{"image":12181,"caption":"","is_downloadable":false},{"image":12183,"caption":"","is_downloadable":false}]},{"acf_fc_layout":"rich_text","anchor_title":"","text":"<p><img loading=\"lazy\" decoding=\"async\" class=\"aligncenter size-full wp-image-12173\" src=\"https:\/\/www.tereos.com\/app\/uploads\/sites\/7\/2026\/08\/tereos-relatorio-de-sustentabilidade-2026-onepage-v2-titulo-menor-crescimento-e-valorizacao.png\" alt=\"\" width=\"8006\" height=\"1334\" srcset=\"https:\/\/www.tereos.com\/app\/uploads\/sites\/7\/2026\/08\/tereos-relatorio-de-sustentabilidade-2026-onepage-v2-titulo-menor-crescimento-e-valorizacao.png 8006w, https:\/\/www.tereos.com\/app\/uploads\/sites\/7\/2026\/08\/tereos-relatorio-de-sustentabilidade-2026-onepage-v2-titulo-menor-crescimento-e-valorizacao-300x50.png 300w, https:\/\/www.tereos.com\/app\/uploads\/sites\/7\/2026\/08\/tereos-relatorio-de-sustentabilidade-2026-onepage-v2-titulo-menor-crescimento-e-valorizacao-1536x256.png 1536w, https:\/\/www.tereos.com\/app\/uploads\/sites\/7\/2026\/08\/tereos-relatorio-de-sustentabilidade-2026-onepage-v2-titulo-menor-crescimento-e-valorizacao-2048x341.png 2048w\" sizes=\"(max-width: 8006px) 100vw, 8006px\" \/><\/p>\n<p>Na safra 2025\/2026, a Tereos manteve as pessoas no centro de sua estrat\u00e9gia, investindo no desenvolvimento de talentos, fortalecimento da cultura organizacional, promo\u00e7\u00e3o da diversidade e amplia\u00e7\u00e3o das iniciativas de sa\u00fade, seguran\u00e7a e bem-estar. Com 8.207 colaboradores, a companhia consolidou programas de capacita\u00e7\u00e3o em todos os n\u00edveis da organiza\u00e7\u00e3o, refor\u00e7ou a mobilidade interna e evoluiu na constru\u00e7\u00e3o de um ambiente cada vez mais inclusivo e seguro.<\/p>\n<p>O foco na experi\u00eancia do colaborador se refletiu em a\u00e7\u00f5es estruturadas de atra\u00e7\u00e3o, desenvolvimento, sucess\u00e3o e reten\u00e7\u00e3o de talentos, al\u00e9m do fortalecimento da marca empregadora. A empresa tamb\u00e9m avan\u00e7ou em sua agenda de diversidade por meio do programa Diversifica Tereos e ampliou iniciativas voltadas \u00e0 sa\u00fade mental, preven\u00e7\u00e3o de acidentes e qualidade de vida, conquistando importantes reconhecimentos externos, como o GPTW e o Pr\u00eamio Vis\u00e3o Agro em Gest\u00e3o de Pessoas.<\/p>\n"},{"acf_fc_layout":"media","anchor_title":"","type":"image","video":"","image":12177,"caption":"","is_downloadable":false,"items":false},{"acf_fc_layout":"rich_text","anchor_title":"","text":"<p><img loading=\"lazy\" decoding=\"async\" class=\"aligncenter size-full wp-image-12185\" src=\"https:\/\/www.tereos.com\/app\/uploads\/sites\/7\/2026\/08\/tereos-relatorio-de-sustentabilidade-2026-onepage-v2-titulo-menor-relacionamento.png\" alt=\"\" width=\"8006\" height=\"1334\" srcset=\"https:\/\/www.tereos.com\/app\/uploads\/sites\/7\/2026\/08\/tereos-relatorio-de-sustentabilidade-2026-onepage-v2-titulo-menor-relacionamento.png 8006w, https:\/\/www.tereos.com\/app\/uploads\/sites\/7\/2026\/08\/tereos-relatorio-de-sustentabilidade-2026-onepage-v2-titulo-menor-relacionamento-300x50.png 300w, https:\/\/www.tereos.com\/app\/uploads\/sites\/7\/2026\/08\/tereos-relatorio-de-sustentabilidade-2026-onepage-v2-titulo-menor-relacionamento-1536x256.png 1536w, https:\/\/www.tereos.com\/app\/uploads\/sites\/7\/2026\/08\/tereos-relatorio-de-sustentabilidade-2026-onepage-v2-titulo-menor-relacionamento-2048x341.png 2048w\" sizes=\"(max-width: 8006px) 100vw, 8006px\" \/><\/p>\n<p>Na safra 2025\/2026, a Tereos fortaleceu os relacionamentos com clientes, fornecedores e comunidades por meio de uma atua\u00e7\u00e3o baseada em proximidade, transpar\u00eancia e gera\u00e7\u00e3o de valor compartilhado. A companhia avan\u00e7ou na oferta de solu\u00e7\u00f5es personalizadas para clientes, ampliou iniciativas de desenvolvimento e rastreabilidade da cadeia de fornecedores e refor\u00e7ou seu compromisso com o desenvolvimento social das regi\u00f5es onde atua.<\/p>\n<p>A empresa tamb\u00e9m valorizou o engajamento comunit\u00e1rio, o voluntariado corporativo e o apoio a projetos de educa\u00e7\u00e3o, cultura, sustentabilidade e inclus\u00e3o social. Com isso, a Tereos consolidou seu papel como agente de transforma\u00e7\u00e3o local, promovendo impactos positivos dentro e fora de suas opera\u00e7\u00f5es.<\/p>\n"},{"acf_fc_layout":"media","anchor_title":"","type":"image","video":"","image":12187,"caption":"","is_downloadable":false,"items":false}],"flexible_editorial_clone":{"has_anchors":false,"sections":[{"acf_fc_layout":"rich_text","anchor_title":"","text":"<p><a href=\"https:\/\/www.tereos.com\/app\/uploads\/sites\/7\/2026\/08\/relatorio-de-sustentabilidade-tereos-25-26.pdf\"><img loading=\"lazy\" decoding=\"async\" class=\"aligncenter size-full wp-image-12130\" src=\"https:\/\/www.tereos.com\/app\/uploads\/sites\/7\/2026\/08\/tereos-relatorio-de-sustentabilidade-2026-onepage-v2-botao-pt-br.png\" alt=\"\" width=\"8000\" height=\"1399\" srcset=\"https:\/\/www.tereos.com\/app\/uploads\/sites\/7\/2026\/08\/tereos-relatorio-de-sustentabilidade-2026-onepage-v2-botao-pt-br.png 8000w, https:\/\/www.tereos.com\/app\/uploads\/sites\/7\/2026\/08\/tereos-relatorio-de-sustentabilidade-2026-onepage-v2-botao-pt-br-300x52.png 300w, https:\/\/www.tereos.com\/app\/uploads\/sites\/7\/2026\/08\/tereos-relatorio-de-sustentabilidade-2026-onepage-v2-botao-pt-br-1536x269.png 1536w, https:\/\/www.tereos.com\/app\/uploads\/sites\/7\/2026\/08\/tereos-relatorio-de-sustentabilidade-2026-onepage-v2-botao-pt-br-2048x358.png 2048w\" sizes=\"(max-width: 8000px) 100vw, 8000px\" \/><\/a><a href=\"https:\/\/www.tereos.com\/app\/uploads\/sites\/7\/2026\/08\/sustainability-report-tereos-25-26.pdf\"><img loading=\"lazy\" decoding=\"async\" class=\"aligncenter size-full wp-image-12211\" src=\"https:\/\/www.tereos.com\/app\/uploads\/sites\/7\/2026\/09\/tereos-relatorio-de-sustentabilidade-2026-onepage-v2-botao-en.png\" alt=\"\" width=\"8000\" height=\"1399\" srcset=\"https:\/\/www.tereos.com\/app\/uploads\/sites\/7\/2026\/09\/tereos-relatorio-de-sustentabilidade-2026-onepage-v2-botao-en.png 8000w, https:\/\/www.tereos.com\/app\/uploads\/sites\/7\/2026\/09\/tereos-relatorio-de-sustentabilidade-2026-onepage-v2-botao-en-300x52.png 300w, https:\/\/www.tereos.com\/app\/uploads\/sites\/7\/2026\/09\/tereos-relatorio-de-sustentabilidade-2026-onepage-v2-botao-en-1536x269.png 1536w, https:\/\/www.tereos.com\/app\/uploads\/sites\/7\/2026\/09\/tereos-relatorio-de-sustentabilidade-2026-onepage-v2-botao-en-2048x358.png 2048w\" sizes=\"(max-width: 8000px) 100vw, 8000px\" \/><\/a><\/p>\n<p><img loading=\"lazy\" decoding=\"async\" class=\"aligncenter size-full wp-image-12134\" src=\"https:\/\/www.tereos.com\/app\/uploads\/sites\/7\/2026\/08\/tereos-relatorio-de-sustentabilidade-2026-onepage-v2-titulo-menor-a-safra-em-numeros.png\" alt=\"\" width=\"8006\" height=\"1334\" srcset=\"https:\/\/www.tereos.com\/app\/uploads\/sites\/7\/2026\/08\/tereos-relatorio-de-sustentabilidade-2026-onepage-v2-titulo-menor-a-safra-em-numeros.png 8006w, https:\/\/www.tereos.com\/app\/uploads\/sites\/7\/2026\/08\/tereos-relatorio-de-sustentabilidade-2026-onepage-v2-titulo-menor-a-safra-em-numeros-300x50.png 300w, https:\/\/www.tereos.com\/app\/uploads\/sites\/7\/2026\/08\/tereos-relatorio-de-sustentabilidade-2026-onepage-v2-titulo-menor-a-safra-em-numeros-1536x256.png 1536w, https:\/\/www.tereos.com\/app\/uploads\/sites\/7\/2026\/08\/tereos-relatorio-de-sustentabilidade-2026-onepage-v2-titulo-menor-a-safra-em-numeros-2048x341.png 2048w\" sizes=\"(max-width: 8006px) 100vw, 8006px\" \/><\/p>\n"},{"acf_fc_layout":"media","anchor_title":"","type":"image","video":"","image":12070,"caption":"","is_downloadable":false,"items":false},{"acf_fc_layout":"rich_text","anchor_title":"","text":"<p><img loading=\"lazy\" decoding=\"async\" class=\"aligncenter size-full wp-image-12136\" src=\"https:\/\/www.tereos.com\/app\/uploads\/sites\/7\/2026\/08\/tereos-relatorio-de-sustentabilidade-2026-onepage-v2-titulo-menor-solidez-operacional.png\" alt=\"\" width=\"8006\" height=\"1334\" srcset=\"https:\/\/www.tereos.com\/app\/uploads\/sites\/7\/2026\/08\/tereos-relatorio-de-sustentabilidade-2026-onepage-v2-titulo-menor-solidez-operacional.png 8006w, https:\/\/www.tereos.com\/app\/uploads\/sites\/7\/2026\/08\/tereos-relatorio-de-sustentabilidade-2026-onepage-v2-titulo-menor-solidez-operacional-300x50.png 300w, https:\/\/www.tereos.com\/app\/uploads\/sites\/7\/2026\/08\/tereos-relatorio-de-sustentabilidade-2026-onepage-v2-titulo-menor-solidez-operacional-1536x256.png 1536w, https:\/\/www.tereos.com\/app\/uploads\/sites\/7\/2026\/08\/tereos-relatorio-de-sustentabilidade-2026-onepage-v2-titulo-menor-solidez-operacional-2048x341.png 2048w\" sizes=\"(max-width: 8006px) 100vw, 8006px\" \/><\/p>\n<div>A safra 2025\/2026 refor\u00e7ou a consist\u00eancia dos resultados, a robustez de suas opera\u00e7\u00f5es e o compromisso da companhia com a sustentabilidade, mesmo diante de um cen\u00e1rio macroecon\u00f4mico desafiador.<\/div>\n<p>No per\u00edodo, a Tereos apresentou o terceiro maior Ebitda ajustado da hist\u00f3ria e o menor endividamento l\u00edquido dos \u00faltimos 10 anos. O ciclo tamb\u00e9m foi marcado pela gest\u00e3o eficiente do portf\u00f3lio de ativos com a venda da Unidade Andrade, otimizando as opera\u00e7\u00f5es de forma estrat\u00e9gica.<\/p>\n"},{"acf_fc_layout":"media","anchor_title":"","type":"image","video":"","image":12141,"caption":"","is_downloadable":false,"items":false},{"acf_fc_layout":"rich_text","anchor_title":"","text":"<p><img loading=\"lazy\" decoding=\"async\" class=\"aligncenter size-full wp-image-12074\" src=\"https:\/\/www.tereos.com\/app\/uploads\/sites\/7\/2026\/08\/tereos-relatorio-de-sustentabilidade-2026-onepage-5-copia.png\" alt=\"\" width=\"8000\" height=\"1695\" srcset=\"https:\/\/www.tereos.com\/app\/uploads\/sites\/7\/2026\/08\/tereos-relatorio-de-sustentabilidade-2026-onepage-5-copia.png 8000w, https:\/\/www.tereos.com\/app\/uploads\/sites\/7\/2026\/08\/tereos-relatorio-de-sustentabilidade-2026-onepage-5-copia-300x64.png 300w, https:\/\/www.tereos.com\/app\/uploads\/sites\/7\/2026\/08\/tereos-relatorio-de-sustentabilidade-2026-onepage-5-copia-1536x325.png 1536w, https:\/\/www.tereos.com\/app\/uploads\/sites\/7\/2026\/08\/tereos-relatorio-de-sustentabilidade-2026-onepage-5-copia-2048x434.png 2048w\" sizes=\"(max-width: 8000px) 100vw, 8000px\" \/><\/p>\n<div>A estrat\u00e9gia de sustentabilidade da Tereos est\u00e1 estruturada em tr\u00eas pilares que orientam as a\u00e7\u00f5es do Grupo e s\u00e3o aplicados de forma consistente em todas as opera\u00e7\u00f5es e para todos os colaboradores globalmente.<\/div>\n"},{"acf_fc_layout":"media","anchor_title":"","type":"image","video":"","image":12138,"caption":"","is_downloadable":false,"items":false},{"acf_fc_layout":"rich_text","anchor_title":"","text":"<p><img loading=\"lazy\" decoding=\"async\" class=\"aligncenter size-full wp-image-12143\" src=\"https:\/\/www.tereos.com\/app\/uploads\/sites\/7\/2026\/08\/tereos-relatorio-de-sustentabilidade-2026-onepage-v2-titulo-menor-esg.png\" alt=\"\" width=\"8006\" height=\"1334\" srcset=\"https:\/\/www.tereos.com\/app\/uploads\/sites\/7\/2026\/08\/tereos-relatorio-de-sustentabilidade-2026-onepage-v2-titulo-menor-esg.png 8006w, https:\/\/www.tereos.com\/app\/uploads\/sites\/7\/2026\/08\/tereos-relatorio-de-sustentabilidade-2026-onepage-v2-titulo-menor-esg-300x50.png 300w, https:\/\/www.tereos.com\/app\/uploads\/sites\/7\/2026\/08\/tereos-relatorio-de-sustentabilidade-2026-onepage-v2-titulo-menor-esg-1536x256.png 1536w, https:\/\/www.tereos.com\/app\/uploads\/sites\/7\/2026\/08\/tereos-relatorio-de-sustentabilidade-2026-onepage-v2-titulo-menor-esg-2048x341.png 2048w\" sizes=\"(max-width: 8006px) 100vw, 8006px\" \/><\/p>\n<p><strong>Cultivar a nossa liga\u00e7\u00e3o com a natureza e nossas comunidades<\/strong><\/p>\n<ul>\n<li>Desenvolver uma agricultura regenerativa, sustent\u00e1vel e de baixo carbono \u2013 20% do suprimento proveniente de pr\u00e1ticas regenerativas ou de baixo carbono;<\/li>\n<li>Preservar os recursos naturais e a biodiversidade;<\/li>\n<li>Apoiar nossos cooperados e ajudar a preparar a pr\u00f3xima gera\u00e7\u00e3o de produtores rurais;<\/li>\n<li>Promover a integra\u00e7\u00e3o das comunidades nas regi\u00f5es onde atuamos.<\/li>\n<\/ul>\n<p style=\"text-align: left\"><strong>Atender \u00e0s necessidades essenciais di\u00e1rias para uma vida sustent\u00e1vel<\/strong><\/p>\n<ul>\n<li>Apoiar um modelo de economia circular atrav\u00e9s da valoriza\u00e7\u00e3o de mat\u00e9rias-primas vegetais e locais \u2013 100% das mat\u00e9rias-primas vegetais valorizadas;<\/li>\n<li>Reduzir a pegada ecol\u00f3gica das nossas unidades industriais em emiss\u00f5es de gases de efeito estufa e consumo de \u00e1gua \u2013 menos 50% de emiss\u00f5es GEE nos escopos 1 e 2 e menos 28% no consumo de \u00e1gua (vs. 2019\/2020);<\/li>\n<li>Atender \u00e0s necessidades de descarboniza\u00e7\u00e3o nos setores alimentar, energ\u00e9tico e da qu\u00edmica verde;<\/li>\n<li>Oferecer produtos inovadores e de qualidade, provenientes de fontes respons\u00e1veis.<\/li>\n<\/ul>\n<p><strong>Cultivar um futuro compartilhado para o planeta e as pessoas<\/strong><\/p>\n<ul>\n<li>Garantir a sa\u00fade e a seguran\u00e7a dos nossos colaboradores e prestadores de servi\u00e7os \u2013 menos 30% LWC (afastamento por acidentes de trabalho);<\/li>\n<\/ul>\n<ul>\n<li>Garantir a diversidade, equidade e inclus\u00e3o dentro da nossa organiza\u00e7\u00e3o \u2013 27% de mulheres no F\u00f3rum de Gest\u00e3o e 100% das unidades sensibilizadas sobre defici\u00eancias vis\u00edveis e invis\u00edveis;<\/li>\n<li>Valorizar um modelo cooperativo sustent\u00e1vel e sua hist\u00f3ria;<\/li>\n<li>Garantir o cumprimento rigoroso dos princ\u00edpios \u00e9ticos em todas as nossas cadeias de valor.<\/li>\n<\/ul>\n"},{"acf_fc_layout":"rich_text","anchor_title":"","text":"<p><img loading=\"lazy\" decoding=\"async\" class=\"aligncenter size-full wp-image-12122\" src=\"https:\/\/www.tereos.com\/app\/uploads\/sites\/7\/2026\/08\/tereos-relatorio-de-sustentabilidade-2026-onepage-5-copia-2-1.png\" alt=\"\" width=\"8000\" height=\"1695\" srcset=\"https:\/\/www.tereos.com\/app\/uploads\/sites\/7\/2026\/08\/tereos-relatorio-de-sustentabilidade-2026-onepage-5-copia-2-1.png 8000w, https:\/\/www.tereos.com\/app\/uploads\/sites\/7\/2026\/08\/tereos-relatorio-de-sustentabilidade-2026-onepage-5-copia-2-1-300x64.png 300w, https:\/\/www.tereos.com\/app\/uploads\/sites\/7\/2026\/08\/tereos-relatorio-de-sustentabilidade-2026-onepage-5-copia-2-1-1536x325.png 1536w, https:\/\/www.tereos.com\/app\/uploads\/sites\/7\/2026\/08\/tereos-relatorio-de-sustentabilidade-2026-onepage-5-copia-2-1-2048x434.png 2048w\" sizes=\"(max-width: 8000px) 100vw, 8000px\" \/><\/p>\n<p>Ao longo da safra 25\/26, a Tereos fortaleceu parcerias que impulsionam a efici\u00eancia log\u00edstica, promovem a descarboniza\u00e7\u00e3o das opera\u00e7\u00f5es e incentivam pr\u00e1ticas agr\u00edcolas mais sustent\u00e1veis.<\/p>\n<p>As iniciativas refor\u00e7am o compromisso da companhia com a transi\u00e7\u00e3o para uma economia de baixo carbono, aliando inova\u00e7\u00e3o, produtividade e redu\u00e7\u00e3o de impactos ambientais.<\/p>\n"},{"acf_fc_layout":"media","anchor_title":"","type":"slider","video":"","image":false,"caption":"","is_downloadable":false,"items":[{"image":12145,"caption":"","is_downloadable":false},{"image":12147,"caption":"","is_downloadable":false},{"image":12149,"caption":"","is_downloadable":false}]},{"acf_fc_layout":"rich_text","anchor_title":"","text":"<p><img loading=\"lazy\" decoding=\"async\" class=\"aligncenter size-full wp-image-12151\" src=\"https:\/\/www.tereos.com\/app\/uploads\/sites\/7\/2026\/08\/tereos-relatorio-de-sustentabilidade-2026-onepage-v2-titulo-menor-inovacao.png\" alt=\"\" width=\"8006\" height=\"1334\" srcset=\"https:\/\/www.tereos.com\/app\/uploads\/sites\/7\/2026\/08\/tereos-relatorio-de-sustentabilidade-2026-onepage-v2-titulo-menor-inovacao.png 8006w, https:\/\/www.tereos.com\/app\/uploads\/sites\/7\/2026\/08\/tereos-relatorio-de-sustentabilidade-2026-onepage-v2-titulo-menor-inovacao-300x50.png 300w, https:\/\/www.tereos.com\/app\/uploads\/sites\/7\/2026\/08\/tereos-relatorio-de-sustentabilidade-2026-onepage-v2-titulo-menor-inovacao-1536x256.png 1536w, https:\/\/www.tereos.com\/app\/uploads\/sites\/7\/2026\/08\/tereos-relatorio-de-sustentabilidade-2026-onepage-v2-titulo-menor-inovacao-2048x341.png 2048w\" sizes=\"(max-width: 8006px) 100vw, 8006px\" \/><br \/>\nAo longo da safra 25\/26, avan\u00e7amos em diversas frentes estrat\u00e9gicas por meio do investimento em tecnologia e inova\u00e7\u00e3o, transformando solu\u00e7\u00f5es em resultados concretos para a produtividade, a efici\u00eancia operacional e a sustentabilidade.<\/p>\n"},{"acf_fc_layout":"media","anchor_title":"","type":"slider","video":"","image":false,"caption":"","is_downloadable":false,"items":[{"image":12153,"caption":"","is_downloadable":false},{"image":12155,"caption":"","is_downloadable":false},{"image":12159,"caption":"","is_downloadable":false},{"image":12157,"caption":"","is_downloadable":false},{"image":12161,"caption":"","is_downloadable":false}]},{"acf_fc_layout":"rich_text","anchor_title":"","text":"<p><img loading=\"lazy\" decoding=\"async\" class=\"aligncenter size-full wp-image-12116\" src=\"https:\/\/www.tereos.com\/app\/uploads\/sites\/7\/2026\/08\/tereos-relatorio-de-sustentabilidade-2026-onepage-09.png\" alt=\"\" width=\"8000\" height=\"1695\" srcset=\"https:\/\/www.tereos.com\/app\/uploads\/sites\/7\/2026\/08\/tereos-relatorio-de-sustentabilidade-2026-onepage-09.png 8000w, https:\/\/www.tereos.com\/app\/uploads\/sites\/7\/2026\/08\/tereos-relatorio-de-sustentabilidade-2026-onepage-09-300x64.png 300w, https:\/\/www.tereos.com\/app\/uploads\/sites\/7\/2026\/08\/tereos-relatorio-de-sustentabilidade-2026-onepage-09-1536x325.png 1536w, https:\/\/www.tereos.com\/app\/uploads\/sites\/7\/2026\/08\/tereos-relatorio-de-sustentabilidade-2026-onepage-09-2048x434.png 2048w\" sizes=\"(max-width: 8000px) 100vw, 8000px\" \/><\/p>\n<p>A participa\u00e7\u00e3o da Tereos nas discuss\u00f5es durante a Confer\u00eancia das Na\u00e7\u00f5es Unidas sobre Mudan\u00e7as Clim\u00e1ticas (COP30) refor\u00e7ou que a agricultura regenerativa, a bioenergia e a descarboniza\u00e7\u00e3o est\u00e3o cada vez mais no centro da agenda global.<\/p>\n"},{"acf_fc_layout":"media","anchor_title":"","type":"slider","video":"","image":false,"caption":"","is_downloadable":false,"items":[{"image":12163,"caption":"","is_downloadable":false},{"image":12165,"caption":"","is_downloadable":false}]},{"acf_fc_layout":"rich_text","anchor_title":"","text":"<p><img loading=\"lazy\" decoding=\"async\" class=\"aligncenter size-full wp-image-12167\" src=\"https:\/\/www.tereos.com\/app\/uploads\/sites\/7\/2026\/08\/tereos-relatorio-de-sustentabilidade-2026-onepage-v2-titulo-menor-evolucao-sustentavel.png\" alt=\"\" width=\"8006\" height=\"1334\" srcset=\"https:\/\/www.tereos.com\/app\/uploads\/sites\/7\/2026\/08\/tereos-relatorio-de-sustentabilidade-2026-onepage-v2-titulo-menor-evolucao-sustentavel.png 8006w, https:\/\/www.tereos.com\/app\/uploads\/sites\/7\/2026\/08\/tereos-relatorio-de-sustentabilidade-2026-onepage-v2-titulo-menor-evolucao-sustentavel-300x50.png 300w, https:\/\/www.tereos.com\/app\/uploads\/sites\/7\/2026\/08\/tereos-relatorio-de-sustentabilidade-2026-onepage-v2-titulo-menor-evolucao-sustentavel-1536x256.png 1536w, https:\/\/www.tereos.com\/app\/uploads\/sites\/7\/2026\/08\/tereos-relatorio-de-sustentabilidade-2026-onepage-v2-titulo-menor-evolucao-sustentavel-2048x341.png 2048w\" sizes=\"(max-width: 8006px) 100vw, 8006px\" \/><\/p>\n<p>Um grande marco do ano foi a conquista da certifica\u00e7\u00e3o Regenagri, que atesta e valida internacionalmente as pr\u00e1ticas de agricultura regenerativa que restauram a sa\u00fade do solo, refor\u00e7am a biodiversidade e melhoram a resili\u00eancia clim\u00e1tica.<\/p>\n<p>Tamb\u00e9m recebemos a nova certifica\u00e7\u00e3o ISCC CORSIA Low LUC Risk na unidade Mandu, um importante reconhecimento para o mercado de combust\u00edveis de avia\u00e7\u00e3o. O selo atesta que a nossa produ\u00e7\u00e3o de etanol n\u00e3o provoca emiss\u00f5es de gases de efeito estufa relacionadas ao impacto indireto de uso da terra.<\/p>\n"},{"acf_fc_layout":"rich_text","anchor_title":"","text":"<p><img loading=\"lazy\" decoding=\"async\" class=\"aligncenter size-full wp-image-12169\" src=\"https:\/\/www.tereos.com\/app\/uploads\/sites\/7\/2026\/08\/tereos-relatorio-de-sustentabilidade-2026-onepage-v2-titulo-menor-compromisso-ambiental.png\" alt=\"\" width=\"8006\" height=\"1334\" srcset=\"https:\/\/www.tereos.com\/app\/uploads\/sites\/7\/2026\/08\/tereos-relatorio-de-sustentabilidade-2026-onepage-v2-titulo-menor-compromisso-ambiental.png 8006w, https:\/\/www.tereos.com\/app\/uploads\/sites\/7\/2026\/08\/tereos-relatorio-de-sustentabilidade-2026-onepage-v2-titulo-menor-compromisso-ambiental-300x50.png 300w, https:\/\/www.tereos.com\/app\/uploads\/sites\/7\/2026\/08\/tereos-relatorio-de-sustentabilidade-2026-onepage-v2-titulo-menor-compromisso-ambiental-1536x256.png 1536w, https:\/\/www.tereos.com\/app\/uploads\/sites\/7\/2026\/08\/tereos-relatorio-de-sustentabilidade-2026-onepage-v2-titulo-menor-compromisso-ambiental-2048x341.png 2048w\" sizes=\"(max-width: 8006px) 100vw, 8006px\" \/><\/p>\n<p>Na safra 2025\/2026, a Tereos avan\u00e7ou de forma consistente em sua agenda ambiental, fortalecendo a gest\u00e3o sustent\u00e1vel dos recursos naturais, ampliando iniciativas de economia circular e biodiversidade e consolidando iniciativas em prol do meio ambiente. Os resultados refletem uma atua\u00e7\u00e3o integrada, que combina efici\u00eancia operacional, inova\u00e7\u00e3o e responsabilidade socioambiental.<\/p>\n"},{"acf_fc_layout":"media","anchor_title":"","type":"image","video":"","image":12171,"caption":"","is_downloadable":false,"items":false},{"acf_fc_layout":"rich_text","anchor_title":"","text":"<p><img loading=\"lazy\" decoding=\"async\" class=\"aligncenter size-full wp-image-12175\" src=\"https:\/\/www.tereos.com\/app\/uploads\/sites\/7\/2026\/08\/tereos-relatorio-de-sustentabilidade-2026-onepage-v2-titulo-grande-baixo-carbono.png\" alt=\"\" width=\"8000\" height=\"1695\" srcset=\"https:\/\/www.tereos.com\/app\/uploads\/sites\/7\/2026\/08\/tereos-relatorio-de-sustentabilidade-2026-onepage-v2-titulo-grande-baixo-carbono.png 8000w, https:\/\/www.tereos.com\/app\/uploads\/sites\/7\/2026\/08\/tereos-relatorio-de-sustentabilidade-2026-onepage-v2-titulo-grande-baixo-carbono-300x64.png 300w, https:\/\/www.tereos.com\/app\/uploads\/sites\/7\/2026\/08\/tereos-relatorio-de-sustentabilidade-2026-onepage-v2-titulo-grande-baixo-carbono-1536x325.png 1536w, https:\/\/www.tereos.com\/app\/uploads\/sites\/7\/2026\/08\/tereos-relatorio-de-sustentabilidade-2026-onepage-v2-titulo-grande-baixo-carbono-2048x434.png 2048w\" sizes=\"(max-width: 8000px) 100vw, 8000px\" \/><\/p>\n<p>Desde a ado\u00e7\u00e3o do compromisso p\u00fablico alinhado \u00e0 Science Based Targets initiative (SBTi), a Tereos vem estruturando sua agenda de descarboniza\u00e7\u00e3o com foco na redu\u00e7\u00e3o de emiss\u00f5es, no fortalecimento da governan\u00e7a clim\u00e1tica e na implementa\u00e7\u00e3o de iniciativas de alto impacto.<\/p>\n"},{"acf_fc_layout":"media","anchor_title":"","type":"slider","video":"","image":false,"caption":"","is_downloadable":false,"items":[{"image":12179,"caption":"","is_downloadable":false},{"image":12181,"caption":"","is_downloadable":false},{"image":12183,"caption":"","is_downloadable":false}]},{"acf_fc_layout":"rich_text","anchor_title":"","text":"<p><img loading=\"lazy\" decoding=\"async\" class=\"aligncenter size-full wp-image-12173\" src=\"https:\/\/www.tereos.com\/app\/uploads\/sites\/7\/2026\/08\/tereos-relatorio-de-sustentabilidade-2026-onepage-v2-titulo-menor-crescimento-e-valorizacao.png\" alt=\"\" width=\"8006\" height=\"1334\" srcset=\"https:\/\/www.tereos.com\/app\/uploads\/sites\/7\/2026\/08\/tereos-relatorio-de-sustentabilidade-2026-onepage-v2-titulo-menor-crescimento-e-valorizacao.png 8006w, https:\/\/www.tereos.com\/app\/uploads\/sites\/7\/2026\/08\/tereos-relatorio-de-sustentabilidade-2026-onepage-v2-titulo-menor-crescimento-e-valorizacao-300x50.png 300w, https:\/\/www.tereos.com\/app\/uploads\/sites\/7\/2026\/08\/tereos-relatorio-de-sustentabilidade-2026-onepage-v2-titulo-menor-crescimento-e-valorizacao-1536x256.png 1536w, https:\/\/www.tereos.com\/app\/uploads\/sites\/7\/2026\/08\/tereos-relatorio-de-sustentabilidade-2026-onepage-v2-titulo-menor-crescimento-e-valorizacao-2048x341.png 2048w\" sizes=\"(max-width: 8006px) 100vw, 8006px\" \/><\/p>\n<p>Na safra 2025\/2026, a Tereos manteve as pessoas no centro de sua estrat\u00e9gia, investindo no desenvolvimento de talentos, fortalecimento da cultura organizacional, promo\u00e7\u00e3o da diversidade e amplia\u00e7\u00e3o das iniciativas de sa\u00fade, seguran\u00e7a e bem-estar. Com 8.207 colaboradores, a companhia consolidou programas de capacita\u00e7\u00e3o em todos os n\u00edveis da organiza\u00e7\u00e3o, refor\u00e7ou a mobilidade interna e evoluiu na constru\u00e7\u00e3o de um ambiente cada vez mais inclusivo e seguro.<\/p>\n<p>O foco na experi\u00eancia do colaborador se refletiu em a\u00e7\u00f5es estruturadas de atra\u00e7\u00e3o, desenvolvimento, sucess\u00e3o e reten\u00e7\u00e3o de talentos, al\u00e9m do fortalecimento da marca empregadora. A empresa tamb\u00e9m avan\u00e7ou em sua agenda de diversidade por meio do programa Diversifica Tereos e ampliou iniciativas voltadas \u00e0 sa\u00fade mental, preven\u00e7\u00e3o de acidentes e qualidade de vida, conquistando importantes reconhecimentos externos, como o GPTW e o Pr\u00eamio Vis\u00e3o Agro em Gest\u00e3o de Pessoas.<\/p>\n"},{"acf_fc_layout":"media","anchor_title":"","type":"image","video":"","image":12177,"caption":"","is_downloadable":false,"items":false},{"acf_fc_layout":"rich_text","anchor_title":"","text":"<p><img loading=\"lazy\" decoding=\"async\" class=\"aligncenter size-full wp-image-12185\" src=\"https:\/\/www.tereos.com\/app\/uploads\/sites\/7\/2026\/08\/tereos-relatorio-de-sustentabilidade-2026-onepage-v2-titulo-menor-relacionamento.png\" alt=\"\" width=\"8006\" height=\"1334\" srcset=\"https:\/\/www.tereos.com\/app\/uploads\/sites\/7\/2026\/08\/tereos-relatorio-de-sustentabilidade-2026-onepage-v2-titulo-menor-relacionamento.png 8006w, https:\/\/www.tereos.com\/app\/uploads\/sites\/7\/2026\/08\/tereos-relatorio-de-sustentabilidade-2026-onepage-v2-titulo-menor-relacionamento-300x50.png 300w, https:\/\/www.tereos.com\/app\/uploads\/sites\/7\/2026\/08\/tereos-relatorio-de-sustentabilidade-2026-onepage-v2-titulo-menor-relacionamento-1536x256.png 1536w, https:\/\/www.tereos.com\/app\/uploads\/sites\/7\/2026\/08\/tereos-relatorio-de-sustentabilidade-2026-onepage-v2-titulo-menor-relacionamento-2048x341.png 2048w\" sizes=\"(max-width: 8006px) 100vw, 8006px\" \/><\/p>\n<p>Na safra 2025\/2026, a Tereos fortaleceu os relacionamentos com clientes, fornecedores e comunidades por meio de uma atua\u00e7\u00e3o baseada em proximidade, transpar\u00eancia e gera\u00e7\u00e3o de valor compartilhado. A companhia avan\u00e7ou na oferta de solu\u00e7\u00f5es personalizadas para clientes, ampliou iniciativas de desenvolvimento e rastreabilidade da cadeia de fornecedores e refor\u00e7ou seu compromisso com o desenvolvimento social das regi\u00f5es onde atua.<\/p>\n<p>A empresa tamb\u00e9m valorizou o engajamento comunit\u00e1rio, o voluntariado corporativo e o apoio a projetos de educa\u00e7\u00e3o, cultura, sustentabilidade e inclus\u00e3o social. Com isso, a Tereos consolidou seu papel como agente de transforma\u00e7\u00e3o local, promovendo impactos positivos dentro e fora de suas opera\u00e7\u00f5es.<\/p>\n"},{"acf_fc_layout":"media","anchor_title":"","type":"image","video":"","image":12187,"caption":"","is_downloadable":false,"items":false}]}},"yoast_head":"<!-- This site is optimized with the Yoast SEO plugin v23.7 - https:\/\/yoast.com\/wordpress\/plugins\/seo\/ -->\n<title>- Brasil<\/title>\n<meta name=\"robots\" content=\"index, follow, max-snippet:-1, max-image-preview:large, max-video-preview:-1\" \/>\n<link rel=\"canonical\" href=\"https:\/\/br.tereos.com\/pt-pt\/sustentabilidade\/relatorio-de-sustentabilidade-25-26\/\" \/>\n<meta property=\"og:locale\" content=\"pt_PT\" \/>\n<meta property=\"og:type\" content=\"article\" \/>\n<meta property=\"og:title\" content=\"- Brasil\" \/>\n<meta property=\"og:url\" content=\"https:\/\/br.tereos.com\/pt-pt\/sustentabilidade\/relatorio-de-sustentabilidade-25-26\/\" \/>\n<meta property=\"og:site_name\" content=\"Brasil\" \/>\n<meta property=\"article:modified_time\" content=\"2026-09-01T17:09:23+00:00\" \/>\n<meta property=\"og:image\" content=\"https:\/\/www.tereos.com\/app\/uploads\/sites\/7\/2026\/08\/tereos-relatorio-de-sustentabilidade-2026-onepage-v2-capa-2.png\" \/>\n\t<meta property=\"og:image:width\" content=\"1024\" \/>\n\t<meta property=\"og:image:height\" content=\"400\" \/>\n\t<meta property=\"og:image:type\" content=\"image\/png\" \/>\n<meta name=\"twitter:card\" content=\"summary_large_image\" \/>\n<meta name=\"twitter:label1\" content=\"Est. reading time\" \/>\n\t<meta name=\"twitter:data1\" content=\"1 minute\" \/>\n<script type=\"application\/ld+json\" class=\"yoast-schema-graph\">{\"@context\":\"https:\/\/schema.org\",\"@graph\":[{\"@type\":\"WebPage\",\"@id\":\"https:\/\/br.tereos.com\/pt-pt\/sustentabilidade\/relatorio-de-sustentabilidade-25-26\/\",\"url\":\"https:\/\/br.tereos.com\/pt-pt\/sustentabilidade\/relatorio-de-sustentabilidade-25-26\/\",\"name\":\"- Brasil\",\"isPartOf\":{\"@id\":\"https:\/\/br.tereos.com\/pt-pt\/#website\"},\"primaryImageOfPage\":{\"@id\":\"https:\/\/br.tereos.com\/pt-pt\/sustentabilidade\/relatorio-de-sustentabilidade-25-26\/#primaryimage\"},\"image\":{\"@id\":\"https:\/\/br.tereos.com\/pt-pt\/sustentabilidade\/relatorio-de-sustentabilidade-25-26\/#primaryimage\"},\"thumbnailUrl\":\"https:\/\/www.tereos.com\/app\/uploads\/sites\/7\/2026\/08\/tereos-relatorio-de-sustentabilidade-2026-onepage-v2-capa-2.png\",\"datePublished\":\"2026-08-26T13:08:49+00:00\",\"dateModified\":\"2026-09-01T17:09:23+00:00\",\"breadcrumb\":{\"@id\":\"https:\/\/br.tereos.com\/pt-pt\/sustentabilidade\/relatorio-de-sustentabilidade-25-26\/#breadcrumb\"},\"inLanguage\":\"pt-PT\",\"potentialAction\":[{\"@type\":\"ReadAction\",\"target\":[\"https:\/\/br.tereos.com\/pt-pt\/sustentabilidade\/relatorio-de-sustentabilidade-25-26\/\"]}]},{\"@type\":\"ImageObject\",\"inLanguage\":\"pt-PT\",\"@id\":\"https:\/\/br.tereos.com\/pt-pt\/sustentabilidade\/relatorio-de-sustentabilidade-25-26\/#primaryimage\",\"url\":\"https:\/\/www.tereos.com\/app\/uploads\/sites\/7\/2026\/08\/tereos-relatorio-de-sustentabilidade-2026-onepage-v2-capa-2.png\",\"contentUrl\":\"https:\/\/www.tereos.com\/app\/uploads\/sites\/7\/2026\/08\/tereos-relatorio-de-sustentabilidade-2026-onepage-v2-capa-2.png\",\"width\":8000,\"height\":3125},{\"@type\":\"BreadcrumbList\",\"@id\":\"https:\/\/br.tereos.com\/pt-pt\/sustentabilidade\/relatorio-de-sustentabilidade-25-26\/#breadcrumb\",\"itemListElement\":[{\"@type\":\"ListItem\",\"position\":1,\"name\":\"Home\",\"item\":\"https:\/\/br.tereos.com\/pt-pt\/\"},{\"@type\":\"ListItem\",\"position\":2,\"name\":\"Sustentabilidade\",\"item\":\"https:\/\/br.tereos.com\/pt-pt\/sustentabilidade\/\"}]},{\"@type\":\"WebSite\",\"@id\":\"https:\/\/br.tereos.com\/pt-pt\/#website\",\"url\":\"https:\/\/br.tereos.com\/pt-pt\/\",\"name\":\"Brasil\",\"description\":\"Un site utilisant WordPress\",\"potentialAction\":[{\"@type\":\"SearchAction\",\"target\":{\"@type\":\"EntryPoint\",\"urlTemplate\":\"https:\/\/br.tereos.com\/pt-pt\/?s={search_term_string}\"},\"query-input\":{\"@type\":\"PropertyValueSpecification\",\"valueRequired\":true,\"valueName\":\"search_term_string\"}}],\"inLanguage\":\"pt-PT\"}]}<\/script>\n<!-- \/ Yoast SEO plugin. -->","yoast_head_json":{"title":"- Brasil","robots":{"index":"index","follow":"follow","max-snippet":"max-snippet:-1","max-image-preview":"max-image-preview:large","max-video-preview":"max-video-preview:-1"},"canonical":"https:\/\/br.tereos.com\/pt-pt\/sustentabilidade\/relatorio-de-sustentabilidade-25-26\/","og_locale":"pt_PT","og_type":"article","og_title":"- Brasil","og_url":"https:\/\/br.tereos.com\/pt-pt\/sustentabilidade\/relatorio-de-sustentabilidade-25-26\/","og_site_name":"Brasil","article_modified_time":"2026-09-01T17:09:23+00:00","og_image":[{"url":"https:\/\/www.tereos.com\/app\/uploads\/sites\/7\/2026\/08\/tereos-relatorio-de-sustentabilidade-2026-onepage-v2-capa-2.png","width":1024,"height":400,"type":"image\/png"}],"twitter_card":"summary_large_image","twitter_misc":{"Est. reading time":"1 minute"},"schema":{"@context":"https:\/\/schema.org","@graph":[{"@type":"WebPage","@id":"https:\/\/br.tereos.com\/pt-pt\/sustentabilidade\/relatorio-de-sustentabilidade-25-26\/","url":"https:\/\/br.tereos.com\/pt-pt\/sustentabilidade\/relatorio-de-sustentabilidade-25-26\/","name":"- Brasil","isPartOf":{"@id":"https:\/\/br.tereos.com\/pt-pt\/#website"},"primaryImageOfPage":{"@id":"https:\/\/br.tereos.com\/pt-pt\/sustentabilidade\/relatorio-de-sustentabilidade-25-26\/#primaryimage"},"image":{"@id":"https:\/\/br.tereos.com\/pt-pt\/sustentabilidade\/relatorio-de-sustentabilidade-25-26\/#primaryimage"},"thumbnailUrl":"https:\/\/www.tereos.com\/app\/uploads\/sites\/7\/2026\/08\/tereos-relatorio-de-sustentabilidade-2026-onepage-v2-capa-2.png","datePublished":"2026-08-26T13:08:49+00:00","dateModified":"2026-09-01T17:09:23+00:00","breadcrumb":{"@id":"https:\/\/br.tereos.com\/pt-pt\/sustentabilidade\/relatorio-de-sustentabilidade-25-26\/#breadcrumb"},"inLanguage":"pt-PT","potentialAction":[{"@type":"ReadAction","target":["https:\/\/br.tereos.com\/pt-pt\/sustentabilidade\/relatorio-de-sustentabilidade-25-26\/"]}]},{"@type":"ImageObject","inLanguage":"pt-PT","@id":"https:\/\/br.tereos.com\/pt-pt\/sustentabilidade\/relatorio-de-sustentabilidade-25-26\/#primaryimage","url":"https:\/\/www.tereos.com\/app\/uploads\/sites\/7\/2026\/08\/tereos-relatorio-de-sustentabilidade-2026-onepage-v2-capa-2.png","contentUrl":"https:\/\/www.tereos.com\/app\/uploads\/sites\/7\/2026\/08\/tereos-relatorio-de-sustentabilidade-2026-onepage-v2-capa-2.png","width":8000,"height":3125},{"@type":"BreadcrumbList","@id":"https:\/\/br.tereos.com\/pt-pt\/sustentabilidade\/relatorio-de-sustentabilidade-25-26\/#breadcrumb","itemListElement":[{"@type":"ListItem","position":1,"name":"Home","item":"https:\/\/br.tereos.com\/pt-pt\/"},{"@type":"ListItem","position":2,"name":"Sustentabilidade","item":"https:\/\/br.tereos.com\/pt-pt\/sustentabilidade\/"}]},{"@type":"WebSite","@id":"https:\/\/br.tereos.com\/pt-pt\/#website","url":"https:\/\/br.tereos.com\/pt-pt\/","name":"Brasil","description":"Un site utilisant WordPress","potentialAction":[{"@type":"SearchAction","target":{"@type":"EntryPoint","urlTemplate":"https:\/\/br.tereos.com\/pt-pt\/?s={search_term_string}"},"query-input":{"@type":"PropertyValueSpecification","valueRequired":true,"valueName":"search_term_string"}}],"inLanguage":"pt-PT"}]}},"_links":{"self":[{"href":"https:\/\/br.tereos.com\/pt-pt\/wp-json\/wp\/v2\/pages\/12065"}],"collection":[{"href":"https:\/\/br.tereos.com\/pt-pt\/wp-json\/wp\/v2\/pages"}],"about":[{"href":"https:\/\/br.tereos.com\/pt-pt\/wp-json\/wp\/v2\/types\/page"}],"author":[{"embeddable":true,"href":"https:\/\/br.tereos.com\/pt-pt\/wp-json\/wp\/v2\/users\/278"}],"replies":[{"embeddable":true,"href":"https:\/\/br.tereos.com\/pt-pt\/wp-json\/wp\/v2\/comments?post=12065"}],"version-history":[{"count":4,"href":"https:\/\/br.tereos.com\/pt-pt\/wp-json\/wp\/v2\/pages\/12065\/revisions"}],"predecessor-version":[{"id":12213,"href":"https:\/\/br.tereos.com\/pt-pt\/wp-json\/wp\/v2\/pages\/12065\/revisions\/12213"}],"up":[{"embeddable":true,"href":"https:\/\/br.tereos.com\/pt-pt\/wp-json\/wp\/v2\/pages\/9114"}],"wp:featuredmedia":[{"embeddable":true,"href":"https:\/\/br.tereos.com\/pt-pt\/wp-json\/wp\/v2\/media\/12192"}],"wp:attachment":[{"href":"https:\/\/br.tereos.com\/pt-pt\/wp-json\/wp\/v2\/media?parent=12065"}],"curies":[{"name":"wp","href":"https:\/\/api.w.org\/{rel}","templated":true}]}}