{"id":10463,"date":"2024-08-28T21:18:49","date_gmt":"2024-08-28T19:18:49","guid":{"rendered":"https:\/\/br.tereos.com\/?page_id=10463"},"modified":"2024-09-11T16:54:03","modified_gmt":"2024-09-11T14:54:03","slug":"relatorio-de-sustentabilidade-23-24","status":"publish","type":"page","link":"https:\/\/br.tereos.com\/pt-pt\/sustentabilidade\/relatorio-de-sustentabilidade-23-24\/","title":{"rendered":"Relat\u00f3rio de Sustentabilidade 23\/24"},"content":{"rendered":"","protected":false},"excerpt":{"rendered":"","protected":false},"author":278,"featured_media":10518,"parent":9114,"menu_order":0,"comment_status":"closed","ping_status":"closed","template":"page-editorial.php","meta":{"_acf_changed":false,"footnotes":""},"class_list":["post-10463","page","type-page","status-publish","has-post-thumbnail","hentry"],"acf":{"is_story":false,"is_testimonial":false,"cover_mode":"hero","cover_image":10518,"cover_video_clone":{"cover_mode":"hero","cover_image":10518},"subtitle":"","subtitle_clone":{"subtitle":""},"headline":"","headline_clone":{"headline":""},"has_anchors":false,"sections":[{"acf_fc_layout":"rich_text","anchor_title":"","text":"<p>O relat\u00f3rio da Tereos A\u00e7\u00facar &amp; Energia Brasil apresenta os principais avan\u00e7os na agenda ESG, os resultados da companhia durante a safra 23\/24 e os investimentos realizados que refor\u00e7am o compromisso com a sustentabilidade das opera\u00e7\u00f5es.<\/p>\n<p><strong>Venha conferir como a Tereos vem cultivando um futuro compartilhado para o planeta e para as pessoas!<\/strong><\/p>\n<p><a href=\"https:\/\/www.tereos.com\/app\/uploads\/sites\/7\/2024\/09\/relatorio-de-sustentabilidade-tereos-23-24-2.pdf\"><img loading=\"lazy\" decoding=\"async\" class=\"aligncenter size-full wp-image-10591\" src=\"https:\/\/www.tereos.com\/app\/uploads\/sites\/7\/2024\/09\/tereos-relatorio-de-sustentabilidade-2024-onepage-v1-17-2.png\" alt=\"\" width=\"2729\" height=\"254\" srcset=\"https:\/\/www.tereos.com\/app\/uploads\/sites\/7\/2024\/09\/tereos-relatorio-de-sustentabilidade-2024-onepage-v1-17-2.png 2729w, https:\/\/www.tereos.com\/app\/uploads\/sites\/7\/2024\/09\/tereos-relatorio-de-sustentabilidade-2024-onepage-v1-17-2-300x28.png 300w, https:\/\/www.tereos.com\/app\/uploads\/sites\/7\/2024\/09\/tereos-relatorio-de-sustentabilidade-2024-onepage-v1-17-2-1536x143.png 1536w, https:\/\/www.tereos.com\/app\/uploads\/sites\/7\/2024\/09\/tereos-relatorio-de-sustentabilidade-2024-onepage-v1-17-2-2048x191.png 2048w\" sizes=\"(max-width: 2729px) 100vw, 2729px\" \/><\/a><a href=\"https:\/\/www.tereos.com\/app\/uploads\/sites\/7\/2024\/09\/relatorio-de-sustentabilidade-tereos-23-24-resumida-1.pdf\"><img loading=\"lazy\" decoding=\"async\" class=\"aligncenter size-full wp-image-10592\" src=\"https:\/\/www.tereos.com\/app\/uploads\/sites\/7\/2024\/09\/tereos-relatorio-de-sustentabilidade-2024-onepage-v1-16-1.png\" alt=\"\" width=\"2729\" height=\"254\" srcset=\"https:\/\/www.tereos.com\/app\/uploads\/sites\/7\/2024\/09\/tereos-relatorio-de-sustentabilidade-2024-onepage-v1-16-1.png 2729w, https:\/\/www.tereos.com\/app\/uploads\/sites\/7\/2024\/09\/tereos-relatorio-de-sustentabilidade-2024-onepage-v1-16-1-300x28.png 300w, https:\/\/www.tereos.com\/app\/uploads\/sites\/7\/2024\/09\/tereos-relatorio-de-sustentabilidade-2024-onepage-v1-16-1-1536x143.png 1536w, https:\/\/www.tereos.com\/app\/uploads\/sites\/7\/2024\/09\/tereos-relatorio-de-sustentabilidade-2024-onepage-v1-16-1-2048x191.png 2048w\" sizes=\"(max-width: 2729px) 100vw, 2729px\" \/><\/a><a href=\"https:\/\/br.tereos.com\/pt-pt\/sustentabilidade\/sustainability-report-2023-2024\/\"><img loading=\"lazy\" decoding=\"async\" class=\"aligncenter size-full wp-image-10593\" src=\"https:\/\/www.tereos.com\/app\/uploads\/sites\/7\/2024\/09\/tereos-relatorio-de-sustentabilidade-2024-onepage-v1-15-1.png\" alt=\"\" width=\"2729\" height=\"254\" srcset=\"https:\/\/www.tereos.com\/app\/uploads\/sites\/7\/2024\/09\/tereos-relatorio-de-sustentabilidade-2024-onepage-v1-15-1.png 2729w, https:\/\/www.tereos.com\/app\/uploads\/sites\/7\/2024\/09\/tereos-relatorio-de-sustentabilidade-2024-onepage-v1-15-1-300x28.png 300w, https:\/\/www.tereos.com\/app\/uploads\/sites\/7\/2024\/09\/tereos-relatorio-de-sustentabilidade-2024-onepage-v1-15-1-1536x143.png 1536w, https:\/\/www.tereos.com\/app\/uploads\/sites\/7\/2024\/09\/tereos-relatorio-de-sustentabilidade-2024-onepage-v1-15-1-2048x191.png 2048w\" sizes=\"(max-width: 2729px) 100vw, 2729px\" \/><\/a><\/p>\n<p>&nbsp;<\/p>\n<p>&nbsp;<\/p>\n"},{"acf_fc_layout":"rich_text","anchor_title":"","text":"<p>Confira os destaques:<\/p>\n<p><img loading=\"lazy\" decoding=\"async\" class=\"aligncenter size-full wp-image-10553\" src=\"https:\/\/www.tereos.com\/app\/uploads\/sites\/7\/2024\/09\/tereos-relatorio-de-sustentabilidade-2024-onepage-v1-prancheta-5-copia-2.png\" alt=\"\" width=\"4000\" height=\"397\" srcset=\"https:\/\/www.tereos.com\/app\/uploads\/sites\/7\/2024\/09\/tereos-relatorio-de-sustentabilidade-2024-onepage-v1-prancheta-5-copia-2.png 4000w, https:\/\/www.tereos.com\/app\/uploads\/sites\/7\/2024\/09\/tereos-relatorio-de-sustentabilidade-2024-onepage-v1-prancheta-5-copia-2-300x30.png 300w, https:\/\/www.tereos.com\/app\/uploads\/sites\/7\/2024\/09\/tereos-relatorio-de-sustentabilidade-2024-onepage-v1-prancheta-5-copia-2-1536x152.png 1536w, https:\/\/www.tereos.com\/app\/uploads\/sites\/7\/2024\/09\/tereos-relatorio-de-sustentabilidade-2024-onepage-v1-prancheta-5-copia-2-2048x203.png 2048w\" sizes=\"(max-width: 4000px) 100vw, 4000px\" \/><\/p>\n<p>A moagem ultrapassou <strong>21 milh\u00f5es de toneladas, a mais alta de toda a hist\u00f3ria da Tereos<\/strong>.<\/p>\n<p><img loading=\"lazy\" decoding=\"async\" class=\"aligncenter size-full wp-image-10523\" src=\"https:\/\/www.tereos.com\/app\/uploads\/sites\/7\/2024\/09\/tereos-relatorio-de-sustentabilidade-2024-onepage-v1-prancheta-2.png\" alt=\"\" width=\"4000\" height=\"753\" srcset=\"https:\/\/www.tereos.com\/app\/uploads\/sites\/7\/2024\/09\/tereos-relatorio-de-sustentabilidade-2024-onepage-v1-prancheta-2.png 4000w, https:\/\/www.tereos.com\/app\/uploads\/sites\/7\/2024\/09\/tereos-relatorio-de-sustentabilidade-2024-onepage-v1-prancheta-2-300x56.png 300w, https:\/\/www.tereos.com\/app\/uploads\/sites\/7\/2024\/09\/tereos-relatorio-de-sustentabilidade-2024-onepage-v1-prancheta-2-1536x289.png 1536w, https:\/\/www.tereos.com\/app\/uploads\/sites\/7\/2024\/09\/tereos-relatorio-de-sustentabilidade-2024-onepage-v1-prancheta-2-2048x386.png 2048w\" sizes=\"(max-width: 4000px) 100vw, 4000px\" \/><\/p>\n<p>&nbsp;<\/p>\n<p><img loading=\"lazy\" decoding=\"async\" class=\"aligncenter size-full wp-image-10477\" src=\"https:\/\/www.tereos.com\/app\/uploads\/sites\/7\/2024\/09\/prancheta-4.png\" alt=\"\" width=\"1921\" height=\"980\" srcset=\"https:\/\/www.tereos.com\/app\/uploads\/sites\/7\/2024\/09\/prancheta-4.png 1921w, https:\/\/www.tereos.com\/app\/uploads\/sites\/7\/2024\/09\/prancheta-4-300x153.png 300w, https:\/\/www.tereos.com\/app\/uploads\/sites\/7\/2024\/09\/prancheta-4-1536x784.png 1536w\" sizes=\"(max-width: 1921px) 100vw, 1921px\" \/><\/p>\n"},{"acf_fc_layout":"rich_text","anchor_title":"","text":"<p><img loading=\"lazy\" decoding=\"async\" class=\"aligncenter size-full wp-image-10524\" src=\"https:\/\/www.tereos.com\/app\/uploads\/sites\/7\/2024\/09\/tereos-relatorio-de-sustentabilidade-2024-onepage-v1-prancheta-5.png\" alt=\"\" width=\"4000\" height=\"397\" srcset=\"https:\/\/www.tereos.com\/app\/uploads\/sites\/7\/2024\/09\/tereos-relatorio-de-sustentabilidade-2024-onepage-v1-prancheta-5.png 4000w, https:\/\/www.tereos.com\/app\/uploads\/sites\/7\/2024\/09\/tereos-relatorio-de-sustentabilidade-2024-onepage-v1-prancheta-5-300x30.png 300w, https:\/\/www.tereos.com\/app\/uploads\/sites\/7\/2024\/09\/tereos-relatorio-de-sustentabilidade-2024-onepage-v1-prancheta-5-1536x152.png 1536w, https:\/\/www.tereos.com\/app\/uploads\/sites\/7\/2024\/09\/tereos-relatorio-de-sustentabilidade-2024-onepage-v1-prancheta-5-2048x203.png 2048w\" sizes=\"(max-width: 4000px) 100vw, 4000px\" \/><\/p>\n<p>Novos temas foram incorporados, j\u00e1 que s\u00e3o parte importante da estrat\u00e9gia ESG da Tereos: relacionamento com comunidades e desenvolvimento local, al\u00e9m de diversidade, inclus\u00e3o e equidade.<\/p>\n<p>&nbsp;<\/p>\n<p><img loading=\"lazy\" decoding=\"async\" class=\"aligncenter size-full wp-image-10525\" src=\"https:\/\/www.tereos.com\/app\/uploads\/sites\/7\/2024\/09\/tereos-relatorio-de-sustentabilidade-2024-onepage-v1-14.png\" alt=\"\" width=\"4000\" height=\"2079\" srcset=\"https:\/\/www.tereos.com\/app\/uploads\/sites\/7\/2024\/09\/tereos-relatorio-de-sustentabilidade-2024-onepage-v1-14.png 4000w, https:\/\/www.tereos.com\/app\/uploads\/sites\/7\/2024\/09\/tereos-relatorio-de-sustentabilidade-2024-onepage-v1-14-300x156.png 300w, https:\/\/www.tereos.com\/app\/uploads\/sites\/7\/2024\/09\/tereos-relatorio-de-sustentabilidade-2024-onepage-v1-14-1536x798.png 1536w, https:\/\/www.tereos.com\/app\/uploads\/sites\/7\/2024\/09\/tereos-relatorio-de-sustentabilidade-2024-onepage-v1-14-2048x1064.png 2048w\" sizes=\"(max-width: 4000px) 100vw, 4000px\" \/><\/p>\n"},{"acf_fc_layout":"rich_text","anchor_title":"","text":"<p><img loading=\"lazy\" decoding=\"async\" class=\"aligncenter size-full wp-image-10482\" src=\"https:\/\/www.tereos.com\/app\/uploads\/sites\/7\/2024\/09\/prancheta-15.png\" alt=\"\" width=\"1921\" height=\"501\" srcset=\"https:\/\/www.tereos.com\/app\/uploads\/sites\/7\/2024\/09\/prancheta-15.png 1921w, https:\/\/www.tereos.com\/app\/uploads\/sites\/7\/2024\/09\/prancheta-15-300x78.png 300w, https:\/\/www.tereos.com\/app\/uploads\/sites\/7\/2024\/09\/prancheta-15-1536x401.png 1536w\" sizes=\"(max-width: 1921px) 100vw, 1921px\" \/><\/p>\n<p>Conquistamos resultados expressivos que refor\u00e7am nosso compromisso com o desenvolvimento sustent\u00e1vel, como aumento de 26% no volume de cana certificada, amplia\u00e7\u00e3o da aplica\u00e7\u00e3o de vinha\u00e7a localizada e redu\u00e7\u00e3o de 11,3% na taxa de les\u00f5es relacionadas ao trabalho em compara\u00e7\u00e3o ao per\u00edodo anterior.<\/p>\n"},{"acf_fc_layout":"media","anchor_title":"","type":"slider","video":"","image":false,"caption":"","is_downloadable":false,"items":[{"image":10483,"caption":"","is_downloadable":false},{"image":10484,"caption":"","is_downloadable":false},{"image":10489,"caption":"","is_downloadable":false},{"image":10490,"caption":"","is_downloadable":false},{"image":10491,"caption":"","is_downloadable":false}]},{"acf_fc_layout":"rich_text","anchor_title":"","text":"<p><img loading=\"lazy\" decoding=\"async\" class=\"aligncenter size-full wp-image-10526\" src=\"https:\/\/www.tereos.com\/app\/uploads\/sites\/7\/2024\/09\/tereos-relatorio-de-sustentabilidade-2024-onepage-v1-prancheta-5-copia.png\" alt=\"\" width=\"4000\" height=\"397\" srcset=\"https:\/\/www.tereos.com\/app\/uploads\/sites\/7\/2024\/09\/tereos-relatorio-de-sustentabilidade-2024-onepage-v1-prancheta-5-copia.png 4000w, https:\/\/www.tereos.com\/app\/uploads\/sites\/7\/2024\/09\/tereos-relatorio-de-sustentabilidade-2024-onepage-v1-prancheta-5-copia-300x30.png 300w, https:\/\/www.tereos.com\/app\/uploads\/sites\/7\/2024\/09\/tereos-relatorio-de-sustentabilidade-2024-onepage-v1-prancheta-5-copia-1536x152.png 1536w, https:\/\/www.tereos.com\/app\/uploads\/sites\/7\/2024\/09\/tereos-relatorio-de-sustentabilidade-2024-onepage-v1-prancheta-5-copia-2048x203.png 2048w\" sizes=\"(max-width: 4000px) 100vw, 4000px\" \/><\/p>\n<p>Para que a nossa identidade refletisse os diferenciais da Tereos e com o objetivo de fortalecer a cultura organizacional em todas as opera\u00e7\u00f5es globais, temos um novo prop\u00f3sito:<\/p>\n<p><img loading=\"lazy\" decoding=\"async\" class=\"aligncenter size-full wp-image-10492\" src=\"https:\/\/www.tereos.com\/app\/uploads\/sites\/7\/2024\/09\/prancheta-22.png\" alt=\"\" width=\"1921\" height=\"1081\" srcset=\"https:\/\/www.tereos.com\/app\/uploads\/sites\/7\/2024\/09\/prancheta-22.png 1921w, https:\/\/www.tereos.com\/app\/uploads\/sites\/7\/2024\/09\/prancheta-22-300x169.png 300w, https:\/\/www.tereos.com\/app\/uploads\/sites\/7\/2024\/09\/prancheta-22-1536x864.png 1536w\" sizes=\"(max-width: 1921px) 100vw, 1921px\" \/><\/p>\n<p>E nossos valores tamb\u00e9m foram renovados para que transpare\u00e7am melhor nossa forma de atua\u00e7\u00e3o:<\/p>\n<p><strong>Ousadia:<\/strong> Propor solu\u00e7\u00f5es e tomar a iniciativa para enfrentar os desafios atuais e futuros.<\/p>\n<p><strong>Pragmatismo<\/strong>: Atuar com agilidade, simplicidade, efici\u00eancia e sensatez, focando em a\u00e7\u00f5es concretas.<\/p>\n<p><strong>Colabora\u00e7\u00e3o<\/strong>: Demonstrar esp\u00edrito de equipe, reciprocidade e confian\u00e7a, com aten\u00e7\u00e3o aos desafios compartilhados para encontrar solu\u00e7\u00f5es juntos<\/p>\n<p><strong>Performance:<\/strong> Buscar a excel\u00eancia, agindo com rigor e perseveran\u00e7a para alcan\u00e7ar os compromissos.<\/p>\n"},{"acf_fc_layout":"rich_text","anchor_title":"","text":"<p><img loading=\"lazy\" decoding=\"async\" class=\"aligncenter size-full wp-image-10493\" src=\"https:\/\/www.tereos.com\/app\/uploads\/sites\/7\/2024\/09\/prancheta-23.png\" alt=\"\" width=\"1921\" height=\"571\" srcset=\"https:\/\/www.tereos.com\/app\/uploads\/sites\/7\/2024\/09\/prancheta-23.png 1921w, https:\/\/www.tereos.com\/app\/uploads\/sites\/7\/2024\/09\/prancheta-23-300x89.png 300w, https:\/\/www.tereos.com\/app\/uploads\/sites\/7\/2024\/09\/prancheta-23-1536x457.png 1536w\" sizes=\"(max-width: 1921px) 100vw, 1921px\" \/><\/p>\n<p>Somos a primeira empresa do setor sucroenerg\u00e9tico brasileiro a assinar o mais alto n\u00edvel de compromisso do SBTi (Science Based Targets Initiative): neutralizar a emiss\u00e3o de gases de efeito estufa (GEE) em toda a cadeia de valor, desde os campos at\u00e9 os produtos acabados, at\u00e9 2050.<\/p>\n<p>Para isso, contamos com metas intermedi\u00e1rias at\u00e9 a safra 2032\/2033, com investimento de <strong>800 milh\u00f5es de euros<\/strong> em <strong>78 grandes projetos<\/strong> em <strong>16 unidades industriais<\/strong> da Tereos em todo o mundo.<\/p>\n<p><img loading=\"lazy\" decoding=\"async\" class=\"aligncenter size-full wp-image-10527\" src=\"https:\/\/www.tereos.com\/app\/uploads\/sites\/7\/2024\/09\/tereos-relatorio-de-sustentabilidade-2024-onepage-v1-19.png\" alt=\"\" width=\"4000\" height=\"1750\" srcset=\"https:\/\/www.tereos.com\/app\/uploads\/sites\/7\/2024\/09\/tereos-relatorio-de-sustentabilidade-2024-onepage-v1-19.png 4000w, https:\/\/www.tereos.com\/app\/uploads\/sites\/7\/2024\/09\/tereos-relatorio-de-sustentabilidade-2024-onepage-v1-19-300x131.png 300w, https:\/\/www.tereos.com\/app\/uploads\/sites\/7\/2024\/09\/tereos-relatorio-de-sustentabilidade-2024-onepage-v1-19-1536x672.png 1536w, https:\/\/www.tereos.com\/app\/uploads\/sites\/7\/2024\/09\/tereos-relatorio-de-sustentabilidade-2024-onepage-v1-19-2048x896.png 2048w\" sizes=\"(max-width: 4000px) 100vw, 4000px\" \/><\/p>\n<p>No Brasil, j\u00e1 investimos em iniciativas que refor\u00e7am esse compromisso e nos ajudam a trilhar nossa jornada rumo a um futuro mais sustent\u00e1vel.<\/p>\n<p><strong>Biog\u00e1s e biometano: <\/strong>inauguramos em 2022 nossa primeira planta de biog\u00e1s em Ol\u00edmpia e j\u00e1 realizamos testes para o uso do biometano no abastecimento de caminh\u00f5es canavieiros. A meta \u00e9 que, at\u00e9 2030, <strong>100% desses equipamentos utilizem esse combust\u00edvel em substitui\u00e7\u00e3o ao diesel.<\/strong><\/p>\n<p><strong>Redu\u00e7\u00e3o do consumo de diesel:<\/strong> renovamos a frota de caminh\u00f5es por ve\u00edculos com tecnologia Euro 6, utilizamos diesel aditivado S-10 e otimizamos as opera\u00e7\u00f5es por meio de acompanhamento em tempo real.<\/p>\n<p><strong>Pr\u00e1ticas agr\u00edcolas sustent\u00e1veis:<\/strong> ampliamos o uso de <strong>fertilizantes org\u00e2nicos<\/strong> diminuindo o uso dos minerais nitrogenados, e reduzimos o uso de calc\u00e1rio e gesso.<\/p>\n"},{"acf_fc_layout":"rich_text","anchor_title":"","text":"<p><img loading=\"lazy\" decoding=\"async\" class=\"aligncenter size-full wp-image-10497\" src=\"https:\/\/www.tereos.com\/app\/uploads\/sites\/7\/2024\/09\/prancheta-27.png\" alt=\"\" width=\"1921\" height=\"570\" srcset=\"https:\/\/www.tereos.com\/app\/uploads\/sites\/7\/2024\/09\/prancheta-27.png 1921w, https:\/\/www.tereos.com\/app\/uploads\/sites\/7\/2024\/09\/prancheta-27-300x89.png 300w, https:\/\/www.tereos.com\/app\/uploads\/sites\/7\/2024\/09\/prancheta-27-1536x456.png 1536w\" sizes=\"(max-width: 1921px) 100vw, 1921px\" \/><\/p>\n<p>&#8211; Desenvolvemos o programa <strong>MASTER (Meio Ambiente e Sustentabilidade Tereos)<\/strong> para padronizar processos e garantir tomadas de decis\u00f5es assertivas na gest\u00e3o socioambiental.<\/p>\n<p>&#8211; Ampliamos nossa atua\u00e7\u00e3o no segmento de energia, contribuindo com a diversifica\u00e7\u00e3o da matriz energ\u00e9tica.<\/p>\n<p><img loading=\"lazy\" decoding=\"async\" class=\"aligncenter size-full wp-image-10528\" src=\"https:\/\/www.tereos.com\/app\/uploads\/sites\/7\/2024\/09\/tereos-relatorio-de-sustentabilidade-2024-onepage-v1-22.png\" alt=\"\" width=\"4000\" height=\"1632\" srcset=\"https:\/\/www.tereos.com\/app\/uploads\/sites\/7\/2024\/09\/tereos-relatorio-de-sustentabilidade-2024-onepage-v1-22.png 4000w, https:\/\/www.tereos.com\/app\/uploads\/sites\/7\/2024\/09\/tereos-relatorio-de-sustentabilidade-2024-onepage-v1-22-300x122.png 300w, https:\/\/www.tereos.com\/app\/uploads\/sites\/7\/2024\/09\/tereos-relatorio-de-sustentabilidade-2024-onepage-v1-22-1536x627.png 1536w, https:\/\/www.tereos.com\/app\/uploads\/sites\/7\/2024\/09\/tereos-relatorio-de-sustentabilidade-2024-onepage-v1-22-2048x836.png 2048w\" sizes=\"(max-width: 4000px) 100vw, 4000px\" \/><\/p>\n<p>&#8211; Contamos com iniciativas voltadas \u00e0 <strong>preserva\u00e7\u00e3o da biodiversidade<\/strong>, como a\u00e7\u00f5es de capacita\u00e7\u00e3o para apicultores e conscientiza\u00e7\u00e3o sobre a import\u00e2ncia das abelhas, programas de reflorestamento e recupera\u00e7\u00e3o de nascentes no entorno de nossas unidades.<\/p>\n<p>&#8211; Realizamos, anualmente, campanhas para preven\u00e7\u00e3o e combate a inc\u00eandios. Durante a safra 23\/24, contamos com a\u00e7\u00f5es de conscientiza\u00e7\u00e3o em escolas, popula\u00e7\u00e3o das cidades onde atuamos e motoristas de nossas unidades, impactando mais de <strong>8,5 mil pessoas.<\/strong><\/p>\n"},{"acf_fc_layout":"rich_text","anchor_title":"","text":"<p><img loading=\"lazy\" decoding=\"async\" class=\"aligncenter size-full wp-image-10501\" src=\"https:\/\/www.tereos.com\/app\/uploads\/sites\/7\/2024\/09\/prancheta-30.png\" alt=\"\" width=\"1921\" height=\"571\" srcset=\"https:\/\/www.tereos.com\/app\/uploads\/sites\/7\/2024\/09\/prancheta-30.png 1921w, https:\/\/www.tereos.com\/app\/uploads\/sites\/7\/2024\/09\/prancheta-30-300x89.png 300w, https:\/\/www.tereos.com\/app\/uploads\/sites\/7\/2024\/09\/prancheta-30-1536x457.png 1536w\" sizes=\"(max-width: 1921px) 100vw, 1921px\" \/><\/p>\n<p>As pessoas s\u00e3o parte fundamental de nosso neg\u00f3cio e, por isso, buscamos criar um ambiente acolhedor e saud\u00e1vel para nossos colaboradores.<\/p>\n<p>Na safra 23\/24, avan\u00e7amos em diversas iniciativas nessa frente, como:<\/p>\n<p><img loading=\"lazy\" decoding=\"async\" class=\"aligncenter size-full wp-image-10502\" src=\"https:\/\/www.tereos.com\/app\/uploads\/sites\/7\/2024\/09\/prancheta-31.png\" alt=\"\" width=\"1921\" height=\"1081\" srcset=\"https:\/\/www.tereos.com\/app\/uploads\/sites\/7\/2024\/09\/prancheta-31.png 1921w, https:\/\/www.tereos.com\/app\/uploads\/sites\/7\/2024\/09\/prancheta-31-300x169.png 300w, https:\/\/www.tereos.com\/app\/uploads\/sites\/7\/2024\/09\/prancheta-31-1536x864.png 1536w\" sizes=\"(max-width: 1921px) 100vw, 1921px\" \/><\/p>\n<p>No \u00e2mbito social, investimos em projetos que contribuem de forma positiva para as comunidades, fortalecendo o relacionamento e o compromisso da Tereos com o bem-estar e desenvolvimento local.<\/p>\n<p><img loading=\"lazy\" decoding=\"async\" class=\"aligncenter size-full wp-image-10529\" src=\"https:\/\/www.tereos.com\/app\/uploads\/sites\/7\/2024\/09\/tereos-relatorio-de-sustentabilidade-2024-onepage-v1-23.png\" alt=\"\" width=\"4000\" height=\"1966\" srcset=\"https:\/\/www.tereos.com\/app\/uploads\/sites\/7\/2024\/09\/tereos-relatorio-de-sustentabilidade-2024-onepage-v1-23.png 4000w, https:\/\/www.tereos.com\/app\/uploads\/sites\/7\/2024\/09\/tereos-relatorio-de-sustentabilidade-2024-onepage-v1-23-300x147.png 300w, https:\/\/www.tereos.com\/app\/uploads\/sites\/7\/2024\/09\/tereos-relatorio-de-sustentabilidade-2024-onepage-v1-23-1536x755.png 1536w, https:\/\/www.tereos.com\/app\/uploads\/sites\/7\/2024\/09\/tereos-relatorio-de-sustentabilidade-2024-onepage-v1-23-2048x1007.png 2048w\" sizes=\"(max-width: 4000px) 100vw, 4000px\" \/><\/p>\n"}],"flexible_editorial_clone":{"has_anchors":false,"sections":[{"acf_fc_layout":"rich_text","anchor_title":"","text":"<p>O relat\u00f3rio da Tereos A\u00e7\u00facar &amp; Energia Brasil apresenta os principais avan\u00e7os na agenda ESG, os resultados da companhia durante a safra 23\/24 e os investimentos realizados que refor\u00e7am o compromisso com a sustentabilidade das opera\u00e7\u00f5es.<\/p>\n<p><strong>Venha conferir como a Tereos vem cultivando um futuro compartilhado para o planeta e para as pessoas!<\/strong><\/p>\n<p><a href=\"https:\/\/www.tereos.com\/app\/uploads\/sites\/7\/2024\/09\/relatorio-de-sustentabilidade-tereos-23-24-2.pdf\"><img loading=\"lazy\" decoding=\"async\" class=\"aligncenter size-full wp-image-10591\" src=\"https:\/\/www.tereos.com\/app\/uploads\/sites\/7\/2024\/09\/tereos-relatorio-de-sustentabilidade-2024-onepage-v1-17-2.png\" alt=\"\" width=\"2729\" height=\"254\" srcset=\"https:\/\/www.tereos.com\/app\/uploads\/sites\/7\/2024\/09\/tereos-relatorio-de-sustentabilidade-2024-onepage-v1-17-2.png 2729w, https:\/\/www.tereos.com\/app\/uploads\/sites\/7\/2024\/09\/tereos-relatorio-de-sustentabilidade-2024-onepage-v1-17-2-300x28.png 300w, https:\/\/www.tereos.com\/app\/uploads\/sites\/7\/2024\/09\/tereos-relatorio-de-sustentabilidade-2024-onepage-v1-17-2-1536x143.png 1536w, https:\/\/www.tereos.com\/app\/uploads\/sites\/7\/2024\/09\/tereos-relatorio-de-sustentabilidade-2024-onepage-v1-17-2-2048x191.png 2048w\" sizes=\"(max-width: 2729px) 100vw, 2729px\" \/><\/a><a href=\"https:\/\/www.tereos.com\/app\/uploads\/sites\/7\/2024\/09\/relatorio-de-sustentabilidade-tereos-23-24-resumida-1.pdf\"><img loading=\"lazy\" decoding=\"async\" class=\"aligncenter size-full wp-image-10592\" src=\"https:\/\/www.tereos.com\/app\/uploads\/sites\/7\/2024\/09\/tereos-relatorio-de-sustentabilidade-2024-onepage-v1-16-1.png\" alt=\"\" width=\"2729\" height=\"254\" srcset=\"https:\/\/www.tereos.com\/app\/uploads\/sites\/7\/2024\/09\/tereos-relatorio-de-sustentabilidade-2024-onepage-v1-16-1.png 2729w, https:\/\/www.tereos.com\/app\/uploads\/sites\/7\/2024\/09\/tereos-relatorio-de-sustentabilidade-2024-onepage-v1-16-1-300x28.png 300w, https:\/\/www.tereos.com\/app\/uploads\/sites\/7\/2024\/09\/tereos-relatorio-de-sustentabilidade-2024-onepage-v1-16-1-1536x143.png 1536w, https:\/\/www.tereos.com\/app\/uploads\/sites\/7\/2024\/09\/tereos-relatorio-de-sustentabilidade-2024-onepage-v1-16-1-2048x191.png 2048w\" sizes=\"(max-width: 2729px) 100vw, 2729px\" \/><\/a><a href=\"https:\/\/br.tereos.com\/pt-pt\/sustentabilidade\/sustainability-report-2023-2024\/\"><img loading=\"lazy\" decoding=\"async\" class=\"aligncenter size-full wp-image-10593\" src=\"https:\/\/www.tereos.com\/app\/uploads\/sites\/7\/2024\/09\/tereos-relatorio-de-sustentabilidade-2024-onepage-v1-15-1.png\" alt=\"\" width=\"2729\" height=\"254\" srcset=\"https:\/\/www.tereos.com\/app\/uploads\/sites\/7\/2024\/09\/tereos-relatorio-de-sustentabilidade-2024-onepage-v1-15-1.png 2729w, https:\/\/www.tereos.com\/app\/uploads\/sites\/7\/2024\/09\/tereos-relatorio-de-sustentabilidade-2024-onepage-v1-15-1-300x28.png 300w, https:\/\/www.tereos.com\/app\/uploads\/sites\/7\/2024\/09\/tereos-relatorio-de-sustentabilidade-2024-onepage-v1-15-1-1536x143.png 1536w, https:\/\/www.tereos.com\/app\/uploads\/sites\/7\/2024\/09\/tereos-relatorio-de-sustentabilidade-2024-onepage-v1-15-1-2048x191.png 2048w\" sizes=\"(max-width: 2729px) 100vw, 2729px\" \/><\/a><\/p>\n<p>&nbsp;<\/p>\n<p>&nbsp;<\/p>\n"},{"acf_fc_layout":"rich_text","anchor_title":"","text":"<p>Confira os destaques:<\/p>\n<p><img loading=\"lazy\" decoding=\"async\" class=\"aligncenter size-full wp-image-10553\" src=\"https:\/\/www.tereos.com\/app\/uploads\/sites\/7\/2024\/09\/tereos-relatorio-de-sustentabilidade-2024-onepage-v1-prancheta-5-copia-2.png\" alt=\"\" width=\"4000\" height=\"397\" srcset=\"https:\/\/www.tereos.com\/app\/uploads\/sites\/7\/2024\/09\/tereos-relatorio-de-sustentabilidade-2024-onepage-v1-prancheta-5-copia-2.png 4000w, https:\/\/www.tereos.com\/app\/uploads\/sites\/7\/2024\/09\/tereos-relatorio-de-sustentabilidade-2024-onepage-v1-prancheta-5-copia-2-300x30.png 300w, https:\/\/www.tereos.com\/app\/uploads\/sites\/7\/2024\/09\/tereos-relatorio-de-sustentabilidade-2024-onepage-v1-prancheta-5-copia-2-1536x152.png 1536w, https:\/\/www.tereos.com\/app\/uploads\/sites\/7\/2024\/09\/tereos-relatorio-de-sustentabilidade-2024-onepage-v1-prancheta-5-copia-2-2048x203.png 2048w\" sizes=\"(max-width: 4000px) 100vw, 4000px\" \/><\/p>\n<p>A moagem ultrapassou <strong>21 milh\u00f5es de toneladas, a mais alta de toda a hist\u00f3ria da Tereos<\/strong>.<\/p>\n<p><img loading=\"lazy\" decoding=\"async\" class=\"aligncenter size-full wp-image-10523\" src=\"https:\/\/www.tereos.com\/app\/uploads\/sites\/7\/2024\/09\/tereos-relatorio-de-sustentabilidade-2024-onepage-v1-prancheta-2.png\" alt=\"\" width=\"4000\" height=\"753\" srcset=\"https:\/\/www.tereos.com\/app\/uploads\/sites\/7\/2024\/09\/tereos-relatorio-de-sustentabilidade-2024-onepage-v1-prancheta-2.png 4000w, https:\/\/www.tereos.com\/app\/uploads\/sites\/7\/2024\/09\/tereos-relatorio-de-sustentabilidade-2024-onepage-v1-prancheta-2-300x56.png 300w, https:\/\/www.tereos.com\/app\/uploads\/sites\/7\/2024\/09\/tereos-relatorio-de-sustentabilidade-2024-onepage-v1-prancheta-2-1536x289.png 1536w, https:\/\/www.tereos.com\/app\/uploads\/sites\/7\/2024\/09\/tereos-relatorio-de-sustentabilidade-2024-onepage-v1-prancheta-2-2048x386.png 2048w\" sizes=\"(max-width: 4000px) 100vw, 4000px\" \/><\/p>\n<p>&nbsp;<\/p>\n<p><img loading=\"lazy\" decoding=\"async\" class=\"aligncenter size-full wp-image-10477\" src=\"https:\/\/www.tereos.com\/app\/uploads\/sites\/7\/2024\/09\/prancheta-4.png\" alt=\"\" width=\"1921\" height=\"980\" srcset=\"https:\/\/www.tereos.com\/app\/uploads\/sites\/7\/2024\/09\/prancheta-4.png 1921w, https:\/\/www.tereos.com\/app\/uploads\/sites\/7\/2024\/09\/prancheta-4-300x153.png 300w, https:\/\/www.tereos.com\/app\/uploads\/sites\/7\/2024\/09\/prancheta-4-1536x784.png 1536w\" sizes=\"(max-width: 1921px) 100vw, 1921px\" \/><\/p>\n"},{"acf_fc_layout":"rich_text","anchor_title":"","text":"<p><img loading=\"lazy\" decoding=\"async\" class=\"aligncenter size-full wp-image-10524\" src=\"https:\/\/www.tereos.com\/app\/uploads\/sites\/7\/2024\/09\/tereos-relatorio-de-sustentabilidade-2024-onepage-v1-prancheta-5.png\" alt=\"\" width=\"4000\" height=\"397\" srcset=\"https:\/\/www.tereos.com\/app\/uploads\/sites\/7\/2024\/09\/tereos-relatorio-de-sustentabilidade-2024-onepage-v1-prancheta-5.png 4000w, https:\/\/www.tereos.com\/app\/uploads\/sites\/7\/2024\/09\/tereos-relatorio-de-sustentabilidade-2024-onepage-v1-prancheta-5-300x30.png 300w, https:\/\/www.tereos.com\/app\/uploads\/sites\/7\/2024\/09\/tereos-relatorio-de-sustentabilidade-2024-onepage-v1-prancheta-5-1536x152.png 1536w, https:\/\/www.tereos.com\/app\/uploads\/sites\/7\/2024\/09\/tereos-relatorio-de-sustentabilidade-2024-onepage-v1-prancheta-5-2048x203.png 2048w\" sizes=\"(max-width: 4000px) 100vw, 4000px\" \/><\/p>\n<p>Novos temas foram incorporados, j\u00e1 que s\u00e3o parte importante da estrat\u00e9gia ESG da Tereos: relacionamento com comunidades e desenvolvimento local, al\u00e9m de diversidade, inclus\u00e3o e equidade.<\/p>\n<p>&nbsp;<\/p>\n<p><img loading=\"lazy\" decoding=\"async\" class=\"aligncenter size-full wp-image-10525\" src=\"https:\/\/www.tereos.com\/app\/uploads\/sites\/7\/2024\/09\/tereos-relatorio-de-sustentabilidade-2024-onepage-v1-14.png\" alt=\"\" width=\"4000\" height=\"2079\" srcset=\"https:\/\/www.tereos.com\/app\/uploads\/sites\/7\/2024\/09\/tereos-relatorio-de-sustentabilidade-2024-onepage-v1-14.png 4000w, https:\/\/www.tereos.com\/app\/uploads\/sites\/7\/2024\/09\/tereos-relatorio-de-sustentabilidade-2024-onepage-v1-14-300x156.png 300w, https:\/\/www.tereos.com\/app\/uploads\/sites\/7\/2024\/09\/tereos-relatorio-de-sustentabilidade-2024-onepage-v1-14-1536x798.png 1536w, https:\/\/www.tereos.com\/app\/uploads\/sites\/7\/2024\/09\/tereos-relatorio-de-sustentabilidade-2024-onepage-v1-14-2048x1064.png 2048w\" sizes=\"(max-width: 4000px) 100vw, 4000px\" \/><\/p>\n"},{"acf_fc_layout":"rich_text","anchor_title":"","text":"<p><img loading=\"lazy\" decoding=\"async\" class=\"aligncenter size-full wp-image-10482\" src=\"https:\/\/www.tereos.com\/app\/uploads\/sites\/7\/2024\/09\/prancheta-15.png\" alt=\"\" width=\"1921\" height=\"501\" srcset=\"https:\/\/www.tereos.com\/app\/uploads\/sites\/7\/2024\/09\/prancheta-15.png 1921w, https:\/\/www.tereos.com\/app\/uploads\/sites\/7\/2024\/09\/prancheta-15-300x78.png 300w, https:\/\/www.tereos.com\/app\/uploads\/sites\/7\/2024\/09\/prancheta-15-1536x401.png 1536w\" sizes=\"(max-width: 1921px) 100vw, 1921px\" \/><\/p>\n<p>Conquistamos resultados expressivos que refor\u00e7am nosso compromisso com o desenvolvimento sustent\u00e1vel, como aumento de 26% no volume de cana certificada, amplia\u00e7\u00e3o da aplica\u00e7\u00e3o de vinha\u00e7a localizada e redu\u00e7\u00e3o de 11,3% na taxa de les\u00f5es relacionadas ao trabalho em compara\u00e7\u00e3o ao per\u00edodo anterior.<\/p>\n"},{"acf_fc_layout":"media","anchor_title":"","type":"slider","video":"","image":false,"caption":"","is_downloadable":false,"items":[{"image":10483,"caption":"","is_downloadable":false},{"image":10484,"caption":"","is_downloadable":false},{"image":10489,"caption":"","is_downloadable":false},{"image":10490,"caption":"","is_downloadable":false},{"image":10491,"caption":"","is_downloadable":false}]},{"acf_fc_layout":"rich_text","anchor_title":"","text":"<p><img loading=\"lazy\" decoding=\"async\" class=\"aligncenter size-full wp-image-10526\" src=\"https:\/\/www.tereos.com\/app\/uploads\/sites\/7\/2024\/09\/tereos-relatorio-de-sustentabilidade-2024-onepage-v1-prancheta-5-copia.png\" alt=\"\" width=\"4000\" height=\"397\" srcset=\"https:\/\/www.tereos.com\/app\/uploads\/sites\/7\/2024\/09\/tereos-relatorio-de-sustentabilidade-2024-onepage-v1-prancheta-5-copia.png 4000w, https:\/\/www.tereos.com\/app\/uploads\/sites\/7\/2024\/09\/tereos-relatorio-de-sustentabilidade-2024-onepage-v1-prancheta-5-copia-300x30.png 300w, https:\/\/www.tereos.com\/app\/uploads\/sites\/7\/2024\/09\/tereos-relatorio-de-sustentabilidade-2024-onepage-v1-prancheta-5-copia-1536x152.png 1536w, https:\/\/www.tereos.com\/app\/uploads\/sites\/7\/2024\/09\/tereos-relatorio-de-sustentabilidade-2024-onepage-v1-prancheta-5-copia-2048x203.png 2048w\" sizes=\"(max-width: 4000px) 100vw, 4000px\" \/><\/p>\n<p>Para que a nossa identidade refletisse os diferenciais da Tereos e com o objetivo de fortalecer a cultura organizacional em todas as opera\u00e7\u00f5es globais, temos um novo prop\u00f3sito:<\/p>\n<p><img loading=\"lazy\" decoding=\"async\" class=\"aligncenter size-full wp-image-10492\" src=\"https:\/\/www.tereos.com\/app\/uploads\/sites\/7\/2024\/09\/prancheta-22.png\" alt=\"\" width=\"1921\" height=\"1081\" srcset=\"https:\/\/www.tereos.com\/app\/uploads\/sites\/7\/2024\/09\/prancheta-22.png 1921w, https:\/\/www.tereos.com\/app\/uploads\/sites\/7\/2024\/09\/prancheta-22-300x169.png 300w, https:\/\/www.tereos.com\/app\/uploads\/sites\/7\/2024\/09\/prancheta-22-1536x864.png 1536w\" sizes=\"(max-width: 1921px) 100vw, 1921px\" \/><\/p>\n<p>E nossos valores tamb\u00e9m foram renovados para que transpare\u00e7am melhor nossa forma de atua\u00e7\u00e3o:<\/p>\n<p><strong>Ousadia:<\/strong> Propor solu\u00e7\u00f5es e tomar a iniciativa para enfrentar os desafios atuais e futuros.<\/p>\n<p><strong>Pragmatismo<\/strong>: Atuar com agilidade, simplicidade, efici\u00eancia e sensatez, focando em a\u00e7\u00f5es concretas.<\/p>\n<p><strong>Colabora\u00e7\u00e3o<\/strong>: Demonstrar esp\u00edrito de equipe, reciprocidade e confian\u00e7a, com aten\u00e7\u00e3o aos desafios compartilhados para encontrar solu\u00e7\u00f5es juntos<\/p>\n<p><strong>Performance:<\/strong> Buscar a excel\u00eancia, agindo com rigor e perseveran\u00e7a para alcan\u00e7ar os compromissos.<\/p>\n"},{"acf_fc_layout":"rich_text","anchor_title":"","text":"<p><img loading=\"lazy\" decoding=\"async\" class=\"aligncenter size-full wp-image-10493\" src=\"https:\/\/www.tereos.com\/app\/uploads\/sites\/7\/2024\/09\/prancheta-23.png\" alt=\"\" width=\"1921\" height=\"571\" srcset=\"https:\/\/www.tereos.com\/app\/uploads\/sites\/7\/2024\/09\/prancheta-23.png 1921w, https:\/\/www.tereos.com\/app\/uploads\/sites\/7\/2024\/09\/prancheta-23-300x89.png 300w, https:\/\/www.tereos.com\/app\/uploads\/sites\/7\/2024\/09\/prancheta-23-1536x457.png 1536w\" sizes=\"(max-width: 1921px) 100vw, 1921px\" \/><\/p>\n<p>Somos a primeira empresa do setor sucroenerg\u00e9tico brasileiro a assinar o mais alto n\u00edvel de compromisso do SBTi (Science Based Targets Initiative): neutralizar a emiss\u00e3o de gases de efeito estufa (GEE) em toda a cadeia de valor, desde os campos at\u00e9 os produtos acabados, at\u00e9 2050.<\/p>\n<p>Para isso, contamos com metas intermedi\u00e1rias at\u00e9 a safra 2032\/2033, com investimento de <strong>800 milh\u00f5es de euros<\/strong> em <strong>78 grandes projetos<\/strong> em <strong>16 unidades industriais<\/strong> da Tereos em todo o mundo.<\/p>\n<p><img loading=\"lazy\" decoding=\"async\" class=\"aligncenter size-full wp-image-10527\" src=\"https:\/\/www.tereos.com\/app\/uploads\/sites\/7\/2024\/09\/tereos-relatorio-de-sustentabilidade-2024-onepage-v1-19.png\" alt=\"\" width=\"4000\" height=\"1750\" srcset=\"https:\/\/www.tereos.com\/app\/uploads\/sites\/7\/2024\/09\/tereos-relatorio-de-sustentabilidade-2024-onepage-v1-19.png 4000w, https:\/\/www.tereos.com\/app\/uploads\/sites\/7\/2024\/09\/tereos-relatorio-de-sustentabilidade-2024-onepage-v1-19-300x131.png 300w, https:\/\/www.tereos.com\/app\/uploads\/sites\/7\/2024\/09\/tereos-relatorio-de-sustentabilidade-2024-onepage-v1-19-1536x672.png 1536w, https:\/\/www.tereos.com\/app\/uploads\/sites\/7\/2024\/09\/tereos-relatorio-de-sustentabilidade-2024-onepage-v1-19-2048x896.png 2048w\" sizes=\"(max-width: 4000px) 100vw, 4000px\" \/><\/p>\n<p>No Brasil, j\u00e1 investimos em iniciativas que refor\u00e7am esse compromisso e nos ajudam a trilhar nossa jornada rumo a um futuro mais sustent\u00e1vel.<\/p>\n<p><strong>Biog\u00e1s e biometano: <\/strong>inauguramos em 2022 nossa primeira planta de biog\u00e1s em Ol\u00edmpia e j\u00e1 realizamos testes para o uso do biometano no abastecimento de caminh\u00f5es canavieiros. A meta \u00e9 que, at\u00e9 2030, <strong>100% desses equipamentos utilizem esse combust\u00edvel em substitui\u00e7\u00e3o ao diesel.<\/strong><\/p>\n<p><strong>Redu\u00e7\u00e3o do consumo de diesel:<\/strong> renovamos a frota de caminh\u00f5es por ve\u00edculos com tecnologia Euro 6, utilizamos diesel aditivado S-10 e otimizamos as opera\u00e7\u00f5es por meio de acompanhamento em tempo real.<\/p>\n<p><strong>Pr\u00e1ticas agr\u00edcolas sustent\u00e1veis:<\/strong> ampliamos o uso de <strong>fertilizantes org\u00e2nicos<\/strong> diminuindo o uso dos minerais nitrogenados, e reduzimos o uso de calc\u00e1rio e gesso.<\/p>\n"},{"acf_fc_layout":"rich_text","anchor_title":"","text":"<p><img loading=\"lazy\" decoding=\"async\" class=\"aligncenter size-full wp-image-10497\" src=\"https:\/\/www.tereos.com\/app\/uploads\/sites\/7\/2024\/09\/prancheta-27.png\" alt=\"\" width=\"1921\" height=\"570\" srcset=\"https:\/\/www.tereos.com\/app\/uploads\/sites\/7\/2024\/09\/prancheta-27.png 1921w, https:\/\/www.tereos.com\/app\/uploads\/sites\/7\/2024\/09\/prancheta-27-300x89.png 300w, https:\/\/www.tereos.com\/app\/uploads\/sites\/7\/2024\/09\/prancheta-27-1536x456.png 1536w\" sizes=\"(max-width: 1921px) 100vw, 1921px\" \/><\/p>\n<p>&#8211; Desenvolvemos o programa <strong>MASTER (Meio Ambiente e Sustentabilidade Tereos)<\/strong> para padronizar processos e garantir tomadas de decis\u00f5es assertivas na gest\u00e3o socioambiental.<\/p>\n<p>&#8211; Ampliamos nossa atua\u00e7\u00e3o no segmento de energia, contribuindo com a diversifica\u00e7\u00e3o da matriz energ\u00e9tica.<\/p>\n<p><img loading=\"lazy\" decoding=\"async\" class=\"aligncenter size-full wp-image-10528\" src=\"https:\/\/www.tereos.com\/app\/uploads\/sites\/7\/2024\/09\/tereos-relatorio-de-sustentabilidade-2024-onepage-v1-22.png\" alt=\"\" width=\"4000\" height=\"1632\" srcset=\"https:\/\/www.tereos.com\/app\/uploads\/sites\/7\/2024\/09\/tereos-relatorio-de-sustentabilidade-2024-onepage-v1-22.png 4000w, https:\/\/www.tereos.com\/app\/uploads\/sites\/7\/2024\/09\/tereos-relatorio-de-sustentabilidade-2024-onepage-v1-22-300x122.png 300w, https:\/\/www.tereos.com\/app\/uploads\/sites\/7\/2024\/09\/tereos-relatorio-de-sustentabilidade-2024-onepage-v1-22-1536x627.png 1536w, https:\/\/www.tereos.com\/app\/uploads\/sites\/7\/2024\/09\/tereos-relatorio-de-sustentabilidade-2024-onepage-v1-22-2048x836.png 2048w\" sizes=\"(max-width: 4000px) 100vw, 4000px\" \/><\/p>\n<p>&#8211; Contamos com iniciativas voltadas \u00e0 <strong>preserva\u00e7\u00e3o da biodiversidade<\/strong>, como a\u00e7\u00f5es de capacita\u00e7\u00e3o para apicultores e conscientiza\u00e7\u00e3o sobre a import\u00e2ncia das abelhas, programas de reflorestamento e recupera\u00e7\u00e3o de nascentes no entorno de nossas unidades.<\/p>\n<p>&#8211; Realizamos, anualmente, campanhas para preven\u00e7\u00e3o e combate a inc\u00eandios. Durante a safra 23\/24, contamos com a\u00e7\u00f5es de conscientiza\u00e7\u00e3o em escolas, popula\u00e7\u00e3o das cidades onde atuamos e motoristas de nossas unidades, impactando mais de <strong>8,5 mil pessoas.<\/strong><\/p>\n"},{"acf_fc_layout":"rich_text","anchor_title":"","text":"<p><img loading=\"lazy\" decoding=\"async\" class=\"aligncenter size-full wp-image-10501\" src=\"https:\/\/www.tereos.com\/app\/uploads\/sites\/7\/2024\/09\/prancheta-30.png\" alt=\"\" width=\"1921\" height=\"571\" srcset=\"https:\/\/www.tereos.com\/app\/uploads\/sites\/7\/2024\/09\/prancheta-30.png 1921w, https:\/\/www.tereos.com\/app\/uploads\/sites\/7\/2024\/09\/prancheta-30-300x89.png 300w, https:\/\/www.tereos.com\/app\/uploads\/sites\/7\/2024\/09\/prancheta-30-1536x457.png 1536w\" sizes=\"(max-width: 1921px) 100vw, 1921px\" \/><\/p>\n<p>As pessoas s\u00e3o parte fundamental de nosso neg\u00f3cio e, por isso, buscamos criar um ambiente acolhedor e saud\u00e1vel para nossos colaboradores.<\/p>\n<p>Na safra 23\/24, avan\u00e7amos em diversas iniciativas nessa frente, como:<\/p>\n<p><img loading=\"lazy\" decoding=\"async\" class=\"aligncenter size-full wp-image-10502\" src=\"https:\/\/www.tereos.com\/app\/uploads\/sites\/7\/2024\/09\/prancheta-31.png\" alt=\"\" width=\"1921\" height=\"1081\" srcset=\"https:\/\/www.tereos.com\/app\/uploads\/sites\/7\/2024\/09\/prancheta-31.png 1921w, https:\/\/www.tereos.com\/app\/uploads\/sites\/7\/2024\/09\/prancheta-31-300x169.png 300w, https:\/\/www.tereos.com\/app\/uploads\/sites\/7\/2024\/09\/prancheta-31-1536x864.png 1536w\" sizes=\"(max-width: 1921px) 100vw, 1921px\" \/><\/p>\n<p>No \u00e2mbito social, investimos em projetos que contribuem de forma positiva para as comunidades, fortalecendo o relacionamento e o compromisso da Tereos com o bem-estar e desenvolvimento local.<\/p>\n<p><img loading=\"lazy\" decoding=\"async\" class=\"aligncenter size-full wp-image-10529\" src=\"https:\/\/www.tereos.com\/app\/uploads\/sites\/7\/2024\/09\/tereos-relatorio-de-sustentabilidade-2024-onepage-v1-23.png\" alt=\"\" width=\"4000\" height=\"1966\" srcset=\"https:\/\/www.tereos.com\/app\/uploads\/sites\/7\/2024\/09\/tereos-relatorio-de-sustentabilidade-2024-onepage-v1-23.png 4000w, https:\/\/www.tereos.com\/app\/uploads\/sites\/7\/2024\/09\/tereos-relatorio-de-sustentabilidade-2024-onepage-v1-23-300x147.png 300w, https:\/\/www.tereos.com\/app\/uploads\/sites\/7\/2024\/09\/tereos-relatorio-de-sustentabilidade-2024-onepage-v1-23-1536x755.png 1536w, https:\/\/www.tereos.com\/app\/uploads\/sites\/7\/2024\/09\/tereos-relatorio-de-sustentabilidade-2024-onepage-v1-23-2048x1007.png 2048w\" sizes=\"(max-width: 4000px) 100vw, 4000px\" \/><\/p>\n"}]}},"yoast_head":"<!-- This site is optimized with the Yoast SEO plugin v23.7 - https:\/\/yoast.com\/wordpress\/plugins\/seo\/ -->\n<title>Relat\u00f3rio de Sustentabilidade 23\/24 - Brasil<\/title>\n<meta name=\"robots\" content=\"index, follow, max-snippet:-1, max-image-preview:large, max-video-preview:-1\" \/>\n<link rel=\"canonical\" href=\"https:\/\/br.tereos.com\/pt-pt\/sustentabilidade\/relatorio-de-sustentabilidade-23-24\/\" \/>\n<meta property=\"og:locale\" content=\"pt_PT\" \/>\n<meta property=\"og:type\" content=\"article\" \/>\n<meta property=\"og:title\" content=\"Relat\u00f3rio de Sustentabilidade 23\/24 - Brasil\" \/>\n<meta property=\"og:url\" content=\"https:\/\/br.tereos.com\/pt-pt\/sustentabilidade\/relatorio-de-sustentabilidade-23-24\/\" \/>\n<meta property=\"og:site_name\" content=\"Brasil\" \/>\n<meta property=\"article:modified_time\" content=\"2024-09-11T14:54:03+00:00\" \/>\n<meta property=\"og:image\" content=\"https:\/\/www.tereos.com\/app\/uploads\/sites\/7\/2024\/09\/prancheta-1-prancheta-1.png\" \/>\n\t<meta property=\"og:image:width\" content=\"1024\" \/>\n\t<meta property=\"og:image:height\" content=\"427\" \/>\n\t<meta property=\"og:image:type\" content=\"image\/png\" \/>\n<meta name=\"twitter:card\" content=\"summary_large_image\" \/>\n<script type=\"application\/ld+json\" class=\"yoast-schema-graph\">{\"@context\":\"https:\/\/schema.org\",\"@graph\":[{\"@type\":\"WebPage\",\"@id\":\"https:\/\/br.tereos.com\/pt-pt\/sustentabilidade\/relatorio-de-sustentabilidade-23-24\/\",\"url\":\"https:\/\/br.tereos.com\/pt-pt\/sustentabilidade\/relatorio-de-sustentabilidade-23-24\/\",\"name\":\"Relat\u00f3rio de Sustentabilidade 23\/24 - Brasil\",\"isPartOf\":{\"@id\":\"https:\/\/br.tereos.com\/pt-pt\/#website\"},\"primaryImageOfPage\":{\"@id\":\"https:\/\/br.tereos.com\/pt-pt\/sustentabilidade\/relatorio-de-sustentabilidade-23-24\/#primaryimage\"},\"image\":{\"@id\":\"https:\/\/br.tereos.com\/pt-pt\/sustentabilidade\/relatorio-de-sustentabilidade-23-24\/#primaryimage\"},\"thumbnailUrl\":\"https:\/\/www.tereos.com\/app\/uploads\/sites\/7\/2024\/09\/prancheta-1-prancheta-1.png\",\"datePublished\":\"2024-08-28T19:18:49+00:00\",\"dateModified\":\"2024-09-11T14:54:03+00:00\",\"breadcrumb\":{\"@id\":\"https:\/\/br.tereos.com\/pt-pt\/sustentabilidade\/relatorio-de-sustentabilidade-23-24\/#breadcrumb\"},\"inLanguage\":\"pt-PT\",\"potentialAction\":[{\"@type\":\"ReadAction\",\"target\":[\"https:\/\/br.tereos.com\/pt-pt\/sustentabilidade\/relatorio-de-sustentabilidade-23-24\/\"]}]},{\"@type\":\"ImageObject\",\"inLanguage\":\"pt-PT\",\"@id\":\"https:\/\/br.tereos.com\/pt-pt\/sustentabilidade\/relatorio-de-sustentabilidade-23-24\/#primaryimage\",\"url\":\"https:\/\/www.tereos.com\/app\/uploads\/sites\/7\/2024\/09\/prancheta-1-prancheta-1.png\",\"contentUrl\":\"https:\/\/www.tereos.com\/app\/uploads\/sites\/7\/2024\/09\/prancheta-1-prancheta-1.png\",\"width\":4000,\"height\":1667},{\"@type\":\"BreadcrumbList\",\"@id\":\"https:\/\/br.tereos.com\/pt-pt\/sustentabilidade\/relatorio-de-sustentabilidade-23-24\/#breadcrumb\",\"itemListElement\":[{\"@type\":\"ListItem\",\"position\":1,\"name\":\"Home\",\"item\":\"https:\/\/br.tereos.com\/pt-pt\/\"},{\"@type\":\"ListItem\",\"position\":2,\"name\":\"Sustentabilidade\",\"item\":\"https:\/\/br.tereos.com\/pt-pt\/sustentabilidade\/\"},{\"@type\":\"ListItem\",\"position\":3,\"name\":\"Relat\u00f3rio de Sustentabilidade 23\/24\"}]},{\"@type\":\"WebSite\",\"@id\":\"https:\/\/br.tereos.com\/pt-pt\/#website\",\"url\":\"https:\/\/br.tereos.com\/pt-pt\/\",\"name\":\"Brasil\",\"description\":\"Un site utilisant WordPress\",\"potentialAction\":[{\"@type\":\"SearchAction\",\"target\":{\"@type\":\"EntryPoint\",\"urlTemplate\":\"https:\/\/br.tereos.com\/pt-pt\/?s={search_term_string}\"},\"query-input\":{\"@type\":\"PropertyValueSpecification\",\"valueRequired\":true,\"valueName\":\"search_term_string\"}}],\"inLanguage\":\"pt-PT\"}]}<\/script>\n<!-- \/ Yoast SEO plugin. -->","yoast_head_json":{"title":"Relat\u00f3rio de Sustentabilidade 23\/24 - Brasil","robots":{"index":"index","follow":"follow","max-snippet":"max-snippet:-1","max-image-preview":"max-image-preview:large","max-video-preview":"max-video-preview:-1"},"canonical":"https:\/\/br.tereos.com\/pt-pt\/sustentabilidade\/relatorio-de-sustentabilidade-23-24\/","og_locale":"pt_PT","og_type":"article","og_title":"Relat\u00f3rio de Sustentabilidade 23\/24 - Brasil","og_url":"https:\/\/br.tereos.com\/pt-pt\/sustentabilidade\/relatorio-de-sustentabilidade-23-24\/","og_site_name":"Brasil","article_modified_time":"2024-09-11T14:54:03+00:00","og_image":[{"url":"https:\/\/www.tereos.com\/app\/uploads\/sites\/7\/2024\/09\/prancheta-1-prancheta-1.png","width":1024,"height":427,"type":"image\/png"}],"twitter_card":"summary_large_image","schema":{"@context":"https:\/\/schema.org","@graph":[{"@type":"WebPage","@id":"https:\/\/br.tereos.com\/pt-pt\/sustentabilidade\/relatorio-de-sustentabilidade-23-24\/","url":"https:\/\/br.tereos.com\/pt-pt\/sustentabilidade\/relatorio-de-sustentabilidade-23-24\/","name":"Relat\u00f3rio de Sustentabilidade 23\/24 - Brasil","isPartOf":{"@id":"https:\/\/br.tereos.com\/pt-pt\/#website"},"primaryImageOfPage":{"@id":"https:\/\/br.tereos.com\/pt-pt\/sustentabilidade\/relatorio-de-sustentabilidade-23-24\/#primaryimage"},"image":{"@id":"https:\/\/br.tereos.com\/pt-pt\/sustentabilidade\/relatorio-de-sustentabilidade-23-24\/#primaryimage"},"thumbnailUrl":"https:\/\/www.tereos.com\/app\/uploads\/sites\/7\/2024\/09\/prancheta-1-prancheta-1.png","datePublished":"2024-08-28T19:18:49+00:00","dateModified":"2024-09-11T14:54:03+00:00","breadcrumb":{"@id":"https:\/\/br.tereos.com\/pt-pt\/sustentabilidade\/relatorio-de-sustentabilidade-23-24\/#breadcrumb"},"inLanguage":"pt-PT","potentialAction":[{"@type":"ReadAction","target":["https:\/\/br.tereos.com\/pt-pt\/sustentabilidade\/relatorio-de-sustentabilidade-23-24\/"]}]},{"@type":"ImageObject","inLanguage":"pt-PT","@id":"https:\/\/br.tereos.com\/pt-pt\/sustentabilidade\/relatorio-de-sustentabilidade-23-24\/#primaryimage","url":"https:\/\/www.tereos.com\/app\/uploads\/sites\/7\/2024\/09\/prancheta-1-prancheta-1.png","contentUrl":"https:\/\/www.tereos.com\/app\/uploads\/sites\/7\/2024\/09\/prancheta-1-prancheta-1.png","width":4000,"height":1667},{"@type":"BreadcrumbList","@id":"https:\/\/br.tereos.com\/pt-pt\/sustentabilidade\/relatorio-de-sustentabilidade-23-24\/#breadcrumb","itemListElement":[{"@type":"ListItem","position":1,"name":"Home","item":"https:\/\/br.tereos.com\/pt-pt\/"},{"@type":"ListItem","position":2,"name":"Sustentabilidade","item":"https:\/\/br.tereos.com\/pt-pt\/sustentabilidade\/"},{"@type":"ListItem","position":3,"name":"Relat\u00f3rio de Sustentabilidade 23\/24"}]},{"@type":"WebSite","@id":"https:\/\/br.tereos.com\/pt-pt\/#website","url":"https:\/\/br.tereos.com\/pt-pt\/","name":"Brasil","description":"Un site utilisant WordPress","potentialAction":[{"@type":"SearchAction","target":{"@type":"EntryPoint","urlTemplate":"https:\/\/br.tereos.com\/pt-pt\/?s={search_term_string}"},"query-input":{"@type":"PropertyValueSpecification","valueRequired":true,"valueName":"search_term_string"}}],"inLanguage":"pt-PT"}]}},"_links":{"self":[{"href":"https:\/\/br.tereos.com\/pt-pt\/wp-json\/wp\/v2\/pages\/10463"}],"collection":[{"href":"https:\/\/br.tereos.com\/pt-pt\/wp-json\/wp\/v2\/pages"}],"about":[{"href":"https:\/\/br.tereos.com\/pt-pt\/wp-json\/wp\/v2\/types\/page"}],"author":[{"embeddable":true,"href":"https:\/\/br.tereos.com\/pt-pt\/wp-json\/wp\/v2\/users\/278"}],"replies":[{"embeddable":true,"href":"https:\/\/br.tereos.com\/pt-pt\/wp-json\/wp\/v2\/comments?post=10463"}],"version-history":[{"count":3,"href":"https:\/\/br.tereos.com\/pt-pt\/wp-json\/wp\/v2\/pages\/10463\/revisions"}],"predecessor-version":[{"id":10621,"href":"https:\/\/br.tereos.com\/pt-pt\/wp-json\/wp\/v2\/pages\/10463\/revisions\/10621"}],"up":[{"embeddable":true,"href":"https:\/\/br.tereos.com\/pt-pt\/wp-json\/wp\/v2\/pages\/9114"}],"wp:featuredmedia":[{"embeddable":true,"href":"https:\/\/br.tereos.com\/pt-pt\/wp-json\/wp\/v2\/media\/10518"}],"wp:attachment":[{"href":"https:\/\/br.tereos.com\/pt-pt\/wp-json\/wp\/v2\/media?parent=10463"}],"curies":[{"name":"wp","href":"https:\/\/api.w.org\/{rel}","templated":true}]}}